{"id":9732,"date":"2021-02-25T10:29:42","date_gmt":"2021-02-25T09:29:42","guid":{"rendered":"https:\/\/loveitaly.org\/v2\/?post_type=project&#038;p=9732"},"modified":"2024-06-28T14:39:38","modified_gmt":"2024-06-28T12:39:38","slug":"la-corsa-dei-barberi","status":"publish","type":"project","link":"https:\/\/loveitaly.org\/it\/project\/la-corsa-dei-barberi\/","title":{"rendered":"La Corsa dei Barberi"},"content":{"rendered":"\n<p class=\"has-text-align-center has-medium-font-size\">La Corsa dei Barberi di Corrado Cagli (1935)<\/p>\n\n\n\n<h3 class=\"has-text-align-center has-medium-font-size wp-block-heading\">All&#8217;Accademia Nazionale di Danza in Roma<\/h3>\n\n\n\n<p>Grazie alla generosa donazione dalla&nbsp;<strong>Ruth Stanton Foundation<\/strong> di New York, inizier\u00e0 presto il lavoro di conservazione del murale &#8220;La Corsa dei Barberi&#8221; di Corrado Cagli che si trova nella sala di danza principale del Accademia Nazionale di Danza di Roma.<\/p>\n\n\n\n<hr class=\"wp-block-separator\"\/>\n\n\n\n<h3 class=\"wp-block-heading\">La Storia<\/h3>\n\n\n\n<div class=\"wp-block-image wp-image-6741\"><figure class=\"alignright size-large is-resized\"><img loading=\"lazy\" decoding=\"async\" src=\"https:\/\/loveitaly.org\/v2\/wp-content\/uploads\/2021\/02\/loveitaly-Corrado-Cagli-photo-764x1024.jpg\" alt=\"\" class=\"wp-image-9727\" width=\"382\" height=\"512\" srcset=\"https:\/\/loveitaly.org\/v2\/wp-content\/uploads\/2021\/02\/loveitaly-Corrado-Cagli-photo-764x1024.jpg 764w, https:\/\/loveitaly.org\/v2\/wp-content\/uploads\/2021\/02\/loveitaly-Corrado-Cagli-photo-224x300.jpg 224w, https:\/\/loveitaly.org\/v2\/wp-content\/uploads\/2021\/02\/loveitaly-Corrado-Cagli-photo-768x1030.jpg 768w, https:\/\/loveitaly.org\/v2\/wp-content\/uploads\/2021\/02\/loveitaly-Corrado-Cagli-photo-1146x1536.jpg 1146w, https:\/\/loveitaly.org\/v2\/wp-content\/uploads\/2021\/02\/loveitaly-Corrado-Cagli-photo-600x804.jpg 600w, https:\/\/loveitaly.org\/v2\/wp-content\/uploads\/2021\/02\/loveitaly-Corrado-Cagli-photo.jpg 1432w\" sizes=\"auto, (max-width: 382px) 100vw, 382px\" \/><figcaption>Corrado Cagli fu un pittore italiano (Ancona 1910 &#8211; Roma 1976) e un artista eccezionale, rappresentante di una nuova arte, nella prima met\u00e0 del XX secolo. Formatosi a Roma, soggiorn\u00f2 a lungo a Parigi e a New York. Partecip\u00f2 attivamente al movimento pittorico moderno, sperimentando tutte le tecniche pittoriche, dapprima nell&#8217;ambito della &#8220;scuola romana&#8221;, poi attraverso sottili ricerche formali di una prospettiva quattrocentesca, scandita in senso quasi metafisico nei valori cromatici e di movimento, fino a giungere a composizioni astratte. Si orient\u00f2 poi verso motivi realistici per tornare quindi a una ricerca di ritmi spaziali e geometrici.<\/figcaption><\/figure><\/div>\n\n\n\n<p>Il Carnevale romano contava su una lunga tradizione di tornei e corse quando nel 1462, con l&#8217;elezione al pontificato di papa Paolo II, venne appositamente realizzata l&#8217;attuale via del Corso, allora via Lata. Di tutte le corse del Carnevale romano, la corsa dei cavalli barberi era l&#8217;evento principale.<\/p>\n\n\n\n<p>I cavalli \u201cscossi\u201d venivano raggruppati proprio sotto l&#8217;obelisco di piazza del Popolo accanto al quale venivano costruite delle tribune dalle quali le persone pi\u00f9 ricche e potenti della citt\u00e0 potevano assistere da vicino alla partenza della gara. Le altre persone affittavano dei posti lungo la via Lata per assistere alla corsa. I balconi che affacciavano sulla via erano gremiti di gente che lanciava fiori e confetti ai forestieri, e adornati con drappi e broccati. <\/p>\n\n\n\n<p>Nei momenti che precedevano la partenza, i cavalli erano tenuti dai barbareschi (gli odierni stallieri) con difficolt\u00e0 perch\u00e9 aizzati e infastiditi da spilli inseriti in palle di pece che venivano attaccate sulla loro groppa. I cavalli venivano lanciati lungo via del Corso verso piazza Venezia, dove un grosso drappo sospeso in aria segnava la fine del percorso. L&#8217;arrivo e la \u201ccattura\u201d dei cavalli scossi, intimoriti e per nulla propensi a fermarsi di fronte ai barbareschi sono ricordati come momenti estremamente spettacolari per quella folla vogliosa di emozioni forti.<\/p>\n\n\n\n<p>Tanti nobili, reali, artisti e viaggiatori accorrevano a Roma per la corsa e ne lasciarono traccia nei loro scritti fino all&#8217;unit\u00e0 d&#8217;Italia quando, nel 1874, Vittorio Emanuele II decise di abolire per sempre questo evento a causa della morte di un giovane, che assisteva alla corsa e fu travolto e ucciso. Questo fatto segn\u00f2 cos\u00ec l&#8217;inizio del declino del Carnevale romano.<\/p>\n\n\n\n<p><strong>Corrado Cagli<\/strong> fu commissionato in 1935 a decorare&nbsp;a tempera all\u2019uovo su marmorino romano per l\u2019edificio di Castel de\u2019 Cesari destinato ai Balilla. Dopo essere stata scialbata nel 1934, l&#8217;opera &#8220;La Corsa dei Barberi&#8221; \u00e8 stata recuperata dopo alterne vicende. Il soggetto, la corsa dei cavalli senza cavaliere in occasione del Carnevale romano, \u00e8 lo stesso che aveva appassionato G\u00e9ricault nel suo soggiorno romano (1816 -\u201917).<\/p>\n\n\n\n<p><strong>LoveItaly<\/strong>&nbsp;\u00e8 stata incaricata dall&#8217;<strong>Accademia Nazionale di Danza<\/strong> e l&#8217;<strong>Istituto Nazionale di Conservazione ed il Restauro<\/strong> per richiedere un finanziamento alla&nbsp;<strong>Ruth Stanton Foundation<\/strong>&nbsp;per il lavoro di conservazione del murale di Corrado Cagli che si trova nella sala principale di danza dell&#8217;Accademia Nazionale di Danza di Roma.<\/p>\n\n\n\n<hr class=\"wp-block-separator\"\/>\n\n\n\n<h3 class=\"wp-block-heading\"><strong><strong>Accademia Nazionale di Danza<\/strong><\/strong><\/h3>\n\n\n\n<div class=\"wp-block-image wp-image-6747\"><figure class=\"alignleft size-large is-resized\"><img loading=\"lazy\" decoding=\"async\" src=\"https:\/\/loveitaly.org\/v2\/wp-content\/uploads\/2021\/02\/loveitaly-Dance-Photo-1024x706.jpg\" alt=\"\" class=\"wp-image-9729\" width=\"460\" height=\"317\" srcset=\"https:\/\/loveitaly.org\/v2\/wp-content\/uploads\/2021\/02\/loveitaly-Dance-Photo-1024x706.jpg 1024w, https:\/\/loveitaly.org\/v2\/wp-content\/uploads\/2021\/02\/loveitaly-Dance-Photo-300x207.jpg 300w, https:\/\/loveitaly.org\/v2\/wp-content\/uploads\/2021\/02\/loveitaly-Dance-Photo-768x530.jpg 768w, https:\/\/loveitaly.org\/v2\/wp-content\/uploads\/2021\/02\/loveitaly-Dance-Photo-1536x1059.jpg 1536w, https:\/\/loveitaly.org\/v2\/wp-content\/uploads\/2021\/02\/loveitaly-Dance-Photo-600x414.jpg 600w, https:\/\/loveitaly.org\/v2\/wp-content\/uploads\/2021\/02\/loveitaly-Dance-Photo.jpg 1920w\" sizes=\"auto, (max-width: 460px) 100vw, 460px\" \/><figcaption>Main Dance Hall at the National Academy of Dance<\/figcaption><\/figure><\/div>\n\n\n\n<p style=\"font-size:18px\">Fondata nel 1940 a Roma grazie a Jia Ruskaja, nome d&#8217;arte di Eugenia Borissenko, inizialmente il suo nome fu &#8220;Regia scuola nazionale di danza&#8221; ed era annessa all&#8217;Accademia nazionale d&#8217;arte drammatica. Nel 1948 acquis\u00ec autonomia amministrativa e nel 1999 l&#8217;Accademia nazionale di danza \u00e8 stata trasformata in Istituto superiore di studi coreutici, unico istituto di livello universitario dedicato esclusivamente alla formazione di ballerini, insegnanti e coreografi.<\/p>\n\n\n\n<p style=\"font-size:15px\"><\/p>\n\n\n\n<p><\/p>\n\n\n\n<p><\/p>\n\n\n\n<p>L\u2019edificio e l\u2019area che ospitano l\u2019Accademia Nazionale di Danza sono di eccezionale valore storico e archeologico. Le fonti cartografiche del Falda (1676) e del Nolli (1748) raffigurano entrambe la struttura asimmetrica di un edificio che si erge su di un pianoro dell\u2019Aventino. <\/p>\n\n\n\n<p><\/p>\n\n\n\n<p>La situazione cambi\u00f2 radicalmente con la politica urbanistica del fascismo il cui piano regolatore, nell\u2019ottobre del 1930, trasformava l\u2019Aventino in un immenso cantiere. Si attuarono i restauri delle basiliche paleocristiane, si isol\u00f2 il Circo Massimo circondandolo con un nuovo assetto viario, si ampliarono viale Aventino e via di Porta San Paolo per migliorare la comunicazione con la via del Mare. Ville e villini si insediarono progressivamente negli orti e nelle vigne.<\/p>\n\n\n\n<p>Denominato a quell\u2019epoca \u201cCastello dei Cesari\u201d, l&#8217;edificio era divenuto un famoso ristorante che poi perdette la sua clientela e, nel 1932, il proprietario don\u00f2 l\u2019antico manufatto ed il terreno circostante a Mussolini, che destin\u00f2 l\u2019edificio ed il terreno all\u2019Opera Nazionale Balilla affinch\u00e9 provvedesse alla ristrutturazione ed alla bonifica integrale dell\u2019ormai fatiscente costruzione.<\/p>\n\n\n\n<p>Venne incaricato dei lavori l\u2019architetto Gaetano Minnucci (Macerata, 1886 \u2013 Roma, 1980) che vantava un curriculum professionale fitto di progetti ed opere in avanzata fase di realizzazione come il dopolavoro alla citt\u00e0 universitaria e le case del Balilla a Torpignattara ed a Montesacro, improntate tutte al linguaggio razionalista di derivazione oudiana. I suoi progetti per la trasformazione del vecchio \u201cCastello dei Cesari\u201d e per la sistemazione del terreno circostante sono datati \u201cRoma, settembre XII\u201d (1934). La Casa della Giovane Italiana fu inaugurata il 3 agosto 1935 alla presenza di Benito Mussolini.<\/p>\n\n\n\n<p>L\u2019intervento, complessivamente, evidenzia le prerogative formali e funzionali del razionalismo architettonico di Minnucci che, tuttavia, non si spinge ad eliminare alcuni elementi strutturali fondamentali del vecchio edificio (la scala esterna, la torretta, l\u2019ossatura muraria del pianterreno, il vialetto di ingresso con il suo portale ed il piazzale antistante), rispettando in tal modo la configurazione del sito. Oltre agli arredi, oggi irrimediabilmente perduti, Minnucci progett\u00f2 anche la grafica e la collocazione della scritta commemorativa del dono mussoliniano, che corre tutt\u2019ora lungo il prospetto che si affaccia sull\u2019ampio piazzale. All\u2019interno dell\u2019edificio, Minnucci realizz\u00f2 un equilibrato rapporto spaziale di pieni e di vuoti che si snodano dal pianterreno al primo piano, attraverso il fulcro visivo dinamico della grande scala. <\/p>\n\n\n\n<p>Tra il 1935 ed il 1936, L\u2019Opera Nazionale Balilla commission\u00f2 al pittore Corrado Cagli l\u2019affresco a tempera \u201cLa Corsa dei Berberi\u201d, opera immune dalla retorica allora dominante nelle arti figurative, che fu realizzato nella grande biblioteca dell\u2019epoca.<\/p>\n\n\n\n<hr class=\"wp-block-separator\"\/>\n\n\n\n<h3 class=\"wp-block-heading\">Istituto Superiore per la Conservazione ed il Restauro<\/h3>\n\n\n\n<div class=\"wp-block-image wp-image-6752\"><figure class=\"alignright is-resized\"><img loading=\"lazy\" decoding=\"async\" src=\"https:\/\/loveitaly.org\/v2\/wp-content\/uploads\/2018\/10\/ISCR-1024x386.png\" alt=\"\" class=\"wp-image-6752\" width=\"512\" height=\"193\"\/><figcaption>Istituto Superiore per la Conservazione ed il Restauro a Roma<\/figcaption><\/figure><\/div>\n\n\n\n<p>Il lavoro di conservazione del murale di Corrado Cagli sar\u00e0 realizzato da l&#8217;Istituto Superiore per la Conservazione ed il Restauro (ISCR), organo tecnico del&nbsp;<strong><em>Ministero per i beni e le attivit\u00e0 culturali<\/em><\/strong>&nbsp;ed afferisce al Segretariato Generale; e specializzato nel campo del restauro e della conservazione delle opere d&#8217;arte e del patrimonio culturale.<\/p>\n\n\n\n<p>Presso I&#8217;ISCR opera la Scuola di Alta Formazione, denominata SAF, di cui all&#8217;articolo 9 del decreto legislativo 20 ottobre 1998, n. 368 e successive modificazioni. Alla SAF compete l&#8217;attivit\u00e0 formativa dei futuri restauratori secondo quanto riportato nel D. Lgs 42 del 22 gennaio 2004 \u201cCodice dei beni culturali e del paesaggio\u201d.<\/p>\n\n\n\n<p>E&#8217; stato fondato nel 1939 su suggerimento di Giulio Carlo Argan e diretto dai suoi inizi fino al 1959 da Cesare Brandi. I compiti attuali sono pressoch\u00e9 identici a quelli identificati fin dalla sua origine. La novit\u00e0 della sua impostazione consiste nell&#8217;unicit\u00e0 di un organismo in cui si svolgono contemporaneamente la ricerca, la formazione e l&#8217;attivit\u00e0 sistematica e continua di restauro e di sperimentazione.  Al suo interno convivono storici dell&#8217;arte, architetti, archeologi, fisici ed esperti nei controlli ambientali, chimici, biologi, restauratori delle diverse tipologie di materiali costitutivi dei manufatti di interesse storico e culturale (dipinti, tessuti, opere d&#8217;arte su carta, metalli, ceramiche, pietre, cuoio, legno ecc.). Fin dai suoi inizi la consapevolezza della interdisciplinariet\u00e0 come fondamento di una corretta e precisa pratica del restauro \u00e8 stato il suo principale sistema di lavoro. <\/p>\n\n\n\n<p>L&#8217;attivit\u00e0 attuale prosegue secondo le indicazioni teoriche e metodologiche tracciate da Cesare Brandi, sviluppandone e approfondendo alcuni spunti: la conservazione preventiva (definita e impostata da Brandi fin dal 1956), l&#8217;aggiornamento tecnologico e scientifico applicato alle opere d&#8217;arte, soprattutto per quello che riguarda le prove non distruttive, la realizzazione di importanti restauri (Assisi prima e dopo il terremoto, il Cenacolo di Leonardo a Milano, la statua bronzea del Marc&#8217;Aurelio, i reperti subacquei, i Guerrieri di Riace, le pitture murali di Tarquinia e Pompei, la Torre di Pisa).<\/p>\n\n\n\n<hr class=\"wp-block-separator\"\/>\n\n\n\n<div class=\"wp-block-image size-large wp-image-6745\"><figure class=\"aligncenter size-large is-resized\"><img loading=\"lazy\" decoding=\"async\" src=\"https:\/\/loveitaly.org\/v2\/wp-content\/uploads\/2021\/02\/loveitaly-CORRADO-CAGLI-1024x625-1-1024x625.jpg\" alt=\"\" class=\"wp-image-9731\" width=\"768\" height=\"469\" srcset=\"https:\/\/loveitaly.org\/v2\/wp-content\/uploads\/2021\/02\/loveitaly-CORRADO-CAGLI-1024x625-1-1024x625.jpg 1024w, https:\/\/loveitaly.org\/v2\/wp-content\/uploads\/2021\/02\/loveitaly-CORRADO-CAGLI-1024x625-1-300x183.jpg 300w, https:\/\/loveitaly.org\/v2\/wp-content\/uploads\/2021\/02\/loveitaly-CORRADO-CAGLI-1024x625-1-768x469.jpg 768w, https:\/\/loveitaly.org\/v2\/wp-content\/uploads\/2021\/02\/loveitaly-CORRADO-CAGLI-1024x625-1-1536x938.jpg 1536w, https:\/\/loveitaly.org\/v2\/wp-content\/uploads\/2021\/02\/loveitaly-CORRADO-CAGLI-1024x625-1-600x366.jpg 600w, https:\/\/loveitaly.org\/v2\/wp-content\/uploads\/2021\/02\/loveitaly-CORRADO-CAGLI-1024x625-1.jpg 1920w\" sizes=\"auto, (max-width: 768px) 100vw, 768px\" \/><figcaption>La pittura murale di La corsa dei barberi, Dimensioni: cm. 350&#215;800, nella sala principale dell&#8217;Accademia Nazionale di Danza di Roma &nbsp;<\/figcaption><\/figure><\/div>\n","protected":false},"featured_media":13229,"template":"","project-category":[523],"class_list":["post-9732","project","type-project","status-publish","has-post-thumbnail","hentry","project-category-partnership-projects-it"],"acf":[],"yoast_head":"<!-- This site is optimized with the Yoast SEO plugin v27.3 - https:\/\/yoast.com\/product\/yoast-seo-wordpress\/ -->\n<title>La Corsa dei Barberi &#187; Love Italy<\/title>\n<meta name=\"robots\" content=\"index, follow, max-snippet:-1, max-image-preview:large, max-video-preview:-1\" \/>\n<link rel=\"canonical\" href=\"https:\/\/loveitaly.org\/it\/project\/la-corsa-dei-barberi\/\" \/>\n<meta property=\"og:locale\" content=\"it_IT\" \/>\n<meta property=\"og:type\" content=\"article\" \/>\n<meta property=\"og:title\" content=\"La Corsa dei Barberi &#187; Love Italy\" \/>\n<meta property=\"og:description\" content=\"La Corsa dei Barberi di Corrado Cagli (1935) All&#8217;Accademia Nazionale di Danza in Roma Grazie alla generosa donazione dalla&nbsp;Ruth Stanton Foundation di New York, inizier\u00e0 presto il lavoro di conservazione del murale &#8220;La Corsa dei Barberi&#8221; di Corrado Cagli che si trova nella sala di danza principale del Accademia Nazionale di Danza di Roma. La\" \/>\n<meta property=\"og:url\" content=\"https:\/\/loveitaly.org\/it\/project\/la-corsa-dei-barberi\/\" \/>\n<meta property=\"og:site_name\" content=\"Love Italy\" \/>\n<meta property=\"article:modified_time\" content=\"2024-06-28T12:39:38+00:00\" \/>\n<meta property=\"og:image\" content=\"https:\/\/loveitaly.org\/v2\/wp-content\/uploads\/2023\/11\/AZI0839-scaled.jpg\" \/>\n\t<meta property=\"og:image:width\" content=\"2560\" \/>\n\t<meta property=\"og:image:height\" content=\"1060\" \/>\n\t<meta property=\"og:image:type\" content=\"image\/jpeg\" \/>\n<meta name=\"twitter:card\" content=\"summary_large_image\" \/>\n<meta name=\"twitter:label1\" content=\"Tempo di lettura stimato\" \/>\n\t<meta name=\"twitter:data1\" content=\"8 minuti\" \/>\n<script type=\"application\/ld+json\" class=\"yoast-schema-graph\">{\"@context\":\"https:\\\/\\\/schema.org\",\"@graph\":[{\"@type\":\"WebPage\",\"@id\":\"https:\\\/\\\/loveitaly.org\\\/it\\\/project\\\/la-corsa-dei-barberi\\\/\",\"url\":\"https:\\\/\\\/loveitaly.org\\\/it\\\/project\\\/la-corsa-dei-barberi\\\/\",\"name\":\"La Corsa dei Barberi &#187; Love Italy\",\"isPartOf\":{\"@id\":\"https:\\\/\\\/loveitaly.org\\\/it\\\/#website\"},\"primaryImageOfPage\":{\"@id\":\"https:\\\/\\\/loveitaly.org\\\/it\\\/project\\\/la-corsa-dei-barberi\\\/#primaryimage\"},\"image\":{\"@id\":\"https:\\\/\\\/loveitaly.org\\\/it\\\/project\\\/la-corsa-dei-barberi\\\/#primaryimage\"},\"thumbnailUrl\":\"https:\\\/\\\/loveitaly.org\\\/v2\\\/wp-content\\\/uploads\\\/2023\\\/11\\\/AZI0839-scaled.jpg\",\"datePublished\":\"2021-02-25T09:29:42+00:00\",\"dateModified\":\"2024-06-28T12:39:38+00:00\",\"breadcrumb\":{\"@id\":\"https:\\\/\\\/loveitaly.org\\\/it\\\/project\\\/la-corsa-dei-barberi\\\/#breadcrumb\"},\"inLanguage\":\"it-IT\",\"potentialAction\":[{\"@type\":\"ReadAction\",\"target\":[\"https:\\\/\\\/loveitaly.org\\\/it\\\/project\\\/la-corsa-dei-barberi\\\/\"]}]},{\"@type\":\"ImageObject\",\"inLanguage\":\"it-IT\",\"@id\":\"https:\\\/\\\/loveitaly.org\\\/it\\\/project\\\/la-corsa-dei-barberi\\\/#primaryimage\",\"url\":\"https:\\\/\\\/loveitaly.org\\\/v2\\\/wp-content\\\/uploads\\\/2023\\\/11\\\/AZI0839-scaled.jpg\",\"contentUrl\":\"https:\\\/\\\/loveitaly.org\\\/v2\\\/wp-content\\\/uploads\\\/2023\\\/11\\\/AZI0839-scaled.jpg\",\"width\":2560,\"height\":1060},{\"@type\":\"BreadcrumbList\",\"@id\":\"https:\\\/\\\/loveitaly.org\\\/it\\\/project\\\/la-corsa-dei-barberi\\\/#breadcrumb\",\"itemListElement\":[{\"@type\":\"ListItem\",\"position\":1,\"name\":\"Home\",\"item\":\"https:\\\/\\\/loveitaly.org\\\/it\\\/\"},{\"@type\":\"ListItem\",\"position\":2,\"name\":\"Projects\",\"item\":\"https:\\\/\\\/loveitaly.org\\\/it\\\/projects\\\/\"},{\"@type\":\"ListItem\",\"position\":3,\"name\":\"La Corsa dei Barberi\"}]},{\"@type\":\"WebSite\",\"@id\":\"https:\\\/\\\/loveitaly.org\\\/it\\\/#website\",\"url\":\"https:\\\/\\\/loveitaly.org\\\/it\\\/\",\"name\":\"Love Italy\",\"description\":\"Spread the love\",\"publisher\":{\"@id\":\"https:\\\/\\\/loveitaly.org\\\/it\\\/#organization\"},\"potentialAction\":[{\"@type\":\"SearchAction\",\"target\":{\"@type\":\"EntryPoint\",\"urlTemplate\":\"https:\\\/\\\/loveitaly.org\\\/it\\\/?s={search_term_string}\"},\"query-input\":{\"@type\":\"PropertyValueSpecification\",\"valueRequired\":true,\"valueName\":\"search_term_string\"}}],\"inLanguage\":\"it-IT\"},{\"@type\":\"Organization\",\"@id\":\"https:\\\/\\\/loveitaly.org\\\/it\\\/#organization\",\"name\":\"LoveItaly\",\"url\":\"https:\\\/\\\/loveitaly.org\\\/it\\\/\",\"logo\":{\"@type\":\"ImageObject\",\"inLanguage\":\"it-IT\",\"@id\":\"https:\\\/\\\/loveitaly.org\\\/it\\\/#\\\/schema\\\/logo\\\/image\\\/\",\"url\":\"https:\\\/\\\/loveitaly.org\\\/v2\\\/wp-content\\\/uploads\\\/2021\\\/02\\\/loveitaly-logo.png\",\"contentUrl\":\"https:\\\/\\\/loveitaly.org\\\/v2\\\/wp-content\\\/uploads\\\/2021\\\/02\\\/loveitaly-logo.png\",\"width\":300,\"height\":91,\"caption\":\"LoveItaly\"},\"image\":{\"@id\":\"https:\\\/\\\/loveitaly.org\\\/it\\\/#\\\/schema\\\/logo\\\/image\\\/\"}}]}<\/script>\n<!-- \/ Yoast SEO plugin. -->","yoast_head_json":{"title":"La Corsa dei Barberi &#187; Love Italy","robots":{"index":"index","follow":"follow","max-snippet":"max-snippet:-1","max-image-preview":"max-image-preview:large","max-video-preview":"max-video-preview:-1"},"canonical":"https:\/\/loveitaly.org\/it\/project\/la-corsa-dei-barberi\/","og_locale":"it_IT","og_type":"article","og_title":"La Corsa dei Barberi &#187; Love Italy","og_description":"La Corsa dei Barberi di Corrado Cagli (1935) All&#8217;Accademia Nazionale di Danza in Roma Grazie alla generosa donazione dalla&nbsp;Ruth Stanton Foundation di New York, inizier\u00e0 presto il lavoro di conservazione del murale &#8220;La Corsa dei Barberi&#8221; di Corrado Cagli che si trova nella sala di danza principale del Accademia Nazionale di Danza di Roma. La","og_url":"https:\/\/loveitaly.org\/it\/project\/la-corsa-dei-barberi\/","og_site_name":"Love Italy","article_modified_time":"2024-06-28T12:39:38+00:00","og_image":[{"width":2560,"height":1060,"url":"https:\/\/loveitaly.org\/v2\/wp-content\/uploads\/2023\/11\/AZI0839-scaled.jpg","type":"image\/jpeg"}],"twitter_card":"summary_large_image","twitter_misc":{"Tempo di lettura stimato":"8 minuti"},"schema":{"@context":"https:\/\/schema.org","@graph":[{"@type":"WebPage","@id":"https:\/\/loveitaly.org\/it\/project\/la-corsa-dei-barberi\/","url":"https:\/\/loveitaly.org\/it\/project\/la-corsa-dei-barberi\/","name":"La Corsa dei Barberi &#187; Love Italy","isPartOf":{"@id":"https:\/\/loveitaly.org\/it\/#website"},"primaryImageOfPage":{"@id":"https:\/\/loveitaly.org\/it\/project\/la-corsa-dei-barberi\/#primaryimage"},"image":{"@id":"https:\/\/loveitaly.org\/it\/project\/la-corsa-dei-barberi\/#primaryimage"},"thumbnailUrl":"https:\/\/loveitaly.org\/v2\/wp-content\/uploads\/2023\/11\/AZI0839-scaled.jpg","datePublished":"2021-02-25T09:29:42+00:00","dateModified":"2024-06-28T12:39:38+00:00","breadcrumb":{"@id":"https:\/\/loveitaly.org\/it\/project\/la-corsa-dei-barberi\/#breadcrumb"},"inLanguage":"it-IT","potentialAction":[{"@type":"ReadAction","target":["https:\/\/loveitaly.org\/it\/project\/la-corsa-dei-barberi\/"]}]},{"@type":"ImageObject","inLanguage":"it-IT","@id":"https:\/\/loveitaly.org\/it\/project\/la-corsa-dei-barberi\/#primaryimage","url":"https:\/\/loveitaly.org\/v2\/wp-content\/uploads\/2023\/11\/AZI0839-scaled.jpg","contentUrl":"https:\/\/loveitaly.org\/v2\/wp-content\/uploads\/2023\/11\/AZI0839-scaled.jpg","width":2560,"height":1060},{"@type":"BreadcrumbList","@id":"https:\/\/loveitaly.org\/it\/project\/la-corsa-dei-barberi\/#breadcrumb","itemListElement":[{"@type":"ListItem","position":1,"name":"Home","item":"https:\/\/loveitaly.org\/it\/"},{"@type":"ListItem","position":2,"name":"Projects","item":"https:\/\/loveitaly.org\/it\/projects\/"},{"@type":"ListItem","position":3,"name":"La Corsa dei Barberi"}]},{"@type":"WebSite","@id":"https:\/\/loveitaly.org\/it\/#website","url":"https:\/\/loveitaly.org\/it\/","name":"Love Italy","description":"Spread the love","publisher":{"@id":"https:\/\/loveitaly.org\/it\/#organization"},"potentialAction":[{"@type":"SearchAction","target":{"@type":"EntryPoint","urlTemplate":"https:\/\/loveitaly.org\/it\/?s={search_term_string}"},"query-input":{"@type":"PropertyValueSpecification","valueRequired":true,"valueName":"search_term_string"}}],"inLanguage":"it-IT"},{"@type":"Organization","@id":"https:\/\/loveitaly.org\/it\/#organization","name":"LoveItaly","url":"https:\/\/loveitaly.org\/it\/","logo":{"@type":"ImageObject","inLanguage":"it-IT","@id":"https:\/\/loveitaly.org\/it\/#\/schema\/logo\/image\/","url":"https:\/\/loveitaly.org\/v2\/wp-content\/uploads\/2021\/02\/loveitaly-logo.png","contentUrl":"https:\/\/loveitaly.org\/v2\/wp-content\/uploads\/2021\/02\/loveitaly-logo.png","width":300,"height":91,"caption":"LoveItaly"},"image":{"@id":"https:\/\/loveitaly.org\/it\/#\/schema\/logo\/image\/"}}]}},"_links":{"self":[{"href":"https:\/\/loveitaly.org\/it\/wp-json\/wp\/v2\/project\/9732","targetHints":{"allow":["GET"]}}],"collection":[{"href":"https:\/\/loveitaly.org\/it\/wp-json\/wp\/v2\/project"}],"about":[{"href":"https:\/\/loveitaly.org\/it\/wp-json\/wp\/v2\/types\/project"}],"wp:featuredmedia":[{"embeddable":true,"href":"https:\/\/loveitaly.org\/it\/wp-json\/wp\/v2\/media\/13229"}],"wp:attachment":[{"href":"https:\/\/loveitaly.org\/it\/wp-json\/wp\/v2\/media?parent=9732"}],"wp:term":[{"taxonomy":"project-category","embeddable":true,"href":"https:\/\/loveitaly.org\/it\/wp-json\/wp\/v2\/project-category?post=9732"}],"curies":[{"name":"wp","href":"https:\/\/api.w.org\/{rel}","templated":true}]}}