{"id":9504,"date":"2021-02-16T15:42:46","date_gmt":"2021-02-16T14:42:46","guid":{"rendered":"https:\/\/loveitaly.org\/v2\/?page_id=9504"},"modified":"2026-03-11T13:57:49","modified_gmt":"2026-03-11T12:57:49","slug":"iuvart","status":"publish","type":"page","link":"https:\/\/loveitaly.org\/it\/chi-siamo\/iuvart\/","title":{"rendered":"Iuvart"},"content":{"rendered":"<div id=\"pl-gb9504-69f1cc2997cde\"  class=\"panel-layout wp-block-siteorigin-panels-layout-block\" ><div id=\"pg-gb9504-69f1cc2997cde-0\"  class=\"panel-grid panel-no-style\" ><div id=\"pgc-gb9504-69f1cc2997cde-0-0\"  class=\"panel-grid-cell\" ><div id=\"panel-gb9504-69f1cc2997cde-0-0-0\" class=\"so-panel widget widget_sow-editor panel-first-child panel-last-child\" data-index=\"0\" ><div\n\t\t\t\n\t\t\tclass=\"so-widget-sow-editor so-widget-sow-editor-base\"\n\t\t\t\n\t\t>\n<div class=\"siteorigin-widget-tinymce textwidget\">\n\t<p><img loading=\"lazy\" decoding=\"async\" class=\"aligncenter wp-image-15779 size-full\" src=\"https:\/\/loveitaly.org\/v2\/wp-content\/uploads\/2025\/09\/vieni-a-scoprire-scaled.png\" alt=\"\" width=\"2560\" height=\"1184\" srcset=\"https:\/\/loveitaly.org\/v2\/wp-content\/uploads\/2025\/09\/vieni-a-scoprire-scaled.png 2560w, https:\/\/loveitaly.org\/v2\/wp-content\/uploads\/2025\/09\/vieni-a-scoprire-scaled-300x139.png 300w, https:\/\/loveitaly.org\/v2\/wp-content\/uploads\/2025\/09\/vieni-a-scoprire-scaled-1024x474.png 1024w, https:\/\/loveitaly.org\/v2\/wp-content\/uploads\/2025\/09\/vieni-a-scoprire-scaled-768x355.png 768w, https:\/\/loveitaly.org\/v2\/wp-content\/uploads\/2025\/09\/vieni-a-scoprire-scaled-1536x710.png 1536w, https:\/\/loveitaly.org\/v2\/wp-content\/uploads\/2025\/09\/vieni-a-scoprire-scaled-2048x947.png 2048w, https:\/\/loveitaly.org\/v2\/wp-content\/uploads\/2025\/09\/vieni-a-scoprire-scaled-600x278.png 600w\" sizes=\"auto, (max-width: 2560px) 100vw, 2560px\" \/><\/p>\n<\/div>\n<\/div><\/div><\/div><\/div><div id=\"pg-gb9504-69f1cc2997cde-1\"  class=\"panel-grid panel-no-style\" ><div id=\"pgc-gb9504-69f1cc2997cde-1-0\"  class=\"panel-grid-cell\" ><div id=\"panel-gb9504-69f1cc2997cde-1-0-0\" class=\"so-panel widget widget_sow-editor panel-first-child panel-last-child\" data-index=\"1\" ><div\n\t\t\t\n\t\t\tclass=\"so-widget-sow-editor so-widget-sow-editor-base\"\n\t\t\t\n\t\t>\n<div class=\"siteorigin-widget-tinymce textwidget\">\n\t<h2><strong><span style=\"color: #993300;\">I NOSTRI PROGETTI &#8211;<\/span><\/strong><\/h2>\n<\/div>\n<\/div><\/div><\/div><\/div><div id=\"pg-gb9504-69f1cc2997cde-2\"  class=\"panel-grid panel-no-style\" ><div id=\"pgc-gb9504-69f1cc2997cde-2-0\"  class=\"panel-grid-cell\" ><div id=\"panel-gb9504-69f1cc2997cde-2-0-0\" class=\"so-panel widget widget_sow-editor panel-first-child panel-last-child\" data-index=\"2\" ><div\n\t\t\t\n\t\t\tclass=\"so-widget-sow-editor so-widget-sow-editor-base\"\n\t\t\t\n\t\t>\n<div class=\"siteorigin-widget-tinymce textwidget\">\n\t<p><a href=\"http:\/\/loveitaly.org\/it\/project\/the-eternal-duality-la-dove-scorre-lacqua-tra-storia-e-rinascita-di-keita-miyazaki\/\"><img loading=\"lazy\" decoding=\"async\" class=\"aligncenter wp-image-16370 size-full\" src=\"https:\/\/loveitaly.org\/v2\/wp-content\/uploads\/2025\/12\/Keita-Miyazaki-Cover-Photo.png\" alt=\"\" width=\"1447\" height=\"1503\" srcset=\"https:\/\/loveitaly.org\/v2\/wp-content\/uploads\/2025\/12\/Keita-Miyazaki-Cover-Photo.png 1447w, https:\/\/loveitaly.org\/v2\/wp-content\/uploads\/2025\/12\/Keita-Miyazaki-Cover-Photo-289x300.png 289w, https:\/\/loveitaly.org\/v2\/wp-content\/uploads\/2025\/12\/Keita-Miyazaki-Cover-Photo-986x1024.png 986w, https:\/\/loveitaly.org\/v2\/wp-content\/uploads\/2025\/12\/Keita-Miyazaki-Cover-Photo-768x798.png 768w, https:\/\/loveitaly.org\/v2\/wp-content\/uploads\/2025\/12\/Keita-Miyazaki-Cover-Photo-600x623.png 600w\" sizes=\"auto, (max-width: 1447px) 100vw, 1447px\" \/><\/a><\/p>\n<\/div>\n<\/div><\/div><\/div><div id=\"pgc-gb9504-69f1cc2997cde-2-1\"  class=\"panel-grid-cell\" ><div id=\"panel-gb9504-69f1cc2997cde-2-1-0\" class=\"so-panel widget widget_sow-editor panel-first-child panel-last-child\" data-index=\"3\" ><div\n\t\t\t\n\t\t\tclass=\"so-widget-sow-editor so-widget-sow-editor-base\"\n\t\t\t\n\t\t>\n<div class=\"siteorigin-widget-tinymce textwidget\">\n\t<p><a href=\"https:\/\/loveitaly.org\/it\/project\/cosa-e-arte\/\" target=\"_blank\" rel=\"noopener\"><img loading=\"lazy\" decoding=\"async\" class=\"alignnone wp-image-15513 size-full\" src=\"https:\/\/loveitaly.org\/v2\/wp-content\/uploads\/2025\/05\/COSA-e-Arte_Card-image.jpg\" alt=\"\" width=\"1080\" height=\"1080\" srcset=\"https:\/\/loveitaly.org\/v2\/wp-content\/uploads\/2025\/05\/COSA-e-Arte_Card-image.jpg 1080w, https:\/\/loveitaly.org\/v2\/wp-content\/uploads\/2025\/05\/COSA-e-Arte_Card-image-300x300.jpg 300w, https:\/\/loveitaly.org\/v2\/wp-content\/uploads\/2025\/05\/COSA-e-Arte_Card-image-1024x1024.jpg 1024w, https:\/\/loveitaly.org\/v2\/wp-content\/uploads\/2025\/05\/COSA-e-Arte_Card-image-150x150.jpg 150w, https:\/\/loveitaly.org\/v2\/wp-content\/uploads\/2025\/05\/COSA-e-Arte_Card-image-768x768.jpg 768w, https:\/\/loveitaly.org\/v2\/wp-content\/uploads\/2025\/05\/COSA-e-Arte_Card-image-480x480.jpg 480w, https:\/\/loveitaly.org\/v2\/wp-content\/uploads\/2025\/05\/COSA-e-Arte_Card-image-450x450.jpg 450w, https:\/\/loveitaly.org\/v2\/wp-content\/uploads\/2025\/05\/COSA-e-Arte_Card-image-600x600.jpg 600w, https:\/\/loveitaly.org\/v2\/wp-content\/uploads\/2025\/05\/COSA-e-Arte_Card-image-100x100.jpg 100w\" sizes=\"auto, (max-width: 1080px) 100vw, 1080px\" \/><\/a><\/p>\n<\/div>\n<\/div><\/div><\/div><div id=\"pgc-gb9504-69f1cc2997cde-2-2\"  class=\"panel-grid-cell\" ><div id=\"panel-gb9504-69f1cc2997cde-2-2-0\" class=\"so-panel widget widget_sow-editor panel-first-child panel-last-child\" data-index=\"4\" ><div\n\t\t\t\n\t\t\tclass=\"so-widget-sow-editor so-widget-sow-editor-base\"\n\t\t\t\n\t\t>\n<div class=\"siteorigin-widget-tinymce textwidget\">\n\t<p><a href=\"https:\/\/loveitaly.org\/v2\/wp-admin\/post.php?post=9768&amp;action=edit&amp;lang=it\"><img loading=\"lazy\" decoding=\"async\" class=\"alignnone wp-image-16368 size-full\" src=\"https:\/\/loveitaly.org\/v2\/wp-content\/uploads\/2025\/12\/LoveItaly-Challenge-Cover-Photo.png\" alt=\"\" width=\"1376\" height=\"1435\" srcset=\"https:\/\/loveitaly.org\/v2\/wp-content\/uploads\/2025\/12\/LoveItaly-Challenge-Cover-Photo.png 1376w, https:\/\/loveitaly.org\/v2\/wp-content\/uploads\/2025\/12\/LoveItaly-Challenge-Cover-Photo-288x300.png 288w, https:\/\/loveitaly.org\/v2\/wp-content\/uploads\/2025\/12\/LoveItaly-Challenge-Cover-Photo-982x1024.png 982w, https:\/\/loveitaly.org\/v2\/wp-content\/uploads\/2025\/12\/LoveItaly-Challenge-Cover-Photo-768x801.png 768w, https:\/\/loveitaly.org\/v2\/wp-content\/uploads\/2025\/12\/LoveItaly-Challenge-Cover-Photo-600x626.png 600w\" sizes=\"auto, (max-width: 1376px) 100vw, 1376px\" \/><\/a><\/p>\n<\/div>\n<\/div><\/div><\/div><\/div><div id=\"pg-gb9504-69f1cc2997cde-3\"  class=\"panel-grid panel-no-style\" ><div id=\"pgc-gb9504-69f1cc2997cde-3-0\"  class=\"panel-grid-cell\" ><div id=\"panel-gb9504-69f1cc2997cde-3-0-0\" class=\"so-panel widget widget_sow-editor panel-first-child panel-last-child\" data-index=\"5\" ><div\n\t\t\t\n\t\t\tclass=\"so-widget-sow-editor so-widget-sow-editor-base\"\n\t\t\t\n\t\t>\n<div class=\"siteorigin-widget-tinymce textwidget\">\n\t<p><img loading=\"lazy\" decoding=\"async\" class=\"wp-image-16365 size-full aligncenter\" src=\"https:\/\/loveitaly.org\/v2\/wp-content\/uploads\/2025\/12\/ITA-Amended-Partners-Section-scaled.png\" alt=\"\" width=\"2560\" height=\"1102\" srcset=\"https:\/\/loveitaly.org\/v2\/wp-content\/uploads\/2025\/12\/ITA-Amended-Partners-Section-scaled.png 2560w, https:\/\/loveitaly.org\/v2\/wp-content\/uploads\/2025\/12\/ITA-Amended-Partners-Section-scaled-300x129.png 300w, https:\/\/loveitaly.org\/v2\/wp-content\/uploads\/2025\/12\/ITA-Amended-Partners-Section-scaled-1024x441.png 1024w, https:\/\/loveitaly.org\/v2\/wp-content\/uploads\/2025\/12\/ITA-Amended-Partners-Section-scaled-768x331.png 768w, https:\/\/loveitaly.org\/v2\/wp-content\/uploads\/2025\/12\/ITA-Amended-Partners-Section-scaled-1536x661.png 1536w, https:\/\/loveitaly.org\/v2\/wp-content\/uploads\/2025\/12\/ITA-Amended-Partners-Section-scaled-2048x882.png 2048w, https:\/\/loveitaly.org\/v2\/wp-content\/uploads\/2025\/12\/ITA-Amended-Partners-Section-scaled-600x258.png 600w\" sizes=\"auto, (max-width: 2560px) 100vw, 2560px\" \/><img loading=\"lazy\" decoding=\"async\" class=\"size-full wp-image-16013 aligncenter\" src=\"https:\/\/loveitaly.org\/v2\/wp-content\/uploads\/2025\/11\/Photo-4-Italian-scaled.png\" alt=\"\" width=\"2560\" height=\"1060\" srcset=\"https:\/\/loveitaly.org\/v2\/wp-content\/uploads\/2025\/11\/Photo-4-Italian-scaled.png 2560w, https:\/\/loveitaly.org\/v2\/wp-content\/uploads\/2025\/11\/Photo-4-Italian-scaled-300x124.png 300w, https:\/\/loveitaly.org\/v2\/wp-content\/uploads\/2025\/11\/Photo-4-Italian-scaled-1024x424.png 1024w, https:\/\/loveitaly.org\/v2\/wp-content\/uploads\/2025\/11\/Photo-4-Italian-scaled-768x318.png 768w, https:\/\/loveitaly.org\/v2\/wp-content\/uploads\/2025\/11\/Photo-4-Italian-scaled-1536x636.png 1536w, https:\/\/loveitaly.org\/v2\/wp-content\/uploads\/2025\/11\/Photo-4-Italian-scaled-2048x848.png 2048w, https:\/\/loveitaly.org\/v2\/wp-content\/uploads\/2025\/11\/Photo-4-Italian-scaled-600x248.png 600w\" sizes=\"auto, (max-width: 2560px) 100vw, 2560px\" \/><\/p>\n<\/div>\n<\/div><\/div><\/div><\/div><div id=\"pg-gb9504-69f1cc2997cde-4\"  class=\"panel-grid panel-no-style\" ><div id=\"pgc-gb9504-69f1cc2997cde-4-0\"  class=\"panel-grid-cell\" ><div id=\"panel-gb9504-69f1cc2997cde-4-0-0\" class=\"so-panel widget widget_sow-editor panel-first-child panel-last-child\" data-index=\"6\" ><div\n\t\t\t\n\t\t\tclass=\"so-widget-sow-editor so-widget-sow-editor-base\"\n\t\t\t\n\t\t>\n<div class=\"siteorigin-widget-tinymce textwidget\">\n\t<h2 style=\"padding-left: 40px;\"><span style=\"color: #800000;\"><strong>IL NOSTRO TEAM<\/strong> &#8211;<\/span><\/h2>\n<p style=\"text-align: left; padding-left: 40px;\">Noi di IUVART siamo un team di giovani volontari tra i 18 e i 35 anni che condividono una comune <span style=\"color: #800000;\"><strong>passione per l&#8217;arte e la cultura<\/strong><\/span>.\u00a0 Un team eterogeneo proveniente da ogni angolo del mondo, dimostriamo il nostro impegno creando nuove opportunit\u00e0 per le giovani generazioni, considerando la <span style=\"color: #800000;\"><strong>diversit\u00e0<\/strong><\/span> e il <span style=\"color: #800000;\"><strong>teamwork<\/strong><\/span> come i nostri principali punti di forza.<\/p>\n<\/div>\n<\/div><\/div><\/div><\/div><div id=\"pg-gb9504-69f1cc2997cde-5\"  class=\"panel-grid panel-no-style\" ><div id=\"pgc-gb9504-69f1cc2997cde-5-0\"  class=\"panel-grid-cell\" ><div id=\"panel-gb9504-69f1cc2997cde-5-0-0\" class=\"so-panel widget widget_siteorigin-panels-builder panel-first-child panel-last-child\" data-index=\"7\" ><div class=\"team-box no-panel-margin panel-widget-style panel-widget-style-for-gb9504-69f1cc2997cde-5-0-0\" ><div id=\"pl-w691769837ccd7\"  class=\"panel-layout wp-block-siteorigin-panels-layout-block\" ><div id=\"pg-w691769837ccd7-0\"  class=\"panel-grid panel-no-style\" ><div id=\"pgc-w691769837ccd7-0-0\"  class=\"panel-grid-cell\" ><div id=\"panel-w691769837ccd7-0-0-0\" class=\"so-panel widget widget_sow-editor panel-first-child\" data-index=\"0\" ><div\n\t\t\t\n\t\t\tclass=\"so-widget-sow-editor so-widget-sow-editor-base\"\n\t\t\t\n\t\t>\n<div class=\"siteorigin-widget-tinymce textwidget\">\n\t<h3 style=\"text-align: center;\">Francesca Grassi<\/h3>\n<p style=\"text-align: center;\">RESPONSABILE IUVART<br \/>\nMEMBRO DEL CONSIGLIO, LOVEITALY<\/p>\n<\/div>\n<\/div><\/div><div id=\"panel-w691769837ccd7-0-0-1\" class=\"so-panel widget widget_sow-image\" data-index=\"1\" ><div class=\"popup-trigger panel-widget-style panel-widget-style-for-w691769837ccd7-0-0-1\" ><div\n\t\t\t\n\t\t\tclass=\"so-widget-sow-image so-widget-sow-image-default-8b5b6f678277\"\n\t\t\t\n\t\t>\n<div class=\"sow-image-container\">\n\t\t<img \n\tsrc=\"https:\/\/loveitaly.org\/v2\/wp-content\/uploads\/2022\/03\/Francesca-Grassi2-1-scaled-480x480.jpg\" width=\"480\" height=\"480\" srcset=\"https:\/\/loveitaly.org\/v2\/wp-content\/uploads\/2022\/03\/Francesca-Grassi2-1-scaled-480x480.jpg 480w, https:\/\/loveitaly.org\/v2\/wp-content\/uploads\/2022\/03\/Francesca-Grassi2-1-scaled-150x150.jpg 150w, https:\/\/loveitaly.org\/v2\/wp-content\/uploads\/2022\/03\/Francesca-Grassi2-1-scaled-450x450.jpg 450w, https:\/\/loveitaly.org\/v2\/wp-content\/uploads\/2022\/03\/Francesca-Grassi2-1-scaled-100x100.jpg 100w\" sizes=\"(max-width: 480px) 100vw, 480px\" title=\"Francesca Grassi2\" alt=\"\" \t\tclass=\"so-widget-image\"\/>\n\t<\/div>\n\n<\/div><\/div><\/div><div id=\"panel-w691769837ccd7-0-0-2\" class=\"so-panel widget widget_sow-editor panel-last-child\" data-index=\"2\" ><div class=\"popup panel-widget-style panel-widget-style-for-w691769837ccd7-0-0-2\" ><div\n\t\t\t\n\t\t\tclass=\"so-widget-sow-editor so-widget-sow-editor-base\"\n\t\t\t\n\t\t>\n<div class=\"siteorigin-widget-tinymce textwidget\">\n\t<h2><span style=\"color: #800000;\">Francesca Grassi<\/span><\/h2>\n<p><span style=\"color: #800000;\">Roma, Italia<\/span><\/p>\n<p>Francesca, laureata in Ingegneria Gestionale, \u00e8 Manager in Technology Consulting presso EY Advisory SpA dal 2017. Ha una vasta esperienza nella <em>governance<\/em> di progetti di trasformazione digitale e nell&#8217;analisi dei processi aziendali, principalmente nel settore dei pagamenti e dei servizi finanziari.<\/p>\n<p>Come membro del Consiglio di Amministrazione di LoveItaly, \u00e8 responsabile del coordinamento del team IUVART per la definizione e lo sviluppo delle iniziative.<\/p>\n<p>\u201c<strong><em>Sono entusiasta di far parte di IUVART, in cui le differenze dei membri si integrano e ci arricchiscono tutti, creando valore aggiunto nelle iniziative che realizziamo insieme<\/em><\/strong>.\u201d<\/p>\n<p>&nbsp;<\/p>\n<\/div>\n<\/div><\/div><\/div><\/div><\/div><\/div><\/div><\/div><\/div><div id=\"pgc-gb9504-69f1cc2997cde-5-1\"  class=\"panel-grid-cell\" ><div id=\"panel-gb9504-69f1cc2997cde-5-1-0\" class=\"so-panel widget widget_siteorigin-panels-builder panel-first-child panel-last-child\" data-index=\"8\" ><div class=\"team-box no-panel-margin panel-widget-style panel-widget-style-for-gb9504-69f1cc2997cde-5-1-0\" ><div id=\"pl-w6850433cc6eaf\"  class=\"panel-layout wp-block-siteorigin-panels-layout-block\" ><div id=\"pg-w6850433cc6eaf-0\"  class=\"panel-grid panel-no-style\" ><div id=\"pgc-w6850433cc6eaf-0-0\"  class=\"panel-grid-cell\" ><div id=\"panel-w6850433cc6eaf-0-0-0\" class=\"so-panel widget widget_sow-editor panel-first-child\" data-index=\"0\" ><div\n\t\t\t\n\t\t\tclass=\"so-widget-sow-editor so-widget-sow-editor-base\"\n\t\t\t\n\t\t>\n<div class=\"siteorigin-widget-tinymce textwidget\">\n\t<h3 style=\"text-align: center;\">Cristina Bianco Chinto<\/h3>\n<p style=\"text-align: center;\">RESPONSABILE<br \/>\nPUBBLICHE RELAZIONI ED ESTERNI<\/p>\n<\/div>\n<\/div><\/div><div id=\"panel-w6850433cc6eaf-0-0-1\" class=\"so-panel widget widget_sow-image\" data-index=\"1\" ><div class=\"popup-trigger panel-widget-style panel-widget-style-for-w6850433cc6eaf-0-0-1\" ><div\n\t\t\t\n\t\t\tclass=\"so-widget-sow-image so-widget-sow-image-default-8b5b6f678277\"\n\t\t\t\n\t\t>\n<div class=\"sow-image-container\">\n\t\t<img \n\tsrc=\"https:\/\/loveitaly.org\/v2\/wp-content\/uploads\/2022\/03\/Foto-CBC-1-480x480.jpg\" width=\"480\" height=\"480\" srcset=\"https:\/\/loveitaly.org\/v2\/wp-content\/uploads\/2022\/03\/Foto-CBC-1-480x480.jpg 480w, https:\/\/loveitaly.org\/v2\/wp-content\/uploads\/2022\/03\/Foto-CBC-1-150x150.jpg 150w, https:\/\/loveitaly.org\/v2\/wp-content\/uploads\/2022\/03\/Foto-CBC-1-450x450.jpg 450w, https:\/\/loveitaly.org\/v2\/wp-content\/uploads\/2022\/03\/Foto-CBC-1-100x100.jpg 100w\" sizes=\"(max-width: 480px) 100vw, 480px\" title=\"Foto CBC\" alt=\"iuvart\" \t\tclass=\"so-widget-image\"\/>\n\t<\/div>\n\n<\/div><\/div><\/div><div id=\"panel-w6850433cc6eaf-0-0-2\" class=\"so-panel widget widget_sow-editor panel-last-child\" data-index=\"2\" ><div class=\"popup panel-widget-style panel-widget-style-for-w6850433cc6eaf-0-0-2\" ><div\n\t\t\t\n\t\t\tclass=\"so-widget-sow-editor so-widget-sow-editor-base\"\n\t\t\t\n\t\t>\n<div class=\"siteorigin-widget-tinymce textwidget\">\n\t<h2><span style=\"color: #800000;\">Cristina Bianco Chinto<\/span><\/h2>\n<p><span style=\"color: #800000;\">Roma, Italia<\/span><\/p>\n<p>Cristina \u00e8 laureata in Lingue e Culture dell&#8217;Asia e dell&#8217;Africa presso l&#8217;Universit\u00e0 di Torino e in Scienze Politiche e di Governo presso la Luiss Guido Carli. Si \u00e8 occupata di iconoclastia, distruzione del patrimonio artistico e culturale nei Paesi arabi e politiche culturali della XVII Legislatura in Italia.<\/p>\n<p>Cristina ha partecipato al Laboratorio d&#8217;Arte Luiss, dove ha organizzato mostre e redatto i relativi cataloghi per l&#8217;Universit\u00e0. \u00c8 appassionata di arte, musica e teatro sociale. Attualmente si occupa di monitoraggio regionale e relazioni istituzionali.<\/p>\n<p>\u201c<strong><em>Lavoriamo con impegno e passione per dare opportunit\u00e0 ad altri giovani artisti.<\/em><\/strong>\u201d<\/p>\n<\/div>\n<\/div><\/div><\/div><\/div><\/div><\/div><\/div><\/div><\/div><div id=\"pgc-gb9504-69f1cc2997cde-5-2\"  class=\"panel-grid-cell\" ><div id=\"panel-gb9504-69f1cc2997cde-5-2-0\" class=\"so-panel widget widget_siteorigin-panels-builder panel-first-child panel-last-child\" data-index=\"9\" ><div class=\"team-box no-panel-margin panel-widget-style panel-widget-style-for-gb9504-69f1cc2997cde-5-2-0\" ><div id=\"pl-w6850433cc7325\"  class=\"panel-layout wp-block-siteorigin-panels-layout-block\" ><div id=\"pg-w6850433cc7325-0\"  class=\"panel-grid panel-no-style\" ><div id=\"pgc-w6850433cc7325-0-0\"  class=\"panel-grid-cell\" ><div id=\"panel-w6850433cc7325-0-0-0\" class=\"so-panel widget widget_sow-editor panel-first-child\" data-index=\"0\" ><div\n\t\t\t\n\t\t\tclass=\"so-widget-sow-editor so-widget-sow-editor-base\"\n\t\t\t\n\t\t>\n<div class=\"siteorigin-widget-tinymce textwidget\">\n\t<h3 style=\"text-align: center;\">Anna Perez-Cardenas<\/h3>\n<p style=\"text-align: center;\">RESPONSABILE<br \/>\nCOMUNICAZIONE E MARKETING<\/p>\n<\/div>\n<\/div><\/div><div id=\"panel-w6850433cc7325-0-0-1\" class=\"so-panel widget widget_sow-image\" data-index=\"1\" ><div class=\"popup-trigger panel-widget-style panel-widget-style-for-w6850433cc7325-0-0-1\" ><div\n\t\t\t\n\t\t\tclass=\"so-widget-sow-image so-widget-sow-image-default-8b5b6f678277\"\n\t\t\t\n\t\t>\n<div class=\"sow-image-container\">\n\t\t<img \n\tsrc=\"https:\/\/loveitaly.org\/v2\/wp-content\/uploads\/2022\/03\/FullSizeRender-scaled-480x480.jpg\" width=\"480\" height=\"480\" srcset=\"https:\/\/loveitaly.org\/v2\/wp-content\/uploads\/2022\/03\/FullSizeRender-scaled-480x480.jpg 480w, https:\/\/loveitaly.org\/v2\/wp-content\/uploads\/2022\/03\/FullSizeRender-scaled-150x150.jpg 150w, https:\/\/loveitaly.org\/v2\/wp-content\/uploads\/2022\/03\/FullSizeRender-scaled-450x450.jpg 450w, https:\/\/loveitaly.org\/v2\/wp-content\/uploads\/2022\/03\/FullSizeRender-scaled-100x100.jpg 100w\" sizes=\"(max-width: 480px) 100vw, 480px\" title=\"FullSizeRender\" alt=\"iuvart\" \t\tclass=\"so-widget-image\"\/>\n\t<\/div>\n\n<\/div><\/div><\/div><div id=\"panel-w6850433cc7325-0-0-2\" class=\"so-panel widget widget_sow-editor panel-last-child\" data-index=\"2\" ><div class=\"popup panel-widget-style panel-widget-style-for-w6850433cc7325-0-0-2\" ><div\n\t\t\t\n\t\t\tclass=\"so-widget-sow-editor so-widget-sow-editor-base\"\n\t\t\t\n\t\t>\n<div class=\"siteorigin-widget-tinymce textwidget\">\n\t<h2><span style=\"color: #800000;\">Anna Perez-Cardenas<\/span><\/h2>\n<p><span style=\"color: #800000;\">Madrid, Spagna<\/span><\/p>\n<p>Anna \u00e8 laureata in storia e italiano alla DePaul University. Cresciuta tra Chicago e Guadalajara, \u00e8 appassionata di patrimonio culturale, in particolare della conservazione degli edifici storici. Dal 2016 \u00e8 coinvolta nella comunit\u00e0 italiana di Chicago lavorando presso la prima scuola internazionale italiana della citt\u00e0, partecipando a un corso di laurea magistrale sulle donne italiane del dopoguerra e studiando all&#8217;estero a Roma. Attualmente sta conseguendo un master in studi avanzati in Musei e Patrimonio Storico e Artistico a Madrid.<\/p>\n<p>\u201c<strong><em>Come giovane laureata con la passione per l&#8217;esplorazione del nuovo, mi sento di appartenere a IUVART!<\/em><\/strong>\u201d<\/p>\n<\/div>\n<\/div><\/div><\/div><\/div><\/div><\/div><\/div><\/div><\/div><\/div><div id=\"pg-gb9504-69f1cc2997cde-6\"  class=\"panel-grid panel-no-style\" ><div id=\"pgc-gb9504-69f1cc2997cde-6-0\"  class=\"panel-grid-cell\" ><div id=\"panel-gb9504-69f1cc2997cde-6-0-0\" class=\"so-panel widget widget_siteorigin-panels-builder panel-first-child panel-last-child\" data-index=\"10\" ><div class=\"team-box no-panel-margin panel-widget-style panel-widget-style-for-gb9504-69f1cc2997cde-6-0-0\" ><div id=\"pl-w691769837e4e9\"  class=\"panel-layout wp-block-siteorigin-panels-layout-block\" ><div id=\"pg-w691769837e4e9-0\"  class=\"panel-grid panel-no-style\" ><div id=\"pgc-w691769837e4e9-0-0\"  class=\"panel-grid-cell\" ><div id=\"panel-w691769837e4e9-0-0-0\" class=\"so-panel widget widget_sow-editor panel-first-child\" data-index=\"0\" ><div\n\t\t\t\n\t\t\tclass=\"so-widget-sow-editor so-widget-sow-editor-base\"\n\t\t\t\n\t\t>\n<div class=\"siteorigin-widget-tinymce textwidget\">\n\t<h3 style=\"text-align: center;\">Francesca Brizzi<\/h3>\n<p style=\"text-align: center;\">RESPONSABILE PR &amp; COMUNICAZIONE<\/p>\n<\/div>\n<\/div><\/div><div id=\"panel-w691769837e4e9-0-0-1\" class=\"so-panel widget widget_sow-image\" data-index=\"1\" ><div class=\"popup-trigger panel-widget-style panel-widget-style-for-w691769837e4e9-0-0-1\" ><div\n\t\t\t\n\t\t\tclass=\"so-widget-sow-image so-widget-sow-image-default-8b5b6f678277\"\n\t\t\t\n\t\t>\n<div class=\"sow-image-container\">\n\t\t<img \n\tsrc=\"https:\/\/loveitaly.org\/v2\/wp-content\/uploads\/2025\/10\/20200519_212340-480x480.jpg\" width=\"480\" height=\"480\" srcset=\"https:\/\/loveitaly.org\/v2\/wp-content\/uploads\/2025\/10\/20200519_212340-480x480.jpg 480w, https:\/\/loveitaly.org\/v2\/wp-content\/uploads\/2025\/10\/20200519_212340-150x150.jpg 150w, https:\/\/loveitaly.org\/v2\/wp-content\/uploads\/2025\/10\/20200519_212340-450x450.jpg 450w, https:\/\/loveitaly.org\/v2\/wp-content\/uploads\/2025\/10\/20200519_212340-100x100.jpg 100w\" sizes=\"(max-width: 480px) 100vw, 480px\" alt=\"\" \t\tclass=\"so-widget-image\"\/>\n\t<\/div>\n\n<\/div><\/div><\/div><div id=\"panel-w691769837e4e9-0-0-2\" class=\"so-panel widget widget_sow-editor panel-last-child\" data-index=\"2\" ><div class=\"popup panel-widget-style panel-widget-style-for-w691769837e4e9-0-0-2\" ><div\n\t\t\t\n\t\t\tclass=\"so-widget-sow-editor so-widget-sow-editor-base\"\n\t\t\t\n\t\t>\n<div class=\"siteorigin-widget-tinymce textwidget\">\n\t<h2><span style=\"color: #800000;\">Francesca Brizzi<\/span><\/h2>\n<h4><span style=\"color: #800000;\">Londra, Regno Unito<\/span><\/h4>\n<div>\n<p>Laureata in Storia dell&#8217;Arte e dei Beni Culturali, Francesca \u00e8 Direttrice di un&#8217;agenzia di comunicazione con sede a Londra specializzata in arte e cultura. Si occupa di strategie di comunicazione e media internazionali per istituzioni culturali, ministeri e fondazioni d&#8217;arte. Con esperienze in Italia, Regno Unito, Medio Oriente e Stati Uniti, ha lavorato nei settori della critica d&#8217;arte, della curatela e della diplomazia culturale.<\/p>\n<p>Coordina il team IUVART nello sviluppo di iniziative di comunicazione e culturali.<\/p>\n<p><em><strong>&#8220;Sono entrata a far parte di IUVART perch\u00e9 credo che il dibattito sul patrimonio culturale italiano debba evolversi per rispondere a obiettivi contemporanei: mantenere vivo il nostro passato attraverso le voci del presente.&#8221;<\/strong><\/em><\/p>\n<\/div>\n<p>&nbsp;<\/p>\n<p>&nbsp;<\/p>\n<p>&nbsp;<\/p>\n<\/div>\n<\/div><\/div><\/div><\/div><\/div><\/div><\/div><\/div><\/div><div id=\"pgc-gb9504-69f1cc2997cde-6-1\"  class=\"panel-grid-cell\" ><div id=\"panel-gb9504-69f1cc2997cde-6-1-0\" class=\"so-panel widget widget_siteorigin-panels-builder panel-first-child panel-last-child\" data-index=\"11\" ><div class=\"team-box no-panel-margin panel-widget-style panel-widget-style-for-gb9504-69f1cc2997cde-6-1-0\" ><div id=\"pl-w691769837e862\"  class=\"panel-layout wp-block-siteorigin-panels-layout-block\" ><div id=\"pg-w691769837e862-0\"  class=\"panel-grid panel-no-style\" ><div id=\"pgc-w691769837e862-0-0\"  class=\"panel-grid-cell\" ><div id=\"panel-w691769837e862-0-0-0\" class=\"so-panel widget widget_sow-editor panel-first-child\" data-index=\"0\" ><div\n\t\t\t\n\t\t\tclass=\"so-widget-sow-editor so-widget-sow-editor-base\"\n\t\t\t\n\t\t>\n<div class=\"siteorigin-widget-tinymce textwidget\">\n\t<h3 style=\"text-align: center;\">Flaminia Grassi<\/h3>\n<p style=\"text-align: center;\">Project Manager<\/p>\n<\/div>\n<\/div><\/div><div id=\"panel-w691769837e862-0-0-1\" class=\"so-panel widget widget_sow-image\" data-index=\"1\" ><div class=\"popup-trigger panel-widget-style panel-widget-style-for-w691769837e862-0-0-1\" ><div\n\t\t\t\n\t\t\tclass=\"so-widget-sow-image so-widget-sow-image-default-8b5b6f678277\"\n\t\t\t\n\t\t>\n<div class=\"sow-image-container\">\n\t\t<img \n\tsrc=\"https:\/\/loveitaly.org\/v2\/wp-content\/uploads\/2022\/04\/Flaminia-Grassi-480x480.png\" width=\"480\" height=\"480\" srcset=\"https:\/\/loveitaly.org\/v2\/wp-content\/uploads\/2022\/04\/Flaminia-Grassi-480x480.png 480w, https:\/\/loveitaly.org\/v2\/wp-content\/uploads\/2022\/04\/Flaminia-Grassi-150x150.png 150w, https:\/\/loveitaly.org\/v2\/wp-content\/uploads\/2022\/04\/Flaminia-Grassi-450x450.png 450w, https:\/\/loveitaly.org\/v2\/wp-content\/uploads\/2022\/04\/Flaminia-Grassi-100x100.png 100w\" sizes=\"(max-width: 480px) 100vw, 480px\" title=\"Flaminia Grassi\" alt=\"\" \t\tclass=\"so-widget-image\"\/>\n\t<\/div>\n\n<\/div><\/div><\/div><div id=\"panel-w691769837e862-0-0-2\" class=\"so-panel widget widget_sow-editor panel-last-child\" data-index=\"2\" ><div class=\"popup panel-widget-style panel-widget-style-for-w691769837e862-0-0-2\" ><div\n\t\t\t\n\t\t\tclass=\"so-widget-sow-editor so-widget-sow-editor-base\"\n\t\t\t\n\t\t>\n<div class=\"siteorigin-widget-tinymce textwidget\">\n\t<h2><span style=\"color: #800000;\">Flaminia Grassi<\/span><\/h2>\n<p><span style=\"color: #800000;\">Roma, Italia<\/span><\/p>\n<p>Flaminia ha conseguito una Laurea Magistrale in Ingegneria Gestionale e dal 2020 lavora come consulente di project management su iniziative complesse nel settore pubblico. Ha maturato una vasta esperienza in societ\u00e0 di consulenza internazionali come PwC, KPMG e Deloitte, con particolare attenzione a PMO, ottimizzazione dei processi, analisi dei requisiti e reporting esecutivo.<\/p>\n<p>Con un background multidisciplinare e una mentalit\u00e0 curiosa e creativa, nutre una profonda passione per il patrimonio culturale e le arti. Canta in un <em>ensemble<\/em> vocale e ha recentemente iniziato a dedicarsi alla pittura ad acquerello.<\/p>\n<p>\u201c<strong><em>\u00c8 il mio spirito vivace che mi ha attratto verso questa straordinaria organizzazione!<\/em><\/strong>\u201d<\/p>\n<p>&nbsp;<\/p>\n<\/div>\n<\/div><\/div><\/div><\/div><\/div><\/div><\/div><\/div><\/div><div id=\"pgc-gb9504-69f1cc2997cde-6-2\"  class=\"panel-grid-cell\" ><div id=\"panel-gb9504-69f1cc2997cde-6-2-0\" class=\"so-panel widget widget_siteorigin-panels-builder panel-first-child panel-last-child\" data-index=\"12\" ><div class=\"team-box no-panel-margin panel-widget-style panel-widget-style-for-gb9504-69f1cc2997cde-6-2-0\" ><div id=\"pl-w691769837ebd3\"  class=\"panel-layout wp-block-siteorigin-panels-layout-block\" ><div id=\"pg-w691769837ebd3-0\"  class=\"panel-grid panel-no-style\" ><div id=\"pgc-w691769837ebd3-0-0\"  class=\"panel-grid-cell\" ><div id=\"panel-w691769837ebd3-0-0-0\" class=\"so-panel widget widget_sow-editor panel-first-child\" data-index=\"0\" ><div\n\t\t\t\n\t\t\tclass=\"so-widget-sow-editor so-widget-sow-editor-base\"\n\t\t\t\n\t\t>\n<div class=\"siteorigin-widget-tinymce textwidget\">\n\t<h3 style=\"text-align: center;\">Riccardo Miotto<\/h3>\n<p style=\"text-align: center;\">Responsabile logistica<\/p>\n<\/div>\n<\/div><\/div><div id=\"panel-w691769837ebd3-0-0-1\" class=\"so-panel widget widget_sow-image\" data-index=\"1\" ><div class=\"popup-trigger panel-widget-style panel-widget-style-for-w691769837ebd3-0-0-1\" ><div\n\t\t\t\n\t\t\tclass=\"so-widget-sow-image so-widget-sow-image-default-8b5b6f678277\"\n\t\t\t\n\t\t>\n<div class=\"sow-image-container\">\n\t\t<img \n\tsrc=\"https:\/\/loveitaly.org\/v2\/wp-content\/uploads\/2022\/04\/fotoRiccardi-Miotto-copia-480x480.jpg\" width=\"480\" height=\"480\" srcset=\"https:\/\/loveitaly.org\/v2\/wp-content\/uploads\/2022\/04\/fotoRiccardi-Miotto-copia-480x480.jpg 480w, https:\/\/loveitaly.org\/v2\/wp-content\/uploads\/2022\/04\/fotoRiccardi-Miotto-copia-150x150.jpg 150w, https:\/\/loveitaly.org\/v2\/wp-content\/uploads\/2022\/04\/fotoRiccardi-Miotto-copia-450x450.jpg 450w, https:\/\/loveitaly.org\/v2\/wp-content\/uploads\/2022\/04\/fotoRiccardi-Miotto-copia-100x100.jpg 100w\" sizes=\"(max-width: 480px) 100vw, 480px\" title=\"fotoRiccardi Miotto copia\" alt=\"\" \t\tclass=\"so-widget-image\"\/>\n\t<\/div>\n\n<\/div><\/div><\/div><div id=\"panel-w691769837ebd3-0-0-2\" class=\"so-panel widget widget_sow-editor panel-last-child\" data-index=\"2\" ><div class=\"popup panel-widget-style panel-widget-style-for-w691769837ebd3-0-0-2\" ><div\n\t\t\t\n\t\t\tclass=\"so-widget-sow-editor so-widget-sow-editor-base\"\n\t\t\t\n\t\t>\n<div class=\"siteorigin-widget-tinymce textwidget\">\n\t<h2><span style=\"color: #800000;\">Riccardo Miotto<\/span><\/h2>\n<p><span style=\"color: #800000;\">Parigi, Francia<\/span><\/p>\n<p>Riccardo studia management ed economia alla LUISS e nutre una grande passione per l&#8217;arte. La sua esperienza nel campo dell&#8217;arte contemporanea spazia dalla Nomas Foundation alla Fondazione per l&#8217;Arte Cinese in Italia.<\/p>\n<p>Riccardo \u00e8 fortemente coinvolto in diverse organizzazioni. \u00c8 il coordinatore del team di Vol\u00e0no Roma e, in qualit\u00e0 di responsabile delle relazioni esterne e istituzionali di Culturit, ha organizzato diversi convegni incentrati su cultura, innovazione tecnologica e startup. Attualmente collabora con Smart City Group su sistemi innovativi che trasformino le nostre citt\u00e0 nelle citt\u00e0 del futuro.<\/p>\n<p>\u201c<strong><em>Aiutare giovani artisti e mettere in luce le diverse culture cambier\u00e0 il nostro mondo in meglio.<\/em><\/strong>\u201d<\/p>\n<p>&nbsp;<\/p>\n<\/div>\n<\/div><\/div><\/div><\/div><\/div><\/div><\/div><\/div><\/div><\/div><div id=\"pg-gb9504-69f1cc2997cde-7\"  class=\"panel-grid panel-no-style\" ><div id=\"pgc-gb9504-69f1cc2997cde-7-0\"  class=\"panel-grid-cell\" ><div id=\"panel-gb9504-69f1cc2997cde-7-0-0\" class=\"so-panel widget widget_siteorigin-panels-builder panel-first-child panel-last-child\" data-index=\"13\" ><div class=\"team-box no-panel-margin panel-widget-style panel-widget-style-for-gb9504-69f1cc2997cde-7-0-0\" ><div id=\"pl-w6850433cc77b3\"  class=\"panel-layout wp-block-siteorigin-panels-layout-block\" ><div id=\"pg-w6850433cc77b3-0\"  class=\"panel-grid panel-no-style\" ><div id=\"pgc-w6850433cc77b3-0-0\"  class=\"panel-grid-cell\" ><div id=\"panel-w6850433cc77b3-0-0-0\" class=\"so-panel widget widget_sow-editor panel-first-child\" data-index=\"0\" ><div\n\t\t\t\n\t\t\tclass=\"so-widget-sow-editor so-widget-sow-editor-base\"\n\t\t\t\n\t\t>\n<div class=\"siteorigin-widget-tinymce textwidget\">\n\t<h3 style=\"text-align: center;\">Alfredo Martorelli<\/h3>\n<p style=\"text-align: center;\">Responsabile artistico<\/p>\n<\/div>\n<\/div><\/div><div id=\"panel-w6850433cc77b3-0-0-1\" class=\"so-panel widget widget_sow-image\" data-index=\"1\" ><div class=\"popup-trigger panel-widget-style panel-widget-style-for-w6850433cc77b3-0-0-1\" ><div\n\t\t\t\n\t\t\tclass=\"so-widget-sow-image so-widget-sow-image-default-8b5b6f678277\"\n\t\t\t\n\t\t>\n<div class=\"sow-image-container\">\n\t\t<img \n\tsrc=\"https:\/\/loveitaly.org\/v2\/wp-content\/uploads\/2022\/04\/Afredo2-1-480x480.jpg\" width=\"480\" height=\"480\" srcset=\"https:\/\/loveitaly.org\/v2\/wp-content\/uploads\/2022\/04\/Afredo2-1-480x480.jpg 480w, https:\/\/loveitaly.org\/v2\/wp-content\/uploads\/2022\/04\/Afredo2-1-150x150.jpg 150w, https:\/\/loveitaly.org\/v2\/wp-content\/uploads\/2022\/04\/Afredo2-1-450x450.jpg 450w, https:\/\/loveitaly.org\/v2\/wp-content\/uploads\/2022\/04\/Afredo2-1-100x100.jpg 100w\" sizes=\"(max-width: 480px) 100vw, 480px\" title=\"Afredo2\" alt=\"\" \t\tclass=\"so-widget-image\"\/>\n\t<\/div>\n\n<\/div><\/div><\/div><div id=\"panel-w6850433cc77b3-0-0-2\" class=\"so-panel widget widget_sow-editor panel-last-child\" data-index=\"2\" ><div class=\"popup panel-widget-style panel-widget-style-for-w6850433cc77b3-0-0-2\" ><div\n\t\t\t\n\t\t\tclass=\"so-widget-sow-editor so-widget-sow-editor-base\"\n\t\t\t\n\t\t>\n<div class=\"siteorigin-widget-tinymce textwidget\">\n\t<h2><span style=\"color: #800000;\">Alfredo Martorelli<\/span><\/h2>\n<p><span style=\"color: #800000;\">Venezia, Italia<\/span><\/p>\n<p>Alfredo \u00e8 ricercatore e curatore di filosofia. Il suo lavoro si concentra sulla decostruzione del concetto di Arte, per rintracciare spiragli di verit\u00e0 a partire dall&#8217;estetica stessa.<\/p>\n<p>\u201c<strong><em>Chiunque pu\u00f2 essere un artista: l&#8217;arte \u00e8 in tutto ci\u00f2 che facciamo.<\/em><\/strong>\u201d<\/p>\n<p>&nbsp;<\/p>\n<\/div>\n<\/div><\/div><\/div><\/div><\/div><\/div><\/div><\/div><\/div><div id=\"pgc-gb9504-69f1cc2997cde-7-1\"  class=\"panel-grid-cell\" ><div id=\"panel-gb9504-69f1cc2997cde-7-1-0\" class=\"so-panel widget widget_siteorigin-panels-builder panel-first-child panel-last-child\" data-index=\"14\" ><div class=\"team-box no-panel-margin panel-widget-style panel-widget-style-for-gb9504-69f1cc2997cde-7-1-0\" ><div id=\"pl-w6850433ccc0c5\"  class=\"panel-layout wp-block-siteorigin-panels-layout-block\" ><div id=\"pg-w6850433ccc0c5-0\"  class=\"panel-grid panel-no-style\" ><div id=\"pgc-w6850433ccc0c5-0-0\"  class=\"panel-grid-cell\" ><div id=\"panel-w6850433ccc0c5-0-0-0\" class=\"so-panel widget widget_sow-editor panel-first-child\" data-index=\"0\" ><div\n\t\t\t\n\t\t\tclass=\"so-widget-sow-editor so-widget-sow-editor-base\"\n\t\t\t\n\t\t>\n<div class=\"siteorigin-widget-tinymce textwidget\">\n\t<h3 style=\"text-align: center;\">Simone Mittelstaedt<\/h3>\n<p style=\"text-align: center;\">RESPONSABILE ORGANIZZATIVO<\/p>\n<\/div>\n<\/div><\/div><div id=\"panel-w6850433ccc0c5-0-0-1\" class=\"so-panel widget widget_sow-image\" data-index=\"1\" ><div class=\"popup-trigger panel-widget-style panel-widget-style-for-w6850433ccc0c5-0-0-1\" ><div\n\t\t\t\n\t\t\tclass=\"so-widget-sow-image so-widget-sow-image-default-8b5b6f678277\"\n\t\t\t\n\t\t>\n<div class=\"sow-image-container\">\n\t\t<img \n\tsrc=\"https:\/\/loveitaly.org\/v2\/wp-content\/uploads\/2025\/05\/Simone-Mittelstaedt-480x480.png\" width=\"480\" height=\"480\" srcset=\"https:\/\/loveitaly.org\/v2\/wp-content\/uploads\/2025\/05\/Simone-Mittelstaedt-480x480.png 480w, https:\/\/loveitaly.org\/v2\/wp-content\/uploads\/2025\/05\/Simone-Mittelstaedt-150x150.png 150w, https:\/\/loveitaly.org\/v2\/wp-content\/uploads\/2025\/05\/Simone-Mittelstaedt-450x450.png 450w, https:\/\/loveitaly.org\/v2\/wp-content\/uploads\/2025\/05\/Simone-Mittelstaedt-100x100.png 100w\" sizes=\"(max-width: 480px) 100vw, 480px\" title=\"Simone Mittelstaedt\" alt=\"\" \t\tclass=\"so-widget-image\"\/>\n\t<\/div>\n\n<\/div><\/div><\/div><div id=\"panel-w6850433ccc0c5-0-0-2\" class=\"so-panel widget widget_sow-editor panel-last-child\" data-index=\"2\" ><div class=\"popup panel-widget-style panel-widget-style-for-w6850433ccc0c5-0-0-2\" ><div\n\t\t\t\n\t\t\tclass=\"so-widget-sow-editor so-widget-sow-editor-base\"\n\t\t\t\n\t\t>\n<div class=\"siteorigin-widget-tinymce textwidget\">\n\t<h2><span style=\"color: #800000;\">Simone Mittelstaedt<\/span><\/h2>\n<p><span style=\"color: #800000;\">San Francisco, California<\/span><\/p>\n<p>Simone \u00e8 una pittrice che ha studiato arti visive e storia dell&#8217;arte al Sarah Lawrence College, dove si \u00e8 laureata nel 2022 con una laurea triennale in arte. Nonostante sia cresciuta a San Francisco, la sua famiglia ha mantenuto un forte legame con le proprie origini italiane, che continuano a ispirarla nella promozione e nell&#8217;esplorazione della cultura italiana. Simone ha lavorato di persona con il team IUVART a Roma nell&#8217;autunno-inverno 2024 e attualmente prosegue le sue attivit\u00e0 con il gruppo da San Francisco.<\/p>\n<p>\u201c<strong><em>L&#8217;importanza dell&#8217;arte per la comunicazione e l&#8217;espressione \u00e8 incommensurabile: ci d\u00e0 una visione del passato e informa il nostro futuro.<\/em><\/strong>\u201d<\/p>\n<p>&nbsp;<\/p>\n<\/div>\n<\/div><\/div><\/div><\/div><\/div><\/div><\/div><\/div><\/div><div id=\"pgc-gb9504-69f1cc2997cde-7-2\"  class=\"panel-grid-cell\" ><div id=\"panel-gb9504-69f1cc2997cde-7-2-0\" class=\"so-panel widget widget_siteorigin-panels-builder panel-first-child panel-last-child\" data-index=\"15\" ><div class=\"team-box no-panel-margin panel-widget-style panel-widget-style-for-gb9504-69f1cc2997cde-7-2-0\" ><div id=\"pl-w6850433ccc6ff\"  class=\"panel-layout wp-block-siteorigin-panels-layout-block\" ><div id=\"pg-w6850433ccc6ff-0\"  class=\"panel-grid panel-no-style\" ><div id=\"pgc-w6850433ccc6ff-0-0\"  class=\"panel-grid-cell\" ><div id=\"panel-w6850433ccc6ff-0-0-0\" class=\"so-panel widget widget_sow-editor panel-first-child\" data-index=\"0\" ><div\n\t\t\t\n\t\t\tclass=\"so-widget-sow-editor so-widget-sow-editor-base\"\n\t\t\t\n\t\t>\n<div class=\"siteorigin-widget-tinymce textwidget\">\n\t<h3 style=\"text-align: center;\">Viola De Martini<\/h3>\n<p style=\"text-align: center;\">CURATORE<\/p>\n<\/div>\n<\/div><\/div><div id=\"panel-w6850433ccc6ff-0-0-1\" class=\"so-panel widget widget_sow-image\" data-index=\"1\" ><div class=\"popup-trigger panel-widget-style panel-widget-style-for-w6850433ccc6ff-0-0-1\" ><div\n\t\t\t\n\t\t\tclass=\"so-widget-sow-image so-widget-sow-image-default-8b5b6f678277\"\n\t\t\t\n\t\t>\n<div class=\"sow-image-container\">\n\t\t<img \n\tsrc=\"https:\/\/loveitaly.org\/v2\/wp-content\/uploads\/2025\/05\/Viola-De-Martini-465x480.png\" width=\"465\" height=\"480\" sizes=\"(max-width: 465px) 100vw, 465px\" title=\"Viola De Martini\" alt=\"\" \t\tclass=\"so-widget-image\"\/>\n\t<\/div>\n\n<\/div><\/div><\/div><div id=\"panel-w6850433ccc6ff-0-0-2\" class=\"so-panel widget widget_sow-editor panel-last-child\" data-index=\"2\" ><div class=\"popup panel-widget-style panel-widget-style-for-w6850433ccc6ff-0-0-2\" ><div\n\t\t\t\n\t\t\tclass=\"so-widget-sow-editor so-widget-sow-editor-base\"\n\t\t\t\n\t\t>\n<div class=\"siteorigin-widget-tinymce textwidget\">\n\t<h2><span style=\"color: #800000;\">Viola De Martini <\/span><\/h2>\n<p><span style=\"color: #800000;\">Roma, Italia<\/span><\/p>\n<p>Viola \u00e8 un&#8217;appassionata di arte visiva e audiovisiva, laureanda in storia dell&#8217;arte e aspirante curatrice di mostre.<\/p>\n<p>\u201c<strong><em>Nella vita quotidiana sono alla costante ricerca della bellezza.<\/em><\/strong>\u201d<\/p>\n<p>&nbsp;<\/p>\n<\/div>\n<\/div><\/div><\/div><\/div><\/div><\/div><\/div><\/div><\/div><\/div><div id=\"pg-gb9504-69f1cc2997cde-8\"  class=\"panel-grid panel-no-style\" ><div id=\"pgc-gb9504-69f1cc2997cde-8-0\"  class=\"panel-grid-cell\" ><div id=\"panel-gb9504-69f1cc2997cde-8-0-0\" class=\"so-panel widget widget_siteorigin-panels-builder panel-first-child panel-last-child\" data-index=\"16\" ><div class=\"team-box no-panel-margin panel-widget-style panel-widget-style-for-gb9504-69f1cc2997cde-8-0-0\" ><div id=\"pl-w6904cf3aeaa98\"  class=\"panel-layout wp-block-siteorigin-panels-layout-block\" ><div id=\"pg-w6904cf3aeaa98-0\"  class=\"panel-grid panel-no-style\" ><div id=\"pgc-w6904cf3aeaa98-0-0\"  class=\"panel-grid-cell\" ><div id=\"panel-w6904cf3aeaa98-0-0-0\" class=\"so-panel widget widget_sow-editor panel-first-child\" data-index=\"0\" ><div\n\t\t\t\n\t\t\tclass=\"so-widget-sow-editor so-widget-sow-editor-base\"\n\t\t\t\n\t\t>\n<div class=\"siteorigin-widget-tinymce textwidget\">\n\t<h3 style=\"text-align: center;\">Manfredi Arnulfo<\/h3>\n<p style=\"text-align: center;\">LEGALE E AMMINISTRAZIONE<\/p>\n<\/div>\n<\/div><\/div><div id=\"panel-w6904cf3aeaa98-0-0-1\" class=\"so-panel widget widget_sow-image\" data-index=\"1\" ><div class=\"popup-trigger panel-widget-style panel-widget-style-for-w6904cf3aeaa98-0-0-1\" ><div\n\t\t\t\n\t\t\tclass=\"so-widget-sow-image so-widget-sow-image-default-8b5b6f678277\"\n\t\t\t\n\t\t>\n<div class=\"sow-image-container\">\n\t\t<img \n\tsrc=\"https:\/\/loveitaly.org\/v2\/wp-content\/uploads\/2025\/05\/Manfredi-Arnulfo-480x480.jpg\" width=\"480\" height=\"480\" srcset=\"https:\/\/loveitaly.org\/v2\/wp-content\/uploads\/2025\/05\/Manfredi-Arnulfo-480x480.jpg 480w, https:\/\/loveitaly.org\/v2\/wp-content\/uploads\/2025\/05\/Manfredi-Arnulfo-150x150.jpg 150w, https:\/\/loveitaly.org\/v2\/wp-content\/uploads\/2025\/05\/Manfredi-Arnulfo-450x450.jpg 450w, https:\/\/loveitaly.org\/v2\/wp-content\/uploads\/2025\/05\/Manfredi-Arnulfo-100x100.jpg 100w\" sizes=\"(max-width: 480px) 100vw, 480px\" title=\"Manfredi Arnulfo\" alt=\"\" \t\tclass=\"so-widget-image\"\/>\n\t<\/div>\n\n<\/div><\/div><\/div><div id=\"panel-w6904cf3aeaa98-0-0-2\" class=\"so-panel widget widget_sow-editor panel-last-child\" data-index=\"2\" ><div class=\"popup panel-widget-style panel-widget-style-for-w6904cf3aeaa98-0-0-2\" ><div\n\t\t\t\n\t\t\tclass=\"so-widget-sow-editor so-widget-sow-editor-base\"\n\t\t\t\n\t\t>\n<div class=\"siteorigin-widget-tinymce textwidget\">\n\t<h2><span style=\"color: #800000;\">Manfredi Arnulfo<\/span><\/h2>\n<h4><span style=\"color: #800000;\">Roma, Italia<\/span><\/h4>\n<p>Praticante avvocato, laureato con lode in Giurisprudenza presso l\u2019Universit\u00e0 Roma Tre, Manfredi ha maturato esperienze legali in ambito internazionale, svolgendo un tirocinio in uno studio legale americano e lavorando come consulente legale per Arella Film, societ\u00e0 di produzione cinematografica. Attualmente continua la sua formazione forense, con un interesse particolare per l\u2019intersezione tra diritto, politica e cultura.<\/p>\n<p>\u201c<strong><em>La cultura \u00e8 un diritto, l\u2019arte \u00e8 un linguaggio universale: con IUVART, il diritto incontra la bellezza.<\/em><\/strong>\u201d<\/p>\n<p>&nbsp;<\/p>\n<p>&nbsp;<\/p>\n<p>&nbsp;<\/p>\n<p>&nbsp;<\/p>\n<\/div>\n<\/div><\/div><\/div><\/div><\/div><\/div><\/div><\/div><\/div><div id=\"pgc-gb9504-69f1cc2997cde-8-1\"  class=\"panel-grid-cell\" ><div id=\"panel-gb9504-69f1cc2997cde-8-1-0\" class=\"so-panel widget widget_siteorigin-panels-builder panel-first-child panel-last-child\" data-index=\"17\" ><div class=\"team-box no-panel-margin panel-widget-style panel-widget-style-for-gb9504-69f1cc2997cde-8-1-0\" ><div id=\"pl-w6850433cccc18\"  class=\"panel-layout wp-block-siteorigin-panels-layout-block\" ><div id=\"pg-w6850433cccc18-0\"  class=\"panel-grid panel-no-style\" ><div id=\"pgc-w6850433cccc18-0-0\"  class=\"panel-grid-cell\" ><div id=\"panel-w6850433cccc18-0-0-0\" class=\"so-panel widget widget_sow-editor panel-first-child\" data-index=\"0\" ><div\n\t\t\t\n\t\t\tclass=\"so-widget-sow-editor so-widget-sow-editor-base\"\n\t\t\t\n\t\t>\n<div class=\"siteorigin-widget-tinymce textwidget\">\n\t<h3 style=\"text-align: center;\">Lucy Wade<\/h3>\n<p style=\"text-align: center;\">COMUNICAZIONE E MARKETING<\/p>\n<\/div>\n<\/div><\/div><div id=\"panel-w6850433cccc18-0-0-1\" class=\"so-panel widget widget_sow-image\" data-index=\"1\" ><div class=\"popup-trigger panel-widget-style panel-widget-style-for-w6850433cccc18-0-0-1\" ><div\n\t\t\t\n\t\t\tclass=\"so-widget-sow-image so-widget-sow-image-default-8b5b6f678277\"\n\t\t\t\n\t\t>\n<div class=\"sow-image-container\">\n\t\t<img \n\tsrc=\"https:\/\/loveitaly.org\/v2\/wp-content\/uploads\/2025\/05\/Lucy-Wade-scaled-480x480.jpg\" width=\"480\" height=\"480\" srcset=\"https:\/\/loveitaly.org\/v2\/wp-content\/uploads\/2025\/05\/Lucy-Wade-scaled-480x480.jpg 480w, https:\/\/loveitaly.org\/v2\/wp-content\/uploads\/2025\/05\/Lucy-Wade-scaled-150x150.jpg 150w, https:\/\/loveitaly.org\/v2\/wp-content\/uploads\/2025\/05\/Lucy-Wade-scaled-450x450.jpg 450w, https:\/\/loveitaly.org\/v2\/wp-content\/uploads\/2025\/05\/Lucy-Wade-scaled-100x100.jpg 100w\" sizes=\"(max-width: 480px) 100vw, 480px\" title=\"KODAK Digital Still Camera\" alt=\"\" \t\tclass=\"so-widget-image\"\/>\n\t<\/div>\n\n<\/div><\/div><\/div><div id=\"panel-w6850433cccc18-0-0-2\" class=\"so-panel widget widget_sow-editor panel-last-child\" data-index=\"2\" ><div class=\"popup panel-widget-style panel-widget-style-for-w6850433cccc18-0-0-2\" ><div\n\t\t\t\n\t\t\tclass=\"so-widget-sow-editor so-widget-sow-editor-base\"\n\t\t\t\n\t\t>\n<div class=\"siteorigin-widget-tinymce textwidget\">\n\t<h2><span style=\"color: #800000;\">Lucy Wade<\/span><\/h2>\n<p><span style=\"color: #800000;\">Merriam, Kansas<\/span><\/p>\n<p>Lucy \u00e8 una studentessa al terzo anno di Scienze dell&#8217;Informazione presso l&#8217;Universit\u00e0 del Colorado a Boulder, con specializzazione nell\u2019analisi dell&#8217;intersezione tra persone e informazioni. Attualmente sta trascorrendo un semestre di studio all&#8217;estero a Roma, dove segue corsi di comunicazione e marketing internazionale tramite il programma CIEE di Roma.<\/p>\n<p>\u201c<strong><em>Sono molto grata di far parte di IUVART, perch\u00e9 mi permette di sostenere la conservazione dell&#8217;arte e della storia italiane, che ho sempre trovato stimolante.<\/em><\/strong>\u201d<\/p>\n<p>&nbsp;<\/p>\n<p>&nbsp;<\/p>\n<p>&nbsp;<\/p>\n<\/div>\n<\/div><\/div><\/div><\/div><\/div><\/div><\/div><\/div><\/div><div id=\"pgc-gb9504-69f1cc2997cde-8-2\"  class=\"panel-grid-cell\" ><div id=\"panel-gb9504-69f1cc2997cde-8-2-0\" class=\"so-panel widget widget_siteorigin-panels-builder panel-first-child panel-last-child\" data-index=\"18\" ><div class=\"team-box no-panel-margin panel-widget-style panel-widget-style-for-gb9504-69f1cc2997cde-8-2-0\" ><div id=\"pl-w6904cf3b010c5\"  class=\"panel-layout wp-block-siteorigin-panels-layout-block\" ><div id=\"pg-w6904cf3b010c5-0\"  class=\"panel-grid panel-no-style\" ><div id=\"pgc-w6904cf3b010c5-0-0\"  class=\"panel-grid-cell\" ><div id=\"panel-w6904cf3b010c5-0-0-0\" class=\"so-panel widget widget_sow-editor panel-first-child\" data-index=\"0\" ><div\n\t\t\t\n\t\t\tclass=\"so-widget-sow-editor so-widget-sow-editor-base\"\n\t\t\t\n\t\t>\n<div class=\"siteorigin-widget-tinymce textwidget\">\n\t<h3 style=\"text-align: center;\"><strong>GABRIELA AVENDA\u00d1O L\u00d3PEZ<\/strong><\/h3>\n<p style=\"text-align: center;\">CURATORE<\/p>\n<\/div>\n<\/div><\/div><div id=\"panel-w6904cf3b010c5-0-0-1\" class=\"so-panel widget widget_sow-image\" data-index=\"1\" ><div class=\"popup-trigger panel-widget-style panel-widget-style-for-w6904cf3b010c5-0-0-1\" ><div\n\t\t\t\n\t\t\tclass=\"so-widget-sow-image so-widget-sow-image-default-8b5b6f678277\"\n\t\t\t\n\t\t>\n<div class=\"sow-image-container\">\n\t\t<img \n\tsrc=\"https:\/\/loveitaly.org\/v2\/wp-content\/uploads\/2025\/10\/Gabriela-A-480x480.jpg\" width=\"480\" height=\"480\" srcset=\"https:\/\/loveitaly.org\/v2\/wp-content\/uploads\/2025\/10\/Gabriela-A-480x480.jpg 480w, https:\/\/loveitaly.org\/v2\/wp-content\/uploads\/2025\/10\/Gabriela-A-150x150.jpg 150w, https:\/\/loveitaly.org\/v2\/wp-content\/uploads\/2025\/10\/Gabriela-A-450x450.jpg 450w, https:\/\/loveitaly.org\/v2\/wp-content\/uploads\/2025\/10\/Gabriela-A-100x100.jpg 100w\" sizes=\"(max-width: 480px) 100vw, 480px\" title=\"Gabriela A\" alt=\"\" \t\tclass=\"so-widget-image\"\/>\n\t<\/div>\n\n<\/div><\/div><\/div><div id=\"panel-w6904cf3b010c5-0-0-2\" class=\"so-panel widget widget_sow-editor panel-last-child\" data-index=\"2\" ><div class=\"popup panel-widget-style panel-widget-style-for-w6904cf3b010c5-0-0-2\" ><div\n\t\t\t\n\t\t\tclass=\"so-widget-sow-editor so-widget-sow-editor-base\"\n\t\t\t\n\t\t>\n<div class=\"siteorigin-widget-tinymce textwidget\">\n\t<h2><span style=\"color: #993300;\"><strong>Gabriela Avenda\u00f1o L\u00f3pez<\/strong><\/span><\/h2>\n<h4><span style=\"color: #800000;\">Madrid, Spagna<\/span><\/h4>\n<p>Storica dell&#8217;arte e curatrice con un master in Gestione dei Beni Museali e del Patrimonio, Gabriela \u00e8 nata in Messico e ora risiede a Madrid. Appassionata di arte e divulgazione culturale, ha una specializzazione in arte contemporanea ed esperienza nell&#8217;organizzazione di fiere d&#8217;arte internazionali. Profondamente ispirata da Roma, il suo lavoro promuove collaborazioni con gallerie d&#8217;arte contemporanea italiane, esplorando come la creazione moderna continui a riecheggiare la grandiosit\u00e0 del Barocco.<\/p>\n<p><strong><em>&#8220;Far parte del team IUVART rappresenta un&#8217;opportunit\u00e0 per creare un ponte tra passato e presente, per onorare la duratura eredit\u00e0 dell&#8217;arte barocca e condividerne la magnificenza con un nuovo pubblico.&#8221;<\/em><\/strong><\/p>\n<p>&nbsp;<\/p>\n<p>&nbsp;<\/p>\n<p>&nbsp;<\/p>\n<p>&nbsp;<\/p>\n<\/div>\n<\/div><\/div><\/div><\/div><\/div><\/div><\/div><\/div><\/div><\/div><div id=\"pg-gb9504-69f1cc2997cde-9\"  class=\"panel-grid panel-no-style\" ><div id=\"pgc-gb9504-69f1cc2997cde-9-0\"  class=\"panel-grid-cell\" ><div id=\"panel-gb9504-69f1cc2997cde-9-0-0\" class=\"so-panel widget widget_siteorigin-panels-builder panel-first-child panel-last-child\" data-index=\"19\" ><div class=\"team-box no-panel-margin panel-widget-style panel-widget-style-for-gb9504-69f1cc2997cde-9-0-0\" ><div id=\"pl-w691751e18802c\"  class=\"panel-layout wp-block-siteorigin-panels-layout-block\" ><div id=\"pg-w691751e18802c-0\"  class=\"panel-grid panel-no-style\" ><div id=\"pgc-w691751e18802c-0-0\"  class=\"panel-grid-cell\" ><div id=\"panel-w691751e18802c-0-0-0\" class=\"so-panel widget widget_sow-editor panel-first-child\" data-index=\"0\" ><div\n\t\t\t\n\t\t\tclass=\"so-widget-sow-editor so-widget-sow-editor-base\"\n\t\t\t\n\t\t>\n<div class=\"siteorigin-widget-tinymce textwidget\">\n\t<h3 style=\"text-align: center;\">Ece Sipahioglu<\/h3>\n<\/div>\n<\/div><\/div><div id=\"panel-w691751e18802c-0-0-1\" class=\"so-panel widget widget_sow-image\" data-index=\"1\" ><div class=\"popup-trigger panel-widget-style panel-widget-style-for-w691751e18802c-0-0-1\" ><div\n\t\t\t\n\t\t\tclass=\"so-widget-sow-image so-widget-sow-image-default-8b5b6f678277\"\n\t\t\t\n\t\t>\n<div class=\"sow-image-container\">\n\t\t<img \n\tsrc=\"https:\/\/loveitaly.org\/v2\/wp-content\/uploads\/2025\/11\/Ece-Sipahioglu-photo-480x480.jpg\" width=\"480\" height=\"480\" srcset=\"https:\/\/loveitaly.org\/v2\/wp-content\/uploads\/2025\/11\/Ece-Sipahioglu-photo-480x480.jpg 480w, https:\/\/loveitaly.org\/v2\/wp-content\/uploads\/2025\/11\/Ece-Sipahioglu-photo-150x150.jpg 150w, https:\/\/loveitaly.org\/v2\/wp-content\/uploads\/2025\/11\/Ece-Sipahioglu-photo-450x450.jpg 450w, https:\/\/loveitaly.org\/v2\/wp-content\/uploads\/2025\/11\/Ece-Sipahioglu-photo-100x100.jpg 100w\" sizes=\"(max-width: 480px) 100vw, 480px\" title=\"Screenshot\" alt=\"\" \t\tclass=\"so-widget-image\"\/>\n\t<\/div>\n\n<\/div><\/div><\/div><div id=\"panel-w691751e18802c-0-0-2\" class=\"so-panel widget widget_sow-editor panel-last-child\" data-index=\"2\" ><div class=\"popup panel-widget-style panel-widget-style-for-w691751e18802c-0-0-2\" ><div\n\t\t\t\n\t\t\tclass=\"so-widget-sow-editor so-widget-sow-editor-base\"\n\t\t\t\n\t\t>\n<div class=\"siteorigin-widget-tinymce textwidget\">\n\t<h2><span style=\"color: #800000;\">Ece Sipahioglu<\/span><\/h2>\n<h4><span style=\"color: #800000;\">Roma, Italia<\/span><\/h4>\n<div>\n<p>Ece \u00e8 una curatrice con esperienza nella gestione di artisti, mostre e produzione creativa. Ha collaborato con gallerie e fiere d&#8217;arte contemporanea, gestito piattaforme e artisti online e le relazioni tra artisti e gallerie, curato mostre e diretto tutti gli aspetti inerenti alla pianificazione e esecuzione di progetti artistici. Con una formazione in psicologia, Ece offre una prospettiva eclettica che unisce pratica artistica, narrazione e intuizione organizzativa. Il suo lavoro si concentra sul supporto e la valorizzazione di artisti emergenti attraverso i progetti curatoriali e creativi che sviluppa e dirige.<\/p>\n<p><em><strong>&#8220;Sono davvero orgogliosa di far parte di un team internazionale dedicato alla conservazione, al sostegno e alla promozione del patrimonio culturale italiano. Contribuire a IUVART mi permette di unire la mia passione per l&#8217;arte contemporanea all&#8217;impegno per la conservazione culturale&#8221;<\/strong><\/em><\/p>\n<\/div>\n<p>&nbsp;<\/p>\n<p>&nbsp;<\/p>\n<p>&nbsp;<\/p>\n<\/div>\n<\/div><\/div><\/div><\/div><\/div><\/div><\/div><\/div><\/div><div id=\"pgc-gb9504-69f1cc2997cde-9-1\"  class=\"panel-grid-cell\" ><div id=\"panel-gb9504-69f1cc2997cde-9-1-0\" class=\"so-panel widget widget_siteorigin-panels-builder panel-first-child panel-last-child\" data-index=\"20\" ><div class=\"team-box no-panel-margin panel-widget-style panel-widget-style-for-gb9504-69f1cc2997cde-9-1-0\" ><div id=\"pl-w69b1669c95923\"  class=\"panel-layout wp-block-siteorigin-panels-layout-block\" ><div id=\"pg-w69b1669c95923-0\"  class=\"panel-grid panel-no-style\" ><div id=\"pgc-w69b1669c95923-0-0\"  class=\"panel-grid-cell\" ><div id=\"panel-w69b1669c95923-0-0-0\" class=\"so-panel widget widget_sow-editor panel-first-child\" data-index=\"0\" ><div\n\t\t\t\n\t\t\tclass=\"so-widget-sow-editor so-widget-sow-editor-base\"\n\t\t\t\n\t\t>\n<div class=\"siteorigin-widget-tinymce textwidget\">\n\t<h3 style=\"text-align: center;\">Spencer Avery Kelley<\/h3>\n<\/div>\n<\/div><\/div><div id=\"panel-w69b1669c95923-0-0-1\" class=\"so-panel widget widget_sow-image\" data-index=\"1\" ><div class=\"popup-trigger panel-widget-style panel-widget-style-for-w69b1669c95923-0-0-1\" ><div\n\t\t\t\n\t\t\tclass=\"so-widget-sow-image so-widget-sow-image-default-8b5b6f678277\"\n\t\t\t\n\t\t>\n<div class=\"sow-image-container\">\n\t\t<img \n\tsrc=\"https:\/\/loveitaly.org\/v2\/wp-content\/uploads\/2026\/03\/Iuvart-Spencer-Avery-Kelley-3-480x480.png\" width=\"480\" height=\"480\" srcset=\"https:\/\/loveitaly.org\/v2\/wp-content\/uploads\/2026\/03\/Iuvart-Spencer-Avery-Kelley-3-480x480.png 480w, https:\/\/loveitaly.org\/v2\/wp-content\/uploads\/2026\/03\/Iuvart-Spencer-Avery-Kelley-3-150x150.png 150w, https:\/\/loveitaly.org\/v2\/wp-content\/uploads\/2026\/03\/Iuvart-Spencer-Avery-Kelley-3-450x450.png 450w, https:\/\/loveitaly.org\/v2\/wp-content\/uploads\/2026\/03\/Iuvart-Spencer-Avery-Kelley-3-100x100.png 100w\" sizes=\"(max-width: 480px) 100vw, 480px\" title=\"Iuvart &#8211; Spencer Avery Kelley (3)\" alt=\"\" \t\tclass=\"so-widget-image\"\/>\n\t<\/div>\n\n<\/div><\/div><\/div><div id=\"panel-w69b1669c95923-0-0-2\" class=\"so-panel widget widget_sow-editor panel-last-child\" data-index=\"2\" ><div class=\"popup panel-widget-style panel-widget-style-for-w69b1669c95923-0-0-2\" ><div\n\t\t\t\n\t\t\tclass=\"so-widget-sow-editor so-widget-sow-editor-base\"\n\t\t\t\n\t\t>\n<div class=\"siteorigin-widget-tinymce textwidget\">\n\t<h2><span style=\"color: #800000;\">Spencer Avery Kelley<\/span><\/h2>\n<h4><span style=\"color: #800000;\">Milano, Italia<\/span><\/h4>\n<div>\n<p><span style=\"color: #000000; font-family: Arial, sans-serif;\"><b>Comunicazione e Marketing<\/b><\/span><\/p>\n<p>Spencer \u00e8 un professionista del marketing e del business development impegnato nel supporto alle organizzazioni per rafforzare la loro visibilit\u00e0 e costruire partnership durature. La sua esperienza spazia dallo sviluppo di campagne presso agenzie pubblicitarie globali a Londra e Los Angeles fino al ruolo di guida nell\u2019acquisizione di sponsorizzazioni per\u00a0la\u00a0World Conference on Explainable AI in Italia.<\/p>\n<p>\u00c8 laureato in giornalismo presso la University of Southern California e in relazioni internazionali presso il King\u2019s College London, e conseguir\u00e0 una laurea magistrale in marketing management presso l\u2019Universit\u00e0 Bocconi nel luglio 2026.<br \/>\n<b><i><br \/>\n\u00abL\u2019Italia \u00e8 definita dalle sue persone straordinarie e dal suo ricco patrimonio culturale. Iuvart riunisce coloro che valorizzano entrambi in una missione che sono onorato di sostenere.\u00bb<\/i><\/b><\/p>\n<\/div>\n<p>&nbsp;<\/p>\n<p>&nbsp;<\/p>\n<p>&nbsp;<\/p>\n<\/div>\n<\/div><\/div><\/div><\/div><\/div><\/div><\/div><\/div><\/div><div id=\"pgc-gb9504-69f1cc2997cde-9-2\"  class=\"panel-grid-cell\" ><div id=\"panel-gb9504-69f1cc2997cde-9-2-0\" class=\"so-panel widget widget_siteorigin-panels-builder panel-first-child panel-last-child\" data-index=\"21\" ><div class=\"team-box no-panel-margin panel-widget-style panel-widget-style-for-gb9504-69f1cc2997cde-9-2-0\" ><div id=\"pl-w69b1669c99ed4\"  class=\"panel-layout wp-block-siteorigin-panels-layout-block\" ><div id=\"pg-w69b1669c99ed4-0\"  class=\"panel-grid panel-no-style\" ><div id=\"pgc-w69b1669c99ed4-0-0\"  class=\"panel-grid-cell\" ><div id=\"panel-w69b1669c99ed4-0-0-0\" class=\"so-panel widget widget_sow-editor panel-first-child\" data-index=\"0\" ><div\n\t\t\t\n\t\t\tclass=\"so-widget-sow-editor so-widget-sow-editor-base\"\n\t\t\t\n\t\t>\n<div class=\"siteorigin-widget-tinymce textwidget\">\n\t<h3 style=\"text-align: center;\">Davide Francioli<\/h3>\n<\/div>\n<\/div><\/div><div id=\"panel-w69b1669c99ed4-0-0-1\" class=\"so-panel widget widget_sow-image\" data-index=\"1\" ><div class=\"popup-trigger panel-widget-style panel-widget-style-for-w69b1669c99ed4-0-0-1\" ><div\n\t\t\t\n\t\t\tclass=\"so-widget-sow-image so-widget-sow-image-default-8b5b6f678277\"\n\t\t\t\n\t\t>\n<div class=\"sow-image-container\">\n\t\t<img \n\tsrc=\"https:\/\/loveitaly.org\/v2\/wp-content\/uploads\/2026\/01\/Screenshot-2026-01-14-at-18.45.08-480x480.png\" width=\"480\" height=\"480\" srcset=\"https:\/\/loveitaly.org\/v2\/wp-content\/uploads\/2026\/01\/Screenshot-2026-01-14-at-18.45.08-480x480.png 480w, https:\/\/loveitaly.org\/v2\/wp-content\/uploads\/2026\/01\/Screenshot-2026-01-14-at-18.45.08-150x150.png 150w, https:\/\/loveitaly.org\/v2\/wp-content\/uploads\/2026\/01\/Screenshot-2026-01-14-at-18.45.08-450x450.png 450w, https:\/\/loveitaly.org\/v2\/wp-content\/uploads\/2026\/01\/Screenshot-2026-01-14-at-18.45.08-100x100.png 100w\" sizes=\"(max-width: 480px) 100vw, 480px\" title=\"Davide Francioli\" alt=\"\" \t\tclass=\"so-widget-image\"\/>\n\t<\/div>\n\n<\/div><\/div><\/div><div id=\"panel-w69b1669c99ed4-0-0-2\" class=\"so-panel widget widget_sow-editor panel-last-child\" data-index=\"2\" ><div class=\"popup panel-widget-style panel-widget-style-for-w69b1669c99ed4-0-0-2\" ><div\n\t\t\t\n\t\t\tclass=\"so-widget-sow-editor so-widget-sow-editor-base\"\n\t\t\t\n\t\t>\n<div class=\"siteorigin-widget-tinymce textwidget\">\n\t<h2><span style=\"color: #800000;\">Davide Francioli<\/span><\/h2>\n<h4><span style=\"color: #800000;\">Milano, Italia<\/span><\/h4>\n<div>\n<p>Davide ha conseguito un Master in Marketing Management e ha recentemente completato un corso professionale in Art Business &amp; Art History presso il Sotheby&#8217;s Institute of Art di Londra. Lavora nel settore retail per una multinazionale, gestendo trattative e partnership strategiche. \u00c8 anche giornalista, collabora con il <em>Corriere della Sera<\/em> con una rubrica settimanale &#8211; &#8220;<em>Sulla strada<\/em>&#8221; &#8211; incentrata sull&#8217;arte urbana contemporanea e sulla rigenerazione culturale degli spazi pubblici.<\/p>\n<p><em><strong>&#8220;IUVART mi offre l&#8217;opportunit\u00e0 di trasformare la mia passione per l&#8217;arte in un contributo concreto, dando vita a un patrimonio antico attraverso la creativit\u00e0 contemporanea che incontra nuovi pubblici.&#8221;<\/strong><\/em><\/p>\n<\/div>\n<p>&nbsp;<\/p>\n<p>&nbsp;<\/p>\n<p>&nbsp;<\/p>\n<\/div>\n<\/div><\/div><\/div><\/div><\/div><\/div><\/div><\/div><\/div><\/div><\/div>\n\n<div class=\"wp-block-image\">\n<figure class=\"aligncenter size-full\"><img loading=\"lazy\" decoding=\"async\" width=\"2129\" height=\"961\" src=\"https:\/\/loveitaly.org\/v2\/wp-content\/uploads\/2025\/11\/Photo-5-Italian.png\" alt=\"\" class=\"wp-image-15996\" srcset=\"https:\/\/loveitaly.org\/v2\/wp-content\/uploads\/2025\/11\/Photo-5-Italian.png 2129w, https:\/\/loveitaly.org\/v2\/wp-content\/uploads\/2025\/11\/Photo-5-Italian-300x135.png 300w, https:\/\/loveitaly.org\/v2\/wp-content\/uploads\/2025\/11\/Photo-5-Italian-1024x462.png 1024w, https:\/\/loveitaly.org\/v2\/wp-content\/uploads\/2025\/11\/Photo-5-Italian-768x347.png 768w, https:\/\/loveitaly.org\/v2\/wp-content\/uploads\/2025\/11\/Photo-5-Italian-1536x693.png 1536w, https:\/\/loveitaly.org\/v2\/wp-content\/uploads\/2025\/11\/Photo-5-Italian-2048x924.png 2048w, https:\/\/loveitaly.org\/v2\/wp-content\/uploads\/2025\/11\/Photo-5-Italian-600x271.png 600w\" sizes=\"auto, (max-width: 2129px) 100vw, 2129px\" \/><\/figure>\n<\/div>","protected":false},"excerpt":{"rendered":"<p>I NOSTRI PROGETTI &#8211;<\/p>\n","protected":false},"author":1,"featured_media":10922,"parent":9479,"menu_order":0,"comment_status":"closed","ping_status":"closed","template":"","meta":{"_acf_changed":false,"footnotes":""},"class_list":["post-9504","page","type-page","status-publish","has-post-thumbnail"],"acf":[],"yoast_head":"<!-- This site is optimized with the Yoast SEO plugin v27.3 - https:\/\/yoast.com\/product\/yoast-seo-wordpress\/ -->\n<title>Iuvart &#187; Love Italy<\/title>\n<meta name=\"robots\" content=\"index, follow, max-snippet:-1, max-image-preview:large, max-video-preview:-1\" \/>\n<link rel=\"canonical\" href=\"https:\/\/loveitaly.org\/it\/chi-siamo\/iuvart\/\" \/>\n<meta property=\"og:locale\" content=\"it_IT\" \/>\n<meta property=\"og:type\" content=\"article\" \/>\n<meta property=\"og:title\" content=\"Iuvart &#187; Love Italy\" \/>\n<meta property=\"og:description\" content=\"I NOSTRI PROGETTI -\" \/>\n<meta property=\"og:url\" content=\"https:\/\/loveitaly.org\/it\/chi-siamo\/iuvart\/\" \/>\n<meta property=\"og:site_name\" content=\"Love Italy\" \/>\n<meta property=\"article:modified_time\" content=\"2026-03-11T12:57:49+00:00\" \/>\n<meta property=\"og:image\" content=\"https:\/\/loveitaly.org\/v2\/wp-content\/uploads\/2021\/08\/cover2.png\" \/>\n\t<meta property=\"og:image:width\" content=\"3657\" \/>\n\t<meta property=\"og:image:height\" content=\"1000\" \/>\n\t<meta property=\"og:image:type\" content=\"image\/png\" \/>\n<meta name=\"twitter:card\" content=\"summary_large_image\" \/>\n<meta name=\"twitter:label1\" content=\"Tempo di lettura stimato\" \/>\n\t<meta name=\"twitter:data1\" content=\"12 minuti\" \/>\n<script type=\"application\/ld+json\" class=\"yoast-schema-graph\">{\"@context\":\"https:\\\/\\\/schema.org\",\"@graph\":[{\"@type\":\"WebPage\",\"@id\":\"https:\\\/\\\/loveitaly.org\\\/it\\\/chi-siamo\\\/iuvart\\\/\",\"url\":\"https:\\\/\\\/loveitaly.org\\\/it\\\/chi-siamo\\\/iuvart\\\/\",\"name\":\"Iuvart &#187; Love Italy\",\"isPartOf\":{\"@id\":\"https:\\\/\\\/loveitaly.org\\\/it\\\/#website\"},\"primaryImageOfPage\":{\"@id\":\"https:\\\/\\\/loveitaly.org\\\/it\\\/chi-siamo\\\/iuvart\\\/#primaryimage\"},\"image\":{\"@id\":\"https:\\\/\\\/loveitaly.org\\\/it\\\/chi-siamo\\\/iuvart\\\/#primaryimage\"},\"thumbnailUrl\":\"https:\\\/\\\/loveitaly.org\\\/v2\\\/wp-content\\\/uploads\\\/2021\\\/08\\\/cover2.png\",\"datePublished\":\"2021-02-16T14:42:46+00:00\",\"dateModified\":\"2026-03-11T12:57:49+00:00\",\"breadcrumb\":{\"@id\":\"https:\\\/\\\/loveitaly.org\\\/it\\\/chi-siamo\\\/iuvart\\\/#breadcrumb\"},\"inLanguage\":\"it-IT\",\"potentialAction\":[{\"@type\":\"ReadAction\",\"target\":[\"https:\\\/\\\/loveitaly.org\\\/it\\\/chi-siamo\\\/iuvart\\\/\"]}]},{\"@type\":\"ImageObject\",\"inLanguage\":\"it-IT\",\"@id\":\"https:\\\/\\\/loveitaly.org\\\/it\\\/chi-siamo\\\/iuvart\\\/#primaryimage\",\"url\":\"https:\\\/\\\/loveitaly.org\\\/v2\\\/wp-content\\\/uploads\\\/2021\\\/08\\\/cover2.png\",\"contentUrl\":\"https:\\\/\\\/loveitaly.org\\\/v2\\\/wp-content\\\/uploads\\\/2021\\\/08\\\/cover2.png\",\"width\":3657,\"height\":1000},{\"@type\":\"BreadcrumbList\",\"@id\":\"https:\\\/\\\/loveitaly.org\\\/it\\\/chi-siamo\\\/iuvart\\\/#breadcrumb\",\"itemListElement\":[{\"@type\":\"ListItem\",\"position\":1,\"name\":\"Home\",\"item\":\"https:\\\/\\\/loveitaly.org\\\/it\\\/\"},{\"@type\":\"ListItem\",\"position\":2,\"name\":\"Chi siamo\",\"item\":\"https:\\\/\\\/loveitaly.org\\\/it\\\/chi-siamo\\\/\"},{\"@type\":\"ListItem\",\"position\":3,\"name\":\"Iuvart\"}]},{\"@type\":\"WebSite\",\"@id\":\"https:\\\/\\\/loveitaly.org\\\/it\\\/#website\",\"url\":\"https:\\\/\\\/loveitaly.org\\\/it\\\/\",\"name\":\"Love Italy\",\"description\":\"Spread the love\",\"publisher\":{\"@id\":\"https:\\\/\\\/loveitaly.org\\\/it\\\/#organization\"},\"potentialAction\":[{\"@type\":\"SearchAction\",\"target\":{\"@type\":\"EntryPoint\",\"urlTemplate\":\"https:\\\/\\\/loveitaly.org\\\/it\\\/?s={search_term_string}\"},\"query-input\":{\"@type\":\"PropertyValueSpecification\",\"valueRequired\":true,\"valueName\":\"search_term_string\"}}],\"inLanguage\":\"it-IT\"},{\"@type\":\"Organization\",\"@id\":\"https:\\\/\\\/loveitaly.org\\\/it\\\/#organization\",\"name\":\"LoveItaly\",\"url\":\"https:\\\/\\\/loveitaly.org\\\/it\\\/\",\"logo\":{\"@type\":\"ImageObject\",\"inLanguage\":\"it-IT\",\"@id\":\"https:\\\/\\\/loveitaly.org\\\/it\\\/#\\\/schema\\\/logo\\\/image\\\/\",\"url\":\"https:\\\/\\\/loveitaly.org\\\/v2\\\/wp-content\\\/uploads\\\/2021\\\/02\\\/loveitaly-logo.png\",\"contentUrl\":\"https:\\\/\\\/loveitaly.org\\\/v2\\\/wp-content\\\/uploads\\\/2021\\\/02\\\/loveitaly-logo.png\",\"width\":300,\"height\":91,\"caption\":\"LoveItaly\"},\"image\":{\"@id\":\"https:\\\/\\\/loveitaly.org\\\/it\\\/#\\\/schema\\\/logo\\\/image\\\/\"}}]}<\/script>\n<!-- \/ Yoast SEO plugin. -->","yoast_head_json":{"title":"Iuvart &#187; Love Italy","robots":{"index":"index","follow":"follow","max-snippet":"max-snippet:-1","max-image-preview":"max-image-preview:large","max-video-preview":"max-video-preview:-1"},"canonical":"https:\/\/loveitaly.org\/it\/chi-siamo\/iuvart\/","og_locale":"it_IT","og_type":"article","og_title":"Iuvart &#187; Love Italy","og_description":"I NOSTRI PROGETTI -","og_url":"https:\/\/loveitaly.org\/it\/chi-siamo\/iuvart\/","og_site_name":"Love Italy","article_modified_time":"2026-03-11T12:57:49+00:00","og_image":[{"width":3657,"height":1000,"url":"https:\/\/loveitaly.org\/v2\/wp-content\/uploads\/2021\/08\/cover2.png","type":"image\/png"}],"twitter_card":"summary_large_image","twitter_misc":{"Tempo di lettura stimato":"12 minuti"},"schema":{"@context":"https:\/\/schema.org","@graph":[{"@type":"WebPage","@id":"https:\/\/loveitaly.org\/it\/chi-siamo\/iuvart\/","url":"https:\/\/loveitaly.org\/it\/chi-siamo\/iuvart\/","name":"Iuvart &#187; Love Italy","isPartOf":{"@id":"https:\/\/loveitaly.org\/it\/#website"},"primaryImageOfPage":{"@id":"https:\/\/loveitaly.org\/it\/chi-siamo\/iuvart\/#primaryimage"},"image":{"@id":"https:\/\/loveitaly.org\/it\/chi-siamo\/iuvart\/#primaryimage"},"thumbnailUrl":"https:\/\/loveitaly.org\/v2\/wp-content\/uploads\/2021\/08\/cover2.png","datePublished":"2021-02-16T14:42:46+00:00","dateModified":"2026-03-11T12:57:49+00:00","breadcrumb":{"@id":"https:\/\/loveitaly.org\/it\/chi-siamo\/iuvart\/#breadcrumb"},"inLanguage":"it-IT","potentialAction":[{"@type":"ReadAction","target":["https:\/\/loveitaly.org\/it\/chi-siamo\/iuvart\/"]}]},{"@type":"ImageObject","inLanguage":"it-IT","@id":"https:\/\/loveitaly.org\/it\/chi-siamo\/iuvart\/#primaryimage","url":"https:\/\/loveitaly.org\/v2\/wp-content\/uploads\/2021\/08\/cover2.png","contentUrl":"https:\/\/loveitaly.org\/v2\/wp-content\/uploads\/2021\/08\/cover2.png","width":3657,"height":1000},{"@type":"BreadcrumbList","@id":"https:\/\/loveitaly.org\/it\/chi-siamo\/iuvart\/#breadcrumb","itemListElement":[{"@type":"ListItem","position":1,"name":"Home","item":"https:\/\/loveitaly.org\/it\/"},{"@type":"ListItem","position":2,"name":"Chi siamo","item":"https:\/\/loveitaly.org\/it\/chi-siamo\/"},{"@type":"ListItem","position":3,"name":"Iuvart"}]},{"@type":"WebSite","@id":"https:\/\/loveitaly.org\/it\/#website","url":"https:\/\/loveitaly.org\/it\/","name":"Love Italy","description":"Spread the love","publisher":{"@id":"https:\/\/loveitaly.org\/it\/#organization"},"potentialAction":[{"@type":"SearchAction","target":{"@type":"EntryPoint","urlTemplate":"https:\/\/loveitaly.org\/it\/?s={search_term_string}"},"query-input":{"@type":"PropertyValueSpecification","valueRequired":true,"valueName":"search_term_string"}}],"inLanguage":"it-IT"},{"@type":"Organization","@id":"https:\/\/loveitaly.org\/it\/#organization","name":"LoveItaly","url":"https:\/\/loveitaly.org\/it\/","logo":{"@type":"ImageObject","inLanguage":"it-IT","@id":"https:\/\/loveitaly.org\/it\/#\/schema\/logo\/image\/","url":"https:\/\/loveitaly.org\/v2\/wp-content\/uploads\/2021\/02\/loveitaly-logo.png","contentUrl":"https:\/\/loveitaly.org\/v2\/wp-content\/uploads\/2021\/02\/loveitaly-logo.png","width":300,"height":91,"caption":"LoveItaly"},"image":{"@id":"https:\/\/loveitaly.org\/it\/#\/schema\/logo\/image\/"}}]}},"_links":{"self":[{"href":"https:\/\/loveitaly.org\/it\/wp-json\/wp\/v2\/pages\/9504","targetHints":{"allow":["GET"]}}],"collection":[{"href":"https:\/\/loveitaly.org\/it\/wp-json\/wp\/v2\/pages"}],"about":[{"href":"https:\/\/loveitaly.org\/it\/wp-json\/wp\/v2\/types\/page"}],"author":[{"embeddable":true,"href":"https:\/\/loveitaly.org\/it\/wp-json\/wp\/v2\/users\/1"}],"replies":[{"embeddable":true,"href":"https:\/\/loveitaly.org\/it\/wp-json\/wp\/v2\/comments?post=9504"}],"version-history":[{"count":7,"href":"https:\/\/loveitaly.org\/it\/wp-json\/wp\/v2\/pages\/9504\/revisions"}],"predecessor-version":[{"id":16820,"href":"https:\/\/loveitaly.org\/it\/wp-json\/wp\/v2\/pages\/9504\/revisions\/16820"}],"up":[{"embeddable":true,"href":"https:\/\/loveitaly.org\/it\/wp-json\/wp\/v2\/pages\/9479"}],"wp:featuredmedia":[{"embeddable":true,"href":"https:\/\/loveitaly.org\/it\/wp-json\/wp\/v2\/media\/10922"}],"wp:attachment":[{"href":"https:\/\/loveitaly.org\/it\/wp-json\/wp\/v2\/media?parent=9504"}],"curies":[{"name":"wp","href":"https:\/\/api.w.org\/{rel}","templated":true}]}}