{"id":9492,"date":"2021-02-16T15:36:59","date_gmt":"2021-02-16T14:36:59","guid":{"rendered":"https:\/\/loveitaly.org\/v2\/?page_id=9492"},"modified":"2025-02-18T19:28:38","modified_gmt":"2025-02-18T18:28:38","slug":"consiglio-di-amministrazione-e-staff","status":"publish","type":"page","link":"https:\/\/loveitaly.org\/it\/chi-siamo\/consiglio-di-amministrazione-e-staff\/","title":{"rendered":"Governance"},"content":{"rendered":"<div id=\"pl-gb9492-69f1ce843b286\"  class=\"panel-layout wp-block-siteorigin-panels-layout-block\" ><div id=\"pg-gb9492-69f1ce843b286-0\"  class=\"panel-grid panel-no-style\" ><div id=\"pgc-gb9492-69f1ce843b286-0-0\"  class=\"panel-grid-cell\" ><div id=\"panel-gb9492-69f1ce843b286-0-0-0\" class=\"so-panel widget widget_sow-editor panel-first-child panel-last-child\" data-index=\"0\" ><div\n\t\t\t\n\t\t\tclass=\"so-widget-sow-editor so-widget-sow-editor-base\"\n\t\t\t\n\t\t>\n<div class=\"siteorigin-widget-tinymce textwidget\">\n\t<h2 style=\"text-align: left;\">Consiglio Direttivo<\/h2>\n<\/div>\n<\/div><\/div><\/div><\/div><div id=\"pg-gb9492-69f1ce843b286-1\"  class=\"panel-grid panel-no-style\" ><div id=\"pgc-gb9492-69f1ce843b286-1-0\"  class=\"panel-grid-cell\" ><div id=\"panel-gb9492-69f1ce843b286-1-0-0\" class=\"so-panel widget widget_siteorigin-panels-builder panel-first-child panel-last-child\" data-index=\"1\" ><div class=\"team-box no-panel-margin panel-widget-style panel-widget-style-for-gb9492-69f1ce843b286-1-0-0\" ><div id=\"pl-w6245a76378722\"  class=\"panel-layout wp-block-siteorigin-panels-layout-block\" ><div id=\"pg-w6245a76378722-0\"  class=\"panel-grid panel-no-style\" ><div id=\"pgc-w6245a76378722-0-0\"  class=\"panel-grid-cell\" ><div id=\"panel-w6245a76378722-0-0-0\" class=\"so-panel widget widget_sow-editor panel-first-child\" data-index=\"0\" ><div\n\t\t\t\n\t\t\tclass=\"so-widget-sow-editor so-widget-sow-editor-base\"\n\t\t\t\n\t\t>\n<div class=\"siteorigin-widget-tinymce textwidget\">\n\t<h3 style=\"text-align: center;\">Richard Hodges<\/h3>\n<p style=\"text-align: center;\">Presidente<\/p>\n<\/div>\n<\/div><\/div><div id=\"panel-w6245a76378722-0-0-1\" class=\"so-panel widget widget_sow-image\" data-index=\"1\" ><div class=\"popup-trigger panel-widget-style panel-widget-style-for-w6245a76378722-0-0-1\" ><div\n\t\t\t\n\t\t\tclass=\"so-widget-sow-image so-widget-sow-image-default-8b5b6f678277\"\n\t\t\t\n\t\t>\n<div class=\"sow-image-container\">\n\t\t<img \n\tsrc=\"https:\/\/loveitaly.org\/v2\/wp-content\/uploads\/2022\/03\/richard-smiling-copia-480x480.jpg\" width=\"480\" height=\"480\" srcset=\"https:\/\/loveitaly.org\/v2\/wp-content\/uploads\/2022\/03\/richard-smiling-copia-480x480.jpg 480w, https:\/\/loveitaly.org\/v2\/wp-content\/uploads\/2022\/03\/richard-smiling-copia-150x150.jpg 150w, https:\/\/loveitaly.org\/v2\/wp-content\/uploads\/2022\/03\/richard-smiling-copia-450x450.jpg 450w, https:\/\/loveitaly.org\/v2\/wp-content\/uploads\/2022\/03\/richard-smiling-copia-100x100.jpg 100w\" sizes=\"(max-width: 480px) 100vw, 480px\" title=\"richard-smiling copia\" alt=\"\" \t\tclass=\"so-widget-image\"\/>\n\t<\/div>\n\n<\/div><\/div><\/div><div id=\"panel-w6245a76378722-0-0-2\" class=\"so-panel widget widget_sow-editor panel-last-child\" data-index=\"2\" ><div class=\"popup panel-widget-style panel-widget-style-for-w6245a76378722-0-0-2\" ><div\n\t\t\t\n\t\t\tclass=\"so-widget-sow-editor so-widget-sow-editor-base\"\n\t\t\t\n\t\t>\n<div class=\"siteorigin-widget-tinymce textwidget\">\n\t<h2>Dr. Richard Hodges, OBE<\/h2>\n<h3>Presidente<\/h3>\n<p>Dr. Richard Hodges OBE \u00e8 Presidente Emerito dell\u2019American University of Rome e Professore in Archeologia presso l\u2019Universit\u00e0 di East Anglia. Nel Consiglio dell\u2019Istituto Packard Humanities dal 2004, \u00e8 stato il Direttore Williams del Museo di Archeologia e Antropologia dell\u2019Universit\u00e0 della Pennsylvania (USA), Direttore della British School of Rome (1988-95), Direttore dell\u2019Istituto di Architettura del Principe di Galles (1996-98), Direttore Scientifico della Fondazione Butrint (1994-2012).<\/p>\n<p>Dal 1978 lavora nel campo dell\u2019archeologia italiana, prendendo parte alle indagini sulla Valle del Biferno (1978-79), al progetto di San Vincenzo al Volturno (1980-98) e al progetto Montarrenti (1982-87). Tra le sue pubblicazioni: Dark Age Economics, Mohammed, Charlemagne and the Origins of Europe, The Anglo-Saxon Achievement, Wall to Wall History, Towns and Trade in the Age of Charlemagne, Goodbye to the Vikings and (con Riccardo Francovich) Villa to Village.<\/p>\n<p>&nbsp;<\/p>\n<\/div>\n<\/div><\/div><\/div><\/div><\/div><\/div><\/div><\/div><\/div><div id=\"pgc-gb9492-69f1ce843b286-1-1\"  class=\"panel-grid-cell\" ><div id=\"panel-gb9492-69f1ce843b286-1-1-0\" class=\"so-panel widget widget_siteorigin-panels-builder panel-first-child panel-last-child\" data-index=\"2\" ><div class=\"team-box no-panel-margin panel-widget-style panel-widget-style-for-gb9492-69f1ce843b286-1-1-0\" ><div id=\"pl-w6245ca38caa66\"  class=\"panel-layout wp-block-siteorigin-panels-layout-block\" ><div id=\"pg-w6245ca38caa66-0\"  class=\"panel-grid panel-no-style\" ><div id=\"pgc-w6245ca38caa66-0-0\"  class=\"panel-grid-cell\" ><div id=\"panel-w6245ca38caa66-0-0-0\" class=\"so-panel widget widget_sow-editor panel-first-child\" data-index=\"0\" ><div\n\t\t\t\n\t\t\tclass=\"so-widget-sow-editor so-widget-sow-editor-base\"\n\t\t\t\n\t\t>\n<div class=\"siteorigin-widget-tinymce textwidget\">\n\t<h3 style=\"text-align: center;\">Tracy Roberts<\/h3>\n<p style=\"text-align: center;\">Vice Presidente<\/p>\n<\/div>\n<\/div><\/div><div id=\"panel-w6245ca38caa66-0-0-1\" class=\"so-panel widget widget_sow-image\" data-index=\"1\" ><div class=\"popup-trigger panel-widget-style panel-widget-style-for-w6245ca38caa66-0-0-1\" ><div\n\t\t\t\n\t\t\tclass=\"so-widget-sow-image so-widget-sow-image-default-dbf295114b96\"\n\t\t\t\n\t\t>\n<div class=\"sow-image-container\">\n\t\t<img \n\tsrc=\"https:\/\/loveitaly.org\/v2\/wp-content\/uploads\/2022\/03\/Tracy-Roberts-scaled-480x480.jpg\" width=\"480\" height=\"480\" srcset=\"https:\/\/loveitaly.org\/v2\/wp-content\/uploads\/2022\/03\/Tracy-Roberts-scaled-480x480.jpg 480w, https:\/\/loveitaly.org\/v2\/wp-content\/uploads\/2022\/03\/Tracy-Roberts-scaled-150x150.jpg 150w, https:\/\/loveitaly.org\/v2\/wp-content\/uploads\/2022\/03\/Tracy-Roberts-scaled-450x450.jpg 450w, https:\/\/loveitaly.org\/v2\/wp-content\/uploads\/2022\/03\/Tracy-Roberts-scaled-100x100.jpg 100w\" sizes=\"(max-width: 480px) 100vw, 480px\" title=\"Tracy Roberts\" alt=\"\" \t\tclass=\"so-widget-image\"\/>\n\t<\/div>\n\n<\/div><\/div><\/div><div id=\"panel-w6245ca38caa66-0-0-2\" class=\"so-panel widget widget_sow-editor panel-last-child\" data-index=\"2\" ><div class=\"popup panel-widget-style panel-widget-style-for-w6245ca38caa66-0-0-2\" ><div\n\t\t\t\n\t\t\tclass=\"so-widget-sow-editor so-widget-sow-editor-base\"\n\t\t\t\n\t\t>\n<div class=\"siteorigin-widget-tinymce textwidget\">\n\t<h2>Tracy Roberts<\/h2>\n<h3>Vice Presidente<\/h3>\n<p>Californiana di nascita, e italiana di adozione, Tracy Roberts ha fondato Loveitaly nel 2016 insieme a Luigi Capello. Dopo la laurea in scienze linguistiche presso l\u2019Universit\u00e0 della California a Los Angeles (UCLA), si trasferisce a Roma, dove avvia il progetto English Yellow Pages (1984-2011), una directory di professionisti, aziende e servizi di lingua inglese in Italia. Nel 1988 fonda Interazione, societ\u00e0 di pubbliche relazioni nella quale si dedica allo sviluppo e alla gestione delle relazioni dei propri clienti con la stampa internazionale, il governo e le istituzioni.<\/p>\n<p>Dal 2002 al 2006, \u00e8 stata Direttore Esecutivo della \u201cRome Chamber Music Festival\u201d e ha partecipato alla creazione di quello che verr\u00e0 poi considerato uno degli eventi musicali annuali pi\u00f9 importanti di Roma. Per Loveitaly \u00e8 incaricata di gestire tutti gli aspetti dell\u2019organizzazione, tra cui lo sviluppo internazionale del fundraising, la gestione delle sponsorizzazioni aziendali e delle pubbliche relazioni.<\/p>\n<p>&nbsp;<\/p>\n<\/div>\n<\/div><\/div><\/div><\/div><\/div><\/div><\/div><\/div><\/div><div id=\"pgc-gb9492-69f1ce843b286-1-2\"  class=\"panel-grid-cell\" ><div id=\"panel-gb9492-69f1ce843b286-1-2-0\" class=\"so-panel widget widget_siteorigin-panels-builder panel-first-child panel-last-child\" data-index=\"3\" ><div class=\"team-box no-panel-margin panel-widget-style panel-widget-style-for-gb9492-69f1ce843b286-1-2-0\" ><div id=\"pl-w6245a76379798\"  class=\"panel-layout wp-block-siteorigin-panels-layout-block\" ><div id=\"pg-w6245a76379798-0\"  class=\"panel-grid panel-no-style\" ><div id=\"pgc-w6245a76379798-0-0\"  class=\"panel-grid-cell\" ><div id=\"panel-w6245a76379798-0-0-0\" class=\"so-panel widget widget_sow-editor panel-first-child\" data-index=\"0\" ><div\n\t\t\t\n\t\t\tclass=\"so-widget-sow-editor so-widget-sow-editor-base\"\n\t\t\t\n\t\t>\n<div class=\"siteorigin-widget-tinymce textwidget\">\n\t<h3 style=\"text-align: center;\">Stefano Pighini<\/h3>\n<p style=\"text-align: center;\">Vice Presidente Esecutivo<\/p>\n<\/div>\n<\/div><\/div><div id=\"panel-w6245a76379798-0-0-1\" class=\"so-panel widget widget_sow-image\" data-index=\"1\" ><div class=\"popup-trigger panel-widget-style panel-widget-style-for-w6245a76379798-0-0-1\" ><div\n\t\t\t\n\t\t\tclass=\"so-widget-sow-image so-widget-sow-image-default-dbf295114b96\"\n\t\t\t\n\t\t>\n<div class=\"sow-image-container\">\n\t\t<img \n\tsrc=\"https:\/\/loveitaly.org\/v2\/wp-content\/uploads\/2021\/07\/loveitaly-stefano-pighini-e1648739541852-480x480.jpg\" width=\"480\" height=\"480\" srcset=\"https:\/\/loveitaly.org\/v2\/wp-content\/uploads\/2021\/07\/loveitaly-stefano-pighini-e1648739541852-480x480.jpg 480w, https:\/\/loveitaly.org\/v2\/wp-content\/uploads\/2021\/07\/loveitaly-stefano-pighini-e1648739541852-150x150.jpg 150w, https:\/\/loveitaly.org\/v2\/wp-content\/uploads\/2021\/07\/loveitaly-stefano-pighini-e1648739541852-450x450.jpg 450w, https:\/\/loveitaly.org\/v2\/wp-content\/uploads\/2021\/07\/loveitaly-stefano-pighini-e1648739541852-100x100.jpg 100w\" sizes=\"(max-width: 480px) 100vw, 480px\" title=\"loveitaly-stefano-pighini\" alt=\"\" \t\tclass=\"so-widget-image\"\/>\n\t<\/div>\n\n<\/div><\/div><\/div><div id=\"panel-w6245a76379798-0-0-2\" class=\"so-panel widget widget_sow-editor panel-last-child\" data-index=\"2\" ><div class=\"popup panel-widget-style panel-widget-style-for-w6245a76379798-0-0-2\" ><div\n\t\t\t\n\t\t\tclass=\"so-widget-sow-editor so-widget-sow-editor-base\"\n\t\t\t\n\t\t>\n<div class=\"siteorigin-widget-tinymce textwidget\">\n\t<h2>Stefano Pighini<\/h2>\n<h3>Vice Presidente Esecutivo<\/h3>\n<p>Stefano Pighini \u00e8 un Business Angel con trent\u2019anni di esperienza in sviluppo e M&amp;A in aziende come Philip Morris, Pirelli, ENI ed Enel. \u00c8 stato amministratore di societ\u00e0 di leasing e factoring, catene di vendita, fondi pensione e attivit\u00e0 finanziarie. Ha preso parte alla quotazione iniziale di Eni ed Enel nel mercato azionario di Milano e New York, e di Pirelli Tyre presso il mercato azionario di Amsterdam.<\/p>\n<p>Attualmente \u00e8 Amministratore Delegato e Presidente di societ\u00e0 attive nel campo delle energie rinnovabili. \u00c8 attivo nel campo delle associazioni non profit: \u00e8 stato Segretario, Tesoriere e Vice Presidente della UCID, Unione degli Imprenditori e Dirigenti Cristiani di Milano e Roma, Tesoriere e Presidente della Federazione Romana del Nastro Azzurro e presidente dell\u2019Associazione per lo Sviluppo dell\u2019Imprenditoria. \u00c8, inoltre, Presidente del gruppo LVenture.<\/p>\n<p>&nbsp;<\/p>\n<\/div>\n<\/div><\/div><\/div><\/div><\/div><\/div><\/div><\/div><\/div><\/div><div id=\"pg-gb9492-69f1ce843b286-2\"  class=\"panel-grid panel-no-style\" ><div id=\"pgc-gb9492-69f1ce843b286-2-0\"  class=\"panel-grid-cell\" ><div id=\"panel-gb9492-69f1ce843b286-2-0-0\" class=\"so-panel widget widget_siteorigin-panels-builder panel-first-child panel-last-child\" data-index=\"4\" ><div class=\"team-box no-panel-margin panel-widget-style panel-widget-style-for-gb9492-69f1ce843b286-2-0-0\" ><div id=\"pl-w6658452261ff0\"  class=\"panel-layout wp-block-siteorigin-panels-layout-block\" ><div id=\"pg-w6658452261ff0-0\"  class=\"panel-grid panel-no-style\" ><div id=\"pgc-w6658452261ff0-0-0\"  class=\"panel-grid-cell\" ><div id=\"panel-w6658452261ff0-0-0-0\" class=\"so-panel widget widget_sow-editor panel-first-child\" data-index=\"0\" ><div\n\t\t\t\n\t\t\tclass=\"so-widget-sow-editor so-widget-sow-editor-base\"\n\t\t\t\n\t\t>\n<div class=\"siteorigin-widget-tinymce textwidget\">\n\t<h3 style=\"text-align: center;\">Marco Grassi<\/h3>\n<\/div>\n<\/div><\/div><div id=\"panel-w6658452261ff0-0-0-1\" class=\"so-panel widget widget_sow-image\" data-index=\"1\" ><div class=\"popup-trigger panel-widget-style panel-widget-style-for-w6658452261ff0-0-0-1\" ><div\n\t\t\t\n\t\t\tclass=\"so-widget-sow-image so-widget-sow-image-default-dbf295114b96\"\n\t\t\t\n\t\t>\n<div class=\"sow-image-container\">\n\t\t<img \n\tsrc=\"https:\/\/loveitaly.org\/v2\/wp-content\/uploads\/2022\/03\/Marco-Grassi-scaled-480x480.jpg\" width=\"480\" height=\"480\" srcset=\"https:\/\/loveitaly.org\/v2\/wp-content\/uploads\/2022\/03\/Marco-Grassi-scaled-480x480.jpg 480w, https:\/\/loveitaly.org\/v2\/wp-content\/uploads\/2022\/03\/Marco-Grassi-scaled-150x150.jpg 150w, https:\/\/loveitaly.org\/v2\/wp-content\/uploads\/2022\/03\/Marco-Grassi-scaled-450x450.jpg 450w, https:\/\/loveitaly.org\/v2\/wp-content\/uploads\/2022\/03\/Marco-Grassi-scaled-100x100.jpg 100w\" sizes=\"(max-width: 480px) 100vw, 480px\" title=\"Marco Grassi\" alt=\"\" \t\tclass=\"so-widget-image\"\/>\n\t<\/div>\n\n<\/div><\/div><\/div><div id=\"panel-w6658452261ff0-0-0-2\" class=\"so-panel widget widget_sow-editor panel-last-child\" data-index=\"2\" ><div class=\"popup panel-widget-style panel-widget-style-for-w6658452261ff0-0-0-2\" ><div\n\t\t\t\n\t\t\tclass=\"so-widget-sow-editor so-widget-sow-editor-base\"\n\t\t\t\n\t\t>\n<div class=\"siteorigin-widget-tinymce textwidget\">\n\t<h2>Marco Grassi<\/h2>\n<p>Laureato in ingegneria meccanica, Marco Grassi \u00e8 un investitore in piattaforme smart-communities e startup, con 25 anni di esperienza in aziende di ICT come Telefonica, IBM e Atradius Credit, dove ha ricoperto posizioni manageriali in Italia e all\u2019estero. Ha condotto progetti internazionali di successo e risanamenti aziendali per fondi equity e family trust. \u00c8 attualmente leader di progetti di co-ricerca su Big Data e Business Intelligence in partnership con centri di ricerca quali UNITN European Institute of Technology di Trento e il dipartimento di meccanica &amp; ingegneria aerospaziale della Sapienza.<\/p>\n<p>E\u2019 attivista in numerose iniziative per l\u2019applicazione di tecnologie innovative nell\u2019ambito dei beni culturali e in progetti sociali, oltre che membro di tavoli di lavoro per Confindustria Servizi Innovativi. E\u2019 stato membro del comitato esecutivo del management di associazioni non profit.<\/p>\n<p>&nbsp;<\/p>\n<p>&nbsp;<\/p>\n<\/div>\n<\/div><\/div><\/div><\/div><\/div><\/div><\/div><\/div><\/div><div id=\"pgc-gb9492-69f1ce843b286-2-1\"  class=\"panel-grid-cell\" ><div id=\"panel-gb9492-69f1ce843b286-2-1-0\" class=\"so-panel widget widget_siteorigin-panels-builder panel-first-child panel-last-child\" data-index=\"5\" ><div class=\"team-box no-panel-margin panel-widget-style panel-widget-style-for-gb9492-69f1ce843b286-2-1-0\" ><div id=\"pl-w6658452269c7f\"  class=\"panel-layout wp-block-siteorigin-panels-layout-block\" ><div id=\"pg-w6658452269c7f-0\"  class=\"panel-grid panel-no-style\" ><div id=\"pgc-w6658452269c7f-0-0\"  class=\"panel-grid-cell\" ><div id=\"panel-w6658452269c7f-0-0-0\" class=\"so-panel widget widget_sow-editor panel-first-child\" data-index=\"0\" ><div\n\t\t\t\n\t\t\tclass=\"so-widget-sow-editor so-widget-sow-editor-base\"\n\t\t\t\n\t\t>\n<div class=\"siteorigin-widget-tinymce textwidget\">\n\t<h3 style=\"text-align: center;\">Gloria Arditi<\/h3>\n<\/div>\n<\/div><\/div><div id=\"panel-w6658452269c7f-0-0-1\" class=\"so-panel widget widget_sow-image\" data-index=\"1\" ><div class=\"popup-trigger panel-widget-style panel-widget-style-for-w6658452269c7f-0-0-1\" ><div\n\t\t\t\n\t\t\tclass=\"so-widget-sow-image so-widget-sow-image-default-dbf295114b96\"\n\t\t\t\n\t\t>\n<div class=\"sow-image-container\">\n\t\t<img \n\tsrc=\"https:\/\/loveitaly.org\/v2\/wp-content\/uploads\/2024\/03\/Foto-Gloria-Arditi-480x480.png\" width=\"480\" height=\"480\" srcset=\"https:\/\/loveitaly.org\/v2\/wp-content\/uploads\/2024\/03\/Foto-Gloria-Arditi-480x480.png 480w, https:\/\/loveitaly.org\/v2\/wp-content\/uploads\/2024\/03\/Foto-Gloria-Arditi-150x150.png 150w, https:\/\/loveitaly.org\/v2\/wp-content\/uploads\/2024\/03\/Foto-Gloria-Arditi-450x450.png 450w, https:\/\/loveitaly.org\/v2\/wp-content\/uploads\/2024\/03\/Foto-Gloria-Arditi-100x100.png 100w\" sizes=\"(max-width: 480px) 100vw, 480px\" title=\"Foto Gloria Arditi\" alt=\"\" \t\tclass=\"so-widget-image\"\/>\n\t<\/div>\n\n<\/div><\/div><\/div><div id=\"panel-w6658452269c7f-0-0-2\" class=\"so-panel widget widget_sow-editor panel-last-child\" data-index=\"2\" ><div class=\"popup panel-widget-style panel-widget-style-for-w6658452269c7f-0-0-2\" ><div\n\t\t\t\n\t\t\tclass=\"so-widget-sow-editor so-widget-sow-editor-base\"\n\t\t\t\n\t\t>\n<div class=\"siteorigin-widget-tinymce textwidget\">\n\t<h2>Gloria Arditi<\/h2>\n<p>Gloria Arditi ha studiato alla Columbia University, dove ha scritto una tesi sul Restauro degli edifici del Movimento Moderno. Ha conseguito il suo Dottorato di Ricerca in Tecnologia dell\u2019Architettura all\u2019Universit\u00e0 Ludovico Quaroni (La Sapienza). Ha lavorato al progetto di restauro della Statua della Libert\u00e0 e di Ellis Island a New York. Ha curato e scritto per Disegno Industriale\/Industrial Design, DIID, e IL PROGETTO e pubblicato un libro su Gio Ponti (Venti Cristalli di Architettura).<\/p>\n<p>Nel 2006, \u00e8 stata nominata Vicepresidente dell\u2019Associazione Palatina &#8211; Istanbul e ha lavorato a una proposta per il Ministero degli Affari Esteri sul restauro di Villa Tarabya, splendido capolavoro dell\u2019architettura italiana dec\u00f2. Con lo Studio Gentiloni Silveri, ha partecipato al restauro di vari edifici storici di Roma e raccolto i fondi necessari per finanziare interventi nella Basilica Papale di San Paolo fuori le Mura.<\/p>\n<p>&nbsp;<\/p>\n<\/div>\n<\/div><\/div><\/div><\/div><\/div><\/div><\/div><\/div><\/div><div id=\"pgc-gb9492-69f1ce843b286-2-2\"  class=\"panel-grid-cell\" ><div id=\"panel-gb9492-69f1ce843b286-2-2-0\" class=\"so-panel widget widget_siteorigin-panels-builder panel-first-child panel-last-child\" data-index=\"6\" ><div class=\"team-box no-panel-margin panel-widget-style panel-widget-style-for-gb9492-69f1ce843b286-2-2-0\" ><div id=\"pl-w5k4lmdk3vvu\"  class=\"panel-layout wp-block-siteorigin-panels-layout-block\" ><div id=\"pg-w5k4lmdk3vvu-0\"  class=\"panel-grid panel-no-style\" ><div id=\"pgc-w5k4lmdk3vvu-0-0\"  class=\"panel-grid-cell\" ><div id=\"panel-w5k4lmdk3vvu-0-0-0\" class=\"so-panel widget widget_sow-editor panel-first-child\" data-index=\"0\" ><div\n\t\t\t\n\t\t\tclass=\"so-widget-sow-editor so-widget-sow-editor-base\"\n\t\t\t\n\t\t>\n<div class=\"siteorigin-widget-tinymce textwidget\">\n\t<h3 style=\"text-align: center;\">Dario Beccarini<\/h3>\n<\/div>\n<\/div><\/div><div id=\"panel-w5k4lmdk3vvu-0-0-1\" class=\"so-panel widget widget_sow-image\" data-index=\"1\" ><div class=\"popup-trigger panel-widget-style panel-widget-style-for-w5k4lmdk3vvu-0-0-1\" ><div\n\t\t\t\n\t\t\tclass=\"so-widget-sow-image so-widget-sow-image-default-dbf295114b96\"\n\t\t\t\n\t\t>\n<div class=\"sow-image-container\">\n\t\t<img \n\tsrc=\"https:\/\/loveitaly.org\/v2\/wp-content\/uploads\/2021\/07\/loveitaly-team-dario-beccarini-e1648739712774-480x480.jpg\" width=\"480\" height=\"480\" srcset=\"https:\/\/loveitaly.org\/v2\/wp-content\/uploads\/2021\/07\/loveitaly-team-dario-beccarini-e1648739712774-480x480.jpg 480w, https:\/\/loveitaly.org\/v2\/wp-content\/uploads\/2021\/07\/loveitaly-team-dario-beccarini-e1648739712774-150x150.jpg 150w, https:\/\/loveitaly.org\/v2\/wp-content\/uploads\/2021\/07\/loveitaly-team-dario-beccarini-e1648739712774-450x450.jpg 450w, https:\/\/loveitaly.org\/v2\/wp-content\/uploads\/2021\/07\/loveitaly-team-dario-beccarini-e1648739712774-100x100.jpg 100w\" sizes=\"(max-width: 480px) 100vw, 480px\" title=\"loveitaly-team-dario-beccarini\" alt=\"\" \t\tclass=\"so-widget-image\"\/>\n\t<\/div>\n\n<\/div><\/div><\/div><div id=\"panel-w5k4lmdk3vvu-0-0-2\" class=\"so-panel widget widget_sow-editor panel-last-child\" data-index=\"2\" ><div class=\"popup panel-widget-style panel-widget-style-for-w5k4lmdk3vvu-0-0-2\" ><div\n\t\t\t\n\t\t\tclass=\"so-widget-sow-editor so-widget-sow-editor-base\"\n\t\t\t\n\t\t>\n<div class=\"siteorigin-widget-tinymce textwidget\">\n\t<h2>Dario Beccarini<\/h2>\n<p><span class=\"\">Dario Beccarini (PhD) \u00e8 consulente per disegni, dipinti e libri antichi di primari musei, case d\u2019asta e collezionisti in Europa, USA e America Latina e docente a contratto in Storia dell\u2019Arte presso l\u2019Universit\u00e0 degli Studi di Roma Tor Vergata.<\/span><\/p>\n<\/div>\n<\/div><\/div><\/div><\/div><\/div><\/div><\/div><\/div><\/div><\/div><div id=\"pg-gb9492-69f1ce843b286-3\"  class=\"panel-grid panel-no-style\" ><div id=\"pgc-gb9492-69f1ce843b286-3-0\"  class=\"panel-grid-cell\" ><div id=\"panel-gb9492-69f1ce843b286-3-0-0\" class=\"so-panel widget widget_siteorigin-panels-builder panel-first-child panel-last-child\" data-index=\"7\" ><div class=\"team-box no-panel-margin panel-widget-style panel-widget-style-for-gb9492-69f1ce843b286-3-0-0\" ><div id=\"pl-w6245a7637aa24\"  class=\"panel-layout wp-block-siteorigin-panels-layout-block\" ><div id=\"pg-w6245a7637aa24-0\"  class=\"panel-grid panel-no-style\" ><div id=\"pgc-w6245a7637aa24-0-0\"  class=\"panel-grid-cell\" ><div id=\"panel-w6245a7637aa24-0-0-0\" class=\"so-panel widget widget_sow-editor panel-first-child\" data-index=\"0\" ><div\n\t\t\t\n\t\t\tclass=\"so-widget-sow-editor so-widget-sow-editor-base\"\n\t\t\t\n\t\t>\n<div class=\"siteorigin-widget-tinymce textwidget\">\n\t<h3 style=\"text-align: center;\">Francesco Sforza Cesarini<\/h3>\n<\/div>\n<\/div><\/div><div id=\"panel-w6245a7637aa24-0-0-1\" class=\"so-panel widget widget_sow-image\" data-index=\"1\" ><div class=\"popup-trigger panel-widget-style panel-widget-style-for-w6245a7637aa24-0-0-1\" ><div\n\t\t\t\n\t\t\tclass=\"so-widget-sow-image so-widget-sow-image-default-dbf295114b96\"\n\t\t\t\n\t\t>\n<div class=\"sow-image-container\">\n\t\t<img \n\tsrc=\"https:\/\/loveitaly.org\/v2\/wp-content\/uploads\/2021\/07\/francesco-sforza-cesarini-e1648739929195-480x480.jpg\" width=\"480\" height=\"480\" srcset=\"https:\/\/loveitaly.org\/v2\/wp-content\/uploads\/2021\/07\/francesco-sforza-cesarini-e1648739929195-480x480.jpg 480w, https:\/\/loveitaly.org\/v2\/wp-content\/uploads\/2021\/07\/francesco-sforza-cesarini-e1648739929195-150x150.jpg 150w, https:\/\/loveitaly.org\/v2\/wp-content\/uploads\/2021\/07\/francesco-sforza-cesarini-e1648739929195-450x450.jpg 450w, https:\/\/loveitaly.org\/v2\/wp-content\/uploads\/2021\/07\/francesco-sforza-cesarini-e1648739929195-100x100.jpg 100w\" sizes=\"(max-width: 480px) 100vw, 480px\" title=\"francesco-sforza-cesarini\" alt=\"\" \t\tclass=\"so-widget-image\"\/>\n\t<\/div>\n\n<\/div><\/div><\/div><div id=\"panel-w6245a7637aa24-0-0-2\" class=\"so-panel widget widget_sow-editor panel-last-child\" data-index=\"2\" ><div class=\"popup panel-widget-style panel-widget-style-for-w6245a7637aa24-0-0-2\" ><div\n\t\t\t\n\t\t\tclass=\"so-widget-sow-editor so-widget-sow-editor-base\"\n\t\t\t\n\t\t>\n<div class=\"siteorigin-widget-tinymce textwidget\">\n\t<h2>Francesco Sforza Cesarini<\/h2>\n<p>Francesco Sforza Cesarini gestisce una societ\u00e0 immobiliare e un \u2018family office\u2019 a Roma. Gi\u00e0 presidente per il Lazio di Dimore Storiche Italiane, un\u2019associazione privata che riunisce i proprietari di immobili storici di tutta Italia e li sostiene nella valorizzazione e nel recupero delle dimore. Ha fondato l\u2019Associazione Rione Ponte e Dintorni che partecipa attivamente a dibattiti e progetti con le autorit\u00e0 locali per migliorare la qualit\u00e0 della vita nel centro di Roma.<\/p>\n<p>Dopo il diploma in Inghilterra, consegue prima un BBA e poi, nel 1989, un MBA presso l\u2019Universit\u00e0 della\u00a0<em><strong>Florida<\/strong><\/em>\u00a0Meridionale (USF University of\u00a0<em><strong>South Florida<\/strong><\/em>).\u00a0Ha lavorato in finanza dal 1990 al 2011 spostandosi tra Svizzera, Portogallo, Francia, Regno Unito, a Milano con Caboto Sim e a Roma in BNL e JPMorgan. \u00a0E\u2019 appassionato di storia e viaggi.<\/p>\n<p>&nbsp;<\/p>\n<\/div>\n<\/div><\/div><\/div><\/div><\/div><\/div><\/div><\/div><\/div><div id=\"pgc-gb9492-69f1ce843b286-3-1\"  class=\"panel-grid-cell\" ><div id=\"panel-gb9492-69f1ce843b286-3-1-0\" class=\"so-panel widget widget_siteorigin-panels-builder panel-first-child panel-last-child\" data-index=\"8\" ><div class=\"team-box no-panel-margin panel-widget-style panel-widget-style-for-gb9492-69f1ce843b286-3-1-0\" ><div id=\"pl-wwqvbk1dhxxc\"  class=\"panel-layout wp-block-siteorigin-panels-layout-block\" ><div id=\"pg-wwqvbk1dhxxc-0\"  class=\"panel-grid panel-no-style\" ><div id=\"pgc-wwqvbk1dhxxc-0-0\"  class=\"panel-grid-cell\" ><div id=\"panel-wwqvbk1dhxxc-0-0-0\" class=\"so-panel widget widget_sow-editor panel-first-child\" data-index=\"0\" ><div\n\t\t\t\n\t\t\tclass=\"so-widget-sow-editor so-widget-sow-editor-base\"\n\t\t\t\n\t\t>\n<div class=\"siteorigin-widget-tinymce textwidget\">\n\t<h3 style=\"text-align: center;\">Francesca Grassi<\/h3>\n<\/div>\n<\/div><\/div><div id=\"panel-wwqvbk1dhxxc-0-0-1\" class=\"so-panel widget widget_sow-image\" data-index=\"1\" ><div class=\"popup-trigger panel-widget-style panel-widget-style-for-wwqvbk1dhxxc-0-0-1\" ><div\n\t\t\t\n\t\t\tclass=\"so-widget-sow-image so-widget-sow-image-default-dbf295114b96\"\n\t\t\t\n\t\t>\n<div class=\"sow-image-container\">\n\t\t<img \n\tsrc=\"https:\/\/loveitaly.org\/v2\/wp-content\/uploads\/2022\/03\/Francesca-Grassi2-480x480.jpg\" width=\"480\" height=\"480\" srcset=\"https:\/\/loveitaly.org\/v2\/wp-content\/uploads\/2022\/03\/Francesca-Grassi2-480x480.jpg 480w, https:\/\/loveitaly.org\/v2\/wp-content\/uploads\/2022\/03\/Francesca-Grassi2-150x150.jpg 150w, https:\/\/loveitaly.org\/v2\/wp-content\/uploads\/2022\/03\/Francesca-Grassi2-450x450.jpg 450w, https:\/\/loveitaly.org\/v2\/wp-content\/uploads\/2022\/03\/Francesca-Grassi2-100x100.jpg 100w\" sizes=\"(max-width: 480px) 100vw, 480px\" title=\"Francesca Grassi2\" alt=\"\" \t\tclass=\"so-widget-image\"\/>\n\t<\/div>\n\n<\/div><\/div><\/div><div id=\"panel-wwqvbk1dhxxc-0-0-2\" class=\"so-panel widget widget_sow-editor panel-last-child\" data-index=\"2\" ><div class=\"popup panel-widget-style panel-widget-style-for-wwqvbk1dhxxc-0-0-2\" ><div\n\t\t\t\n\t\t\tclass=\"so-widget-sow-editor so-widget-sow-editor-base\"\n\t\t\t\n\t\t>\n<div class=\"siteorigin-widget-tinymce textwidget\">\n\t<h2>Francesca Grassi<\/h2>\n<p>Francesca Grassi, laureata in Ingegneria Gestionale, dal 2017 \u00e8 consulente di Direzione Aziendale presso la societ\u00e0 EY Advisory SpA, specializzata in attivit\u00e0 di Project Management e Business Process Analysis nel settore dei servizi finanziari.<\/p>\n<p>Membro del Consiglio Direttivo di LoveItaly come rappresentante del Gruppo Giovani, si occupa di organizzare e gestire iniziative rivolte agli under 35 per la promozione e valorizzazione del patrimonio culturale italiano.<\/p>\n<\/div>\n<\/div><\/div><\/div><\/div><\/div><\/div><\/div><\/div><\/div><div id=\"pgc-gb9492-69f1ce843b286-3-2\"  class=\"panel-grid-cell\" ><div id=\"panel-gb9492-69f1ce843b286-3-2-0\" class=\"so-panel widget widget_siteorigin-panels-builder panel-first-child panel-last-child\" data-index=\"9\" ><div class=\"team-box no-panel-margin panel-widget-style panel-widget-style-for-gb9492-69f1ce843b286-3-2-0\" ><div id=\"pl-w6245a7637a408\"  class=\"panel-layout wp-block-siteorigin-panels-layout-block\" ><div id=\"pg-w6245a7637a408-0\"  class=\"panel-grid panel-no-style\" ><div id=\"pgc-w6245a7637a408-0-0\"  class=\"panel-grid-cell\" ><div id=\"panel-w6245a7637a408-0-0-0\" class=\"so-panel widget widget_sow-editor panel-first-child\" data-index=\"0\" ><div\n\t\t\t\n\t\t\tclass=\"so-widget-sow-editor so-widget-sow-editor-base\"\n\t\t\t\n\t\t>\n<div class=\"siteorigin-widget-tinymce textwidget\">\n\t<h3 style=\"text-align: center;\">Giovanni Gazzola<\/h3>\n<\/div>\n<\/div><\/div><div id=\"panel-w6245a7637a408-0-0-1\" class=\"so-panel widget widget_sow-image\" data-index=\"1\" ><div class=\"popup-trigger panel-widget-style panel-widget-style-for-w6245a7637a408-0-0-1\" ><div\n\t\t\t\n\t\t\tclass=\"so-widget-sow-image so-widget-sow-image-default-dbf295114b96\"\n\t\t\t\n\t\t>\n<div class=\"sow-image-container\">\n\t\t<img \n\tsrc=\"https:\/\/loveitaly.org\/v2\/wp-content\/uploads\/2021\/07\/loveitaly-giovanni-gazzola-e1648739822682-480x480.jpg\" width=\"480\" height=\"480\" srcset=\"https:\/\/loveitaly.org\/v2\/wp-content\/uploads\/2021\/07\/loveitaly-giovanni-gazzola-e1648739822682-480x480.jpg 480w, https:\/\/loveitaly.org\/v2\/wp-content\/uploads\/2021\/07\/loveitaly-giovanni-gazzola-e1648739822682-150x150.jpg 150w, https:\/\/loveitaly.org\/v2\/wp-content\/uploads\/2021\/07\/loveitaly-giovanni-gazzola-e1648739822682-450x450.jpg 450w, https:\/\/loveitaly.org\/v2\/wp-content\/uploads\/2021\/07\/loveitaly-giovanni-gazzola-e1648739822682-100x100.jpg 100w\" sizes=\"(max-width: 480px) 100vw, 480px\" title=\"loveitaly-giovanni-gazzola\" alt=\"\" \t\tclass=\"so-widget-image\"\/>\n\t<\/div>\n\n<\/div><\/div><\/div><div id=\"panel-w6245a7637a408-0-0-2\" class=\"so-panel widget widget_sow-editor panel-last-child\" data-index=\"2\" ><div class=\"popup panel-widget-style panel-widget-style-for-w6245a7637a408-0-0-2\" ><div\n\t\t\t\n\t\t\tclass=\"so-widget-sow-editor so-widget-sow-editor-base\"\n\t\t\t\n\t\t>\n<div class=\"siteorigin-widget-tinymce textwidget\">\n\t<h2>Giovanni Gazzola<\/h2>\n<p>Giovanni Gazzola \u00e8 un investitore con esperienza pi\u00f9 che ventennale nel settore ICT. Ha lavorato per importanti compagnie come Olivetti e GFI. Ha gestito clienti istituzionali nella Pubblica Amministrazione (Ministero del Tesoro e Ministero della Giustizia) e nelle telecomunicazioni (Telecom).<\/p>\n<p>Nel 2011 ha fondato EnLabs SRL come CEO e nel 2013 cofounder di LVenture Group SpA di cui \u00e9 stato COO fino al 2021; dal 2013 \u00e8 Chairman &amp; CEO di LV.EN Holding SRL. Ha guidato diversi gruppi di lavoro nazionali di successo.<\/p>\n<p>&nbsp;<\/p>\n<\/div>\n<\/div><\/div><\/div><\/div><\/div><\/div><\/div><\/div><\/div><\/div><div id=\"pg-gb9492-69f1ce843b286-4\"  class=\"panel-grid panel-no-style\" ><div id=\"pgc-gb9492-69f1ce843b286-4-0\"  class=\"panel-grid-cell\" ><div id=\"panel-gb9492-69f1ce843b286-4-0-0\" class=\"so-panel widget widget_siteorigin-panels-builder panel-first-child panel-last-child\" data-index=\"10\" ><div class=\"team-box no-panel-margin panel-widget-style panel-widget-style-for-gb9492-69f1ce843b286-4-0-0\" ><div id=\"pl-w6245c41519f77\"  class=\"panel-layout wp-block-siteorigin-panels-layout-block\" ><div id=\"pg-w6245c41519f77-0\"  class=\"panel-grid panel-no-style\" ><div id=\"pgc-w6245c41519f77-0-0\"  class=\"panel-grid-cell\" ><div id=\"panel-w6245c41519f77-0-0-0\" class=\"so-panel widget widget_sow-editor panel-first-child\" data-index=\"0\" ><div\n\t\t\t\n\t\t\tclass=\"so-widget-sow-editor so-widget-sow-editor-base\"\n\t\t\t\n\t\t>\n<div class=\"siteorigin-widget-tinymce textwidget\">\n\t<h3 style=\"text-align: center;\">Giovanni Adorni Braccesi<\/h3>\n<\/div>\n<\/div><\/div><div id=\"panel-w6245c41519f77-0-0-1\" class=\"so-panel widget widget_sow-image\" data-index=\"1\" ><div class=\"popup-trigger panel-widget-style panel-widget-style-for-w6245c41519f77-0-0-1\" ><div\n\t\t\t\n\t\t\tclass=\"so-widget-sow-image so-widget-sow-image-default-dbf295114b96\"\n\t\t\t\n\t\t>\n<div class=\"sow-image-container\">\n\t\t<img \n\tsrc=\"https:\/\/loveitaly.org\/v2\/wp-content\/uploads\/2021\/07\/loveitaly-giovanni-adorni-braccesi-e1648739640515-480x480.jpg\" width=\"480\" height=\"480\" srcset=\"https:\/\/loveitaly.org\/v2\/wp-content\/uploads\/2021\/07\/loveitaly-giovanni-adorni-braccesi-e1648739640515-480x480.jpg 480w, https:\/\/loveitaly.org\/v2\/wp-content\/uploads\/2021\/07\/loveitaly-giovanni-adorni-braccesi-e1648739640515-150x150.jpg 150w, https:\/\/loveitaly.org\/v2\/wp-content\/uploads\/2021\/07\/loveitaly-giovanni-adorni-braccesi-e1648739640515-450x450.jpg 450w, https:\/\/loveitaly.org\/v2\/wp-content\/uploads\/2021\/07\/loveitaly-giovanni-adorni-braccesi-e1648739640515-100x100.jpg 100w\" sizes=\"(max-width: 480px) 100vw, 480px\" title=\"loveitaly-giovanni-adorni-braccesi\" alt=\"\" \t\tclass=\"so-widget-image\"\/>\n\t<\/div>\n\n<\/div><\/div><\/div><div id=\"panel-w6245c41519f77-0-0-2\" class=\"so-panel widget widget_sow-editor panel-last-child\" data-index=\"2\" ><div class=\"popup panel-widget-style panel-widget-style-for-w6245c41519f77-0-0-2\" ><div\n\t\t\t\n\t\t\tclass=\"so-widget-sow-editor so-widget-sow-editor-base\"\n\t\t\t\n\t\t>\n<div class=\"siteorigin-widget-tinymce textwidget\">\n\t<h2>Giovanni Adorni Braccesi<\/h2>\n<p>Giovanni Adorni Braccesi (ambasciatore a.r.) ha concluso la carriera diplomatica come Ambasciatore d&#8217;Italia in Irlanda, esercitando per due anni anche le funzioni di direttore dell&#8217;Istituto Italiano di Cultura a Dublino e organizzando numerose mostre ed eventi al fine di valorizzare l&#8217;immagine dell&#8217;Italia. Attualmente \u00e8 impegnato in un ciclo di Conferenze al Trinity College di Dublino su tematiche di politica estera e svolge l&#8217;attivita&#8217; di imprenditore agricolo in Italia.<\/p>\n<\/div>\n<\/div><\/div><\/div><\/div><\/div><\/div><\/div><\/div><\/div><div id=\"pgc-gb9492-69f1ce843b286-4-1\"  class=\"panel-grid-cell\" ><div id=\"panel-gb9492-69f1ce843b286-4-1-0\" class=\"so-panel widget widget_siteorigin-panels-builder panel-first-child panel-last-child\" data-index=\"11\" ><div class=\"team-box no-panel-margin panel-widget-style panel-widget-style-for-gb9492-69f1ce843b286-4-1-0\" ><div id=\"pl-w63e64589328ae\"  class=\"panel-layout wp-block-siteorigin-panels-layout-block\" ><div id=\"pg-w63e64589328ae-0\"  class=\"panel-grid panel-no-style\" ><div id=\"pgc-w63e64589328ae-0-0\"  class=\"panel-grid-cell\" ><div id=\"panel-w63e64589328ae-0-0-0\" class=\"so-panel widget widget_sow-editor panel-first-child\" data-index=\"0\" ><div\n\t\t\t\n\t\t\tclass=\"so-widget-sow-editor so-widget-sow-editor-base\"\n\t\t\t\n\t\t>\n<div class=\"siteorigin-widget-tinymce textwidget\">\n\t<h3 style=\"text-align: center;\">Carlo Felicioni<\/h3>\n<\/div>\n<\/div><\/div><div id=\"panel-w63e64589328ae-0-0-1\" class=\"so-panel widget widget_sow-image\" data-index=\"1\" ><div class=\"popup-trigger panel-widget-style panel-widget-style-for-w63e64589328ae-0-0-1\" ><div\n\t\t\t\n\t\t\tclass=\"so-widget-sow-image so-widget-sow-image-default-dbf295114b96\"\n\t\t\t\n\t\t>\n<div class=\"sow-image-container\">\n\t\t<img \n\tsrc=\"https:\/\/loveitaly.org\/v2\/wp-content\/uploads\/2023\/02\/foto-felicioni-480x480.jpg\" width=\"480\" height=\"480\" srcset=\"https:\/\/loveitaly.org\/v2\/wp-content\/uploads\/2023\/02\/foto-felicioni-480x480.jpg 480w, https:\/\/loveitaly.org\/v2\/wp-content\/uploads\/2023\/02\/foto-felicioni-150x150.jpg 150w, https:\/\/loveitaly.org\/v2\/wp-content\/uploads\/2023\/02\/foto-felicioni-450x450.jpg 450w, https:\/\/loveitaly.org\/v2\/wp-content\/uploads\/2023\/02\/foto-felicioni-100x100.jpg 100w\" sizes=\"(max-width: 480px) 100vw, 480px\" title=\"foto felicioni\" alt=\"\" \t\tclass=\"so-widget-image\"\/>\n\t<\/div>\n\n<\/div><\/div><\/div><div id=\"panel-w63e64589328ae-0-0-2\" class=\"so-panel widget widget_sow-editor panel-last-child\" data-index=\"2\" ><div class=\"popup panel-widget-style panel-widget-style-for-w63e64589328ae-0-0-2\" ><div\n\t\t\t\n\t\t\tclass=\"so-widget-sow-editor so-widget-sow-editor-base\"\n\t\t\t\n\t\t>\n<div class=\"siteorigin-widget-tinymce textwidget\">\n\t<h2>Carlo Felicioni<\/h2>\n<\/div>\n<\/div><\/div><\/div><\/div><\/div><\/div><\/div><\/div><\/div><div id=\"pgc-gb9492-69f1ce843b286-4-2\"  class=\"panel-grid-cell\" ><div id=\"panel-gb9492-69f1ce843b286-4-2-0\" class=\"so-panel widget widget_siteorigin-panels-builder panel-first-child panel-last-child\" data-index=\"12\" ><div class=\"team-box no-panel-margin panel-widget-style panel-widget-style-for-gb9492-69f1ce843b286-4-2-0\" ><div id=\"pl-w657c300c72a4d\"  class=\"panel-layout wp-block-siteorigin-panels-layout-block\" ><div id=\"pg-w657c300c72a4d-0\"  class=\"panel-grid panel-no-style\" ><div id=\"pgc-w657c300c72a4d-0-0\"  class=\"panel-grid-cell\" ><div id=\"panel-w657c300c72a4d-0-0-0\" class=\"so-panel widget widget_sow-editor panel-first-child\" data-index=\"0\" ><div\n\t\t\t\n\t\t\tclass=\"so-widget-sow-editor so-widget-sow-editor-base\"\n\t\t\t\n\t\t>\n<div class=\"siteorigin-widget-tinymce textwidget\">\n\t<h3 style=\"text-align: center;\">Oscar Bezzi<\/h3>\n<\/div>\n<\/div><\/div><div id=\"panel-w657c300c72a4d-0-0-1\" class=\"so-panel widget widget_sow-image\" data-index=\"1\" ><div class=\"popup-trigger panel-widget-style panel-widget-style-for-w657c300c72a4d-0-0-1\" ><div\n\t\t\t\n\t\t\tclass=\"so-widget-sow-image so-widget-sow-image-default-dbf295114b96\"\n\t\t\t\n\t\t>\n<div class=\"sow-image-container\">\n\t\t<img \n\tsrc=\"https:\/\/loveitaly.org\/v2\/wp-content\/uploads\/2022\/02\/team-placeholder-480x480.png\" width=\"480\" height=\"480\" srcset=\"https:\/\/loveitaly.org\/v2\/wp-content\/uploads\/2022\/02\/team-placeholder-480x480.png 480w, https:\/\/loveitaly.org\/v2\/wp-content\/uploads\/2022\/02\/team-placeholder-150x150.png 150w, https:\/\/loveitaly.org\/v2\/wp-content\/uploads\/2022\/02\/team-placeholder-450x450.png 450w, https:\/\/loveitaly.org\/v2\/wp-content\/uploads\/2022\/02\/team-placeholder-100x100.png 100w\" sizes=\"(max-width: 480px) 100vw, 480px\" alt=\"\" \t\tclass=\"so-widget-image\"\/>\n\t<\/div>\n\n<\/div><\/div><\/div><div id=\"panel-w657c300c72a4d-0-0-2\" class=\"so-panel widget widget_sow-editor panel-last-child\" data-index=\"2\" ><div class=\"popup panel-widget-style panel-widget-style-for-w657c300c72a4d-0-0-2\" ><div\n\t\t\t\n\t\t\tclass=\"so-widget-sow-editor so-widget-sow-editor-base\"\n\t\t\t\n\t\t>\n<div class=\"siteorigin-widget-tinymce textwidget\">\n\t<h2>Oscar Bezzi<\/h2>\n<\/div>\n<\/div><\/div><\/div><\/div><\/div><\/div><\/div><\/div><\/div><\/div><div id=\"pg-gb9492-69f1ce843b286-5\"  class=\"panel-grid panel-no-style\" ><div id=\"pgc-gb9492-69f1ce843b286-5-0\"  class=\"panel-grid-cell\" ><div id=\"panel-gb9492-69f1ce843b286-5-0-0\" class=\"so-panel widget widget_sow-editor panel-first-child panel-last-child\" data-index=\"13\" ><div\n\t\t\t\n\t\t\tclass=\"so-widget-sow-editor so-widget-sow-editor-base\"\n\t\t\t\n\t\t>\n<div class=\"siteorigin-widget-tinymce textwidget\">\n\t<h2 style=\"text-align: left;\"><strong>Comitato Scientifico<br \/>\n<\/strong><\/h2>\n<\/div>\n<\/div><\/div><\/div><\/div><div id=\"pg-gb9492-69f1ce843b286-6\"  class=\"panel-grid panel-no-style\" ><div id=\"pgc-gb9492-69f1ce843b286-6-0\"  class=\"panel-grid-cell\" ><div id=\"panel-gb9492-69f1ce843b286-6-0-0\" class=\"so-panel widget widget_siteorigin-panels-builder panel-first-child panel-last-child\" data-index=\"14\" ><div class=\"team-box no-panel-margin panel-widget-style panel-widget-style-for-gb9492-69f1ce843b286-6-0-0\" ><div id=\"pl-w67b4d14fb20d3\"  class=\"panel-layout wp-block-siteorigin-panels-layout-block\" ><div id=\"pg-w67b4d14fb20d3-0\"  class=\"panel-grid panel-no-style\" ><div id=\"pgc-w67b4d14fb20d3-0-0\"  class=\"panel-grid-cell\" ><div id=\"panel-w67b4d14fb20d3-0-0-0\" class=\"so-panel widget widget_sow-editor panel-first-child\" data-index=\"0\" ><div\n\t\t\t\n\t\t\tclass=\"so-widget-sow-editor so-widget-sow-editor-base\"\n\t\t\t\n\t\t>\n<div class=\"siteorigin-widget-tinymce textwidget\">\n\t<h3 style=\"text-align: center;\">Lorenza Mochi Onori<\/h3>\n<\/div>\n<\/div><\/div><div id=\"panel-w67b4d14fb20d3-0-0-1\" class=\"so-panel widget widget_sow-image\" data-index=\"1\" ><div class=\"popup-trigger panel-widget-style panel-widget-style-for-w67b4d14fb20d3-0-0-1\" ><div\n\t\t\t\n\t\t\tclass=\"so-widget-sow-image so-widget-sow-image-default-dbf295114b96\"\n\t\t\t\n\t\t>\n<div class=\"sow-image-container\">\n\t\t<img \n\tsrc=\"https:\/\/loveitaly.org\/v2\/wp-content\/uploads\/2025\/02\/Mochi-Onori-1024x768-copy-3-480x480.jpg\" width=\"480\" height=\"480\" srcset=\"https:\/\/loveitaly.org\/v2\/wp-content\/uploads\/2025\/02\/Mochi-Onori-1024x768-copy-3-480x480.jpg 480w, https:\/\/loveitaly.org\/v2\/wp-content\/uploads\/2025\/02\/Mochi-Onori-1024x768-copy-3-150x150.jpg 150w, https:\/\/loveitaly.org\/v2\/wp-content\/uploads\/2025\/02\/Mochi-Onori-1024x768-copy-3-450x450.jpg 450w, https:\/\/loveitaly.org\/v2\/wp-content\/uploads\/2025\/02\/Mochi-Onori-1024x768-copy-3-100x100.jpg 100w\" sizes=\"(max-width: 480px) 100vw, 480px\" title=\"Mochi-Onori-1024&#215;768 copy 3\" alt=\"\" \t\tclass=\"so-widget-image\"\/>\n\t<\/div>\n\n<\/div><\/div><\/div><div id=\"panel-w67b4d14fb20d3-0-0-2\" class=\"so-panel widget widget_sow-editor panel-last-child\" data-index=\"2\" ><div class=\"popup panel-widget-style panel-widget-style-for-w67b4d14fb20d3-0-0-2\" ><div\n\t\t\t\n\t\t\tclass=\"so-widget-sow-editor so-widget-sow-editor-base\"\n\t\t\t\n\t\t>\n<div class=\"siteorigin-widget-tinymce textwidget\">\n\t<h2>Lorenza Mochi Onori<\/h2>\n<p>Presidente<\/p>\n<div>Lorenza Mochi Onori, nata a Citt\u00e0 di Castello, si \u00e8 laureata con prof. Giulio Carlo Argan. \u00a0Nel 1978 \u00e8 stata assunta in qualit\u00e0 di Ispettore storico dell&#8217;arte nella carriera direttiva del Ministero per i Beni e le Attivit\u00e0 Culturali, \u00a0lavorando nelle Marche, a Macerata e successivamente nella Soprintendenza di \u00a0Pesaro-Urbino ed Ancona .<\/div>\n<div><\/div>\n<div>Dal 1982 al 2003 \u00e8 stata Direttore della Galleria Nazionale d&#8217;Arte Antica in Palazzo Barberini. Nel 2003-2004 Soprintendente reggente della Soprintendenza per il Patrimonio Storico, Artistico ed Etnoantropologico delle Marche dove ha potuto completare le collezioni della Galleria Nazionale delle Marche con l\u2019acquisto di opere di grande importanza, di autori fondamentali per la cultura marchigiana. \u00a0Nel 2007-2008 ha rivestito anche le funzioni di Soprintendente ad interim della Soprintendenza per il Patrimonio Storico, Artistico ed Etnoantropologico \u00a0di Bologna, Ferrara, Forl\u00ec, Cesena, Ravenna e Rimini<\/div>\n<div><\/div>\n<div>Ha collaborato con l&#8217;Universit\u00e0 degli studi di Roma &#8220;La Sapienza&#8221;-Istituto di Storia dell&#8217;Arte, con l\u2019Universit\u00e0 di Palermo-Dipartimento di Storia dell&#8217;Architettura, con l\u2019Universit\u00e0 Roma 3-Istituto di Storia dell\u2019Arte e con \u00a0la Scuola Normale di Pisa.<\/div>\n<div>E\u2019 membro dell\u2019Accademia Raffaello di Urbino e dell\u2019Accademia Marchigiana di Scienze, Lettere e Arti. E\u2019 socio della Fondazione Cassa di Risparmio di Pesaro .<\/div>\n<div><\/div>\n<div>Dal 5 settembre 2009 ha ricoperto l\u2019incarico di Soprintendente, a Napoli, alla Soprintendenza Speciale per il Patrimonio Storico, Artistico ed Etnoantropologico e per il Polo Museale della citt\u00e0 di Napoli.<\/div>\n<\/div>\n<\/div><\/div><\/div><\/div><\/div><\/div><\/div><\/div><\/div><div id=\"pgc-gb9492-69f1ce843b286-6-1\"  class=\"panel-grid-cell\" ><div id=\"panel-gb9492-69f1ce843b286-6-1-0\" class=\"so-panel widget widget_siteorigin-panels-builder panel-first-child panel-last-child\" data-index=\"15\" ><div class=\"team-box no-panel-margin panel-widget-style panel-widget-style-for-gb9492-69f1ce843b286-6-1-0\" ><div id=\"pl-w67b4d14fb55da\"  class=\"panel-layout wp-block-siteorigin-panels-layout-block\" ><div id=\"pg-w67b4d14fb55da-0\"  class=\"panel-grid panel-no-style\" ><div id=\"pgc-w67b4d14fb55da-0-0\"  class=\"panel-grid-cell\" ><div id=\"panel-w67b4d14fb55da-0-0-0\" class=\"so-panel widget widget_sow-editor panel-first-child\" data-index=\"0\" ><div\n\t\t\t\n\t\t\tclass=\"so-widget-sow-editor so-widget-sow-editor-base\"\n\t\t\t\n\t\t>\n<div class=\"siteorigin-widget-tinymce textwidget\">\n\t<h3 style=\"text-align: center;\">Carlo Giantomassi<\/h3>\n<\/div>\n<\/div><\/div><div id=\"panel-w67b4d14fb55da-0-0-1\" class=\"so-panel widget widget_sow-image\" data-index=\"1\" ><div class=\"popup-trigger panel-widget-style panel-widget-style-for-w67b4d14fb55da-0-0-1\" ><div\n\t\t\t\n\t\t\tclass=\"so-widget-sow-image so-widget-sow-image-default-dbf295114b96\"\n\t\t\t\n\t\t>\n<div class=\"sow-image-container\">\n\t\t<img \n\tsrc=\"https:\/\/loveitaly.org\/v2\/wp-content\/uploads\/2025\/02\/giantomassi-480x480.jpeg\" width=\"480\" height=\"480\" srcset=\"https:\/\/loveitaly.org\/v2\/wp-content\/uploads\/2025\/02\/giantomassi-480x480.jpeg 480w, https:\/\/loveitaly.org\/v2\/wp-content\/uploads\/2025\/02\/giantomassi-150x150.jpeg 150w, https:\/\/loveitaly.org\/v2\/wp-content\/uploads\/2025\/02\/giantomassi-450x450.jpeg 450w, https:\/\/loveitaly.org\/v2\/wp-content\/uploads\/2025\/02\/giantomassi-100x100.jpeg 100w\" sizes=\"(max-width: 480px) 100vw, 480px\" title=\"Screenshot\" alt=\"\" \t\tclass=\"so-widget-image\"\/>\n\t<\/div>\n\n<\/div><\/div><\/div><div id=\"panel-w67b4d14fb55da-0-0-2\" class=\"so-panel widget widget_sow-editor panel-last-child\" data-index=\"2\" ><div class=\"popup panel-widget-style panel-widget-style-for-w67b4d14fb55da-0-0-2\" ><div\n\t\t\t\n\t\t\tclass=\"so-widget-sow-editor so-widget-sow-editor-base\"\n\t\t\t\n\t\t>\n<div class=\"siteorigin-widget-tinymce textwidget\">\n\t<h2>Carlo Giantomassi<\/h2>\n<p class=\"s3\"><span class=\"s2\">Carlo <\/span><span class=\"s2\">Giantomassi<\/span> <span class=\"s2\">si<\/span><span class=\"s2\"> diploma presso l\u2019Istituto Centrale del Restauro di Roma nel 1966 e nel biennio 1967-68 segue corsi di perfezionamento nei cantieri di Assisi (<\/span><span class=\"s2\">C<\/span><span class=\"s2\">appella della Maddalena).<\/span><span class=\"s2\"><br \/>\n<\/span><\/p>\n<p class=\"s3\"><span class=\"s2\">Nel biennio 1979-1980 <\/span><span class=\"s2\">Giantomassi<\/span><span class=\"s2\"> lavora nella <\/span><span class=\"s2\">Tecni.Re.Co<\/span><span class=\"s2\">, cooperativa da lui presieduta, <\/span><span class=\"s2\">dove <\/span><span class=\"s2\">successivamente si unisc<\/span><span class=\"s2\">e<\/span><span class=\"s2\"> in societ\u00e0<\/span><span class=\"s2\"> D<\/span><span class=\"s2\">onataella<\/span><span class=\"s2\"> Zari. <\/span><span class=\"s2\">N<\/span><span class=\"s2\">egli anni <\/span><span class=\"s2\">settanta<\/span> <span class=\"s2\">Giantomassi<\/span> <span class=\"s2\">\u00e9<\/span> <span class=\"s2\">anche <\/span><span class=\"s2\">docent<\/span><span class=\"s2\">e<\/span><span class=\"s2\"> di restauro e conservazione al Corso per Addetti alla Manutenzione dei Beni culturali di Spoleto<\/span><span class=\"s2\">.<\/span> <span class=\"s2\">S<\/span><span class=\"s2\">volg<\/span><span class=\"s2\">e<\/span><span class=\"s2\"> consulenze e present<\/span><span class=\"s2\">a<\/span><span class=\"s2\"> interventi alla Scuola di Conservazione e Restauro di Botticino. Effettua inoltre seminari sul restauro presso la Scuola per l\u2019Artigianato ed il Restauro di Roma e presso la sede UNESCO di Venezia.<\/span><span class=\"s2\"><br \/>\n<\/span><\/p>\n<p class=\"s3\"><span class=\"s2\">Insegna al corso per il Restauro dei Dipinti Murali presso l\u2019ICCROM e sul restauro lapideo ai corsi di perfezionamento dell\u2019ICR<\/span><span class=\"s2\">.<\/span> <span class=\"s2\">Giantomassi<\/span><span class=\"s2\"> tiene alcune lezioni di tecnica pittorica presso diverse universit\u00e0 italiane, e per la Yale University presso l\u2019ICCROM<\/span><span class=\"s2\">. <\/span><span class=\"s2\">Nei 1979 ha ricevuto il premio tecnico-scientifico Zanotti Bianco di Italia Nostra per il restauro degli affreschi del Pinturicchio a Spello, e nel 2004 il Premio Nazionale D\u2019Eccellenza Profeti in Patria. <\/span><\/p>\n<p class=\"s3\"><span class=\"s2\">Nel 2000 <\/span><span class=\"s2\">Giantomassi<\/span><span class=\"s2\"> \u00e8 chiamato come consulente a far parte della Commissione per il restauro del <\/span><span class=\"s2\">Cason<\/span><span class=\"s2\"> del <\/span><span class=\"s2\">Buen<\/span> <span class=\"s2\">Retiro<\/span><span class=\"s2\"> di Luca Giordano nel Museo Nazionale del Prado a Madrid. Nel 2007 ha tenuto conferenze in Colombia a Cartagena per conto dell\u2019IIC e l\u2019Universit\u00e0 Cattolica di Bogot\u00e0.<\/span><\/p>\n<p class=\"s4\">Nel 2002 il presidente della Repubblica Ciampi conferisce a C.G. il titolo di Cavaliere Ufficiale al Merito della Repubblica Italiana.<\/p>\n<p class=\"s4\">Nel 2015 viene conferita a C. G. la Laurea Honoris Causa in Lettere e Filosofia dall&#8217;Universit\u00e0 di Friburgo (CH). <span class=\"s5\">Lavori di restauro in gran parte di Italia e all&#8217;estero.<\/span><\/p>\n<\/div>\n<\/div><\/div><\/div><\/div><\/div><\/div><\/div><\/div><\/div><div id=\"pgc-gb9492-69f1ce843b286-6-2\"  class=\"panel-grid-cell\" ><div id=\"panel-gb9492-69f1ce843b286-6-2-0\" class=\"so-panel widget widget_siteorigin-panels-builder panel-first-child panel-last-child\" data-index=\"16\" ><div class=\"team-box no-panel-margin panel-widget-style panel-widget-style-for-gb9492-69f1ce843b286-6-2-0\" ><div id=\"pl-w67b4d14fb602c\"  class=\"panel-layout wp-block-siteorigin-panels-layout-block\" ><div id=\"pg-w67b4d14fb602c-0\"  class=\"panel-grid panel-no-style\" ><div id=\"pgc-w67b4d14fb602c-0-0\"  class=\"panel-grid-cell\" ><div id=\"panel-w67b4d14fb602c-0-0-0\" class=\"so-panel widget widget_sow-editor panel-first-child\" data-index=\"0\" ><div\n\t\t\t\n\t\t\tclass=\"so-widget-sow-editor so-widget-sow-editor-base\"\n\t\t\t\n\t\t>\n<div class=\"siteorigin-widget-tinymce textwidget\">\n\t<h3 style=\"text-align: center;\">Rossella Pace<\/h3>\n<\/div>\n<\/div><\/div><div id=\"panel-w67b4d14fb602c-0-0-1\" class=\"so-panel widget widget_sow-image\" data-index=\"1\" ><div class=\"popup-trigger panel-widget-style panel-widget-style-for-w67b4d14fb602c-0-0-1\" ><div\n\t\t\t\n\t\t\tclass=\"so-widget-sow-image so-widget-sow-image-default-dbf295114b96\"\n\t\t\t\n\t\t>\n<div class=\"sow-image-container\">\n\t\t<img \n\tsrc=\"https:\/\/loveitaly.org\/v2\/wp-content\/uploads\/2025\/02\/Rossella-Pace-foto-2-480x480.jpg\" width=\"480\" height=\"480\" srcset=\"https:\/\/loveitaly.org\/v2\/wp-content\/uploads\/2025\/02\/Rossella-Pace-foto-2-480x480.jpg 480w, https:\/\/loveitaly.org\/v2\/wp-content\/uploads\/2025\/02\/Rossella-Pace-foto-2-150x150.jpg 150w, https:\/\/loveitaly.org\/v2\/wp-content\/uploads\/2025\/02\/Rossella-Pace-foto-2-450x450.jpg 450w, https:\/\/loveitaly.org\/v2\/wp-content\/uploads\/2025\/02\/Rossella-Pace-foto-2-100x100.jpg 100w\" sizes=\"(max-width: 480px) 100vw, 480px\" title=\"Rossella Pace foto 2\" alt=\"\" \t\tclass=\"so-widget-image\"\/>\n\t<\/div>\n\n<\/div><\/div><\/div><div id=\"panel-w67b4d14fb602c-0-0-2\" class=\"so-panel widget widget_sow-editor panel-last-child\" data-index=\"2\" ><div class=\"popup panel-widget-style panel-widget-style-for-w67b4d14fb602c-0-0-2\" ><div\n\t\t\t\n\t\t\tclass=\"so-widget-sow-editor so-widget-sow-editor-base\"\n\t\t\t\n\t\t>\n<div class=\"siteorigin-widget-tinymce textwidget\">\n\t<h2>Rossella Pace<\/h2>\n<p><strong>Rossella Pace<\/strong> attualmente lavora presso il Centro per il libro e la lettura del Ministero della Cultura, coordinando le iniziative, i progetti ed i premi dedicati alle scuole in collaborazione col MIM e col MAECI. E\u2019 stata archeologa presso la Direzione generale Musei del MiC, incaricata di progetti in collaborazione col Comando Carabinieri per la Tutela del Patrimonio Culturale e col Museo Nazionale Romano. Laureatasi in archeologia classica con una tesi su argomento pompeiano, ha fatto parte del programma giovani ricercatori MIUR all\u2019Universit\u00e0 della Calabria; \u00e8 stata borsista dell\u2019Istituto di Studi Storici Benedetto Croce di Napoli &#8211; per la storia antica &#8211; vincitrice del Premio Internazionale Colonie Magna Grecia, poi ricercatrice di archeologia classica al CNRS-ENS di Parigi e direttrice della missione archeologica Eolide in Turchia per il Ministero degli affari esteri francese. Ha insegnato Archeologia classica e metodologia della ricerca archeologica all\u2019Universit\u00e0 della Calabria e Storia dell\u2019arte antica all\u2019Universit\u00e0 di Tours.<\/p>\n<\/div>\n<\/div><\/div><\/div><\/div><\/div><\/div><\/div><\/div><\/div><\/div><div id=\"pg-gb9492-69f1ce843b286-7\"  class=\"panel-grid panel-no-style\" ><div id=\"pgc-gb9492-69f1ce843b286-7-0\"  class=\"panel-grid-cell\" ><div id=\"panel-gb9492-69f1ce843b286-7-0-0\" class=\"so-panel widget widget_sow-editor panel-first-child panel-last-child\" data-index=\"17\" ><div\n\t\t\t\n\t\t\tclass=\"so-widget-sow-editor so-widget-sow-editor-base\"\n\t\t\t\n\t\t>\n<div class=\"siteorigin-widget-tinymce textwidget\">\n\t<h2 style=\"text-align: left;\"><strong>Soci Fondatori<br \/>\n<\/strong><\/h2>\n<\/div>\n<\/div><\/div><\/div><\/div><div id=\"pg-gb9492-69f1ce843b286-8\"  class=\"panel-grid panel-no-style\" ><div id=\"pgc-gb9492-69f1ce843b286-8-0\"  class=\"panel-grid-cell\" ><div id=\"panel-gb9492-69f1ce843b286-8-0-0\" class=\"so-panel widget widget_sow-editor panel-first-child panel-last-child\" data-index=\"18\" ><div\n\t\t\t\n\t\t\tclass=\"so-widget-sow-editor so-widget-sow-editor-base\"\n\t\t\t\n\t\t>\n<div class=\"siteorigin-widget-tinymce textwidget\">\n\t<p style=\"text-align: left;\">Gloria Arditi<\/p>\n<p style=\"text-align: left;\">Luigi\u00a0Capello<\/p>\n<p style=\"text-align: left;\">Victoria Ericks<\/p>\n<p>Christina Formichella<\/p>\n<\/div>\n<\/div><\/div><\/div><div id=\"pgc-gb9492-69f1ce843b286-8-1\"  class=\"panel-grid-cell\" ><div id=\"panel-gb9492-69f1ce843b286-8-1-0\" class=\"so-panel widget widget_sow-editor panel-first-child panel-last-child\" data-index=\"19\" ><div\n\t\t\t\n\t\t\tclass=\"so-widget-sow-editor so-widget-sow-editor-base\"\n\t\t\t\n\t\t>\n<div class=\"siteorigin-widget-tinymce textwidget\">\n\t<p>Charles Garrett<\/p>\n<p>Giovanni Gazzola<\/p>\n<p>Marco Grassi<\/p>\n<p>Richard Hodges<\/p>\n<\/div>\n<\/div><\/div><\/div><div id=\"pgc-gb9492-69f1ce843b286-8-2\"  class=\"panel-grid-cell\" ><div id=\"panel-gb9492-69f1ce843b286-8-2-0\" class=\"so-panel widget widget_sow-editor panel-first-child panel-last-child\" data-index=\"20\" ><div\n\t\t\t\n\t\t\tclass=\"so-widget-sow-editor so-widget-sow-editor-base\"\n\t\t\t\n\t\t>\n<div class=\"siteorigin-widget-tinymce textwidget\">\n\t<p>Roberto Magnifico<\/p>\n<p>Stefano Pighini<\/p>\n<p>Tracy Roberts<\/p>\n<\/div>\n<\/div><\/div><\/div><div id=\"pgc-gb9492-69f1ce843b286-8-3\"  class=\"panel-grid-cell\" ><div id=\"panel-gb9492-69f1ce843b286-8-3-0\" class=\"so-panel widget widget_sow-editor panel-first-child panel-last-child\" data-index=\"21\" ><div\n\t\t\t\n\t\t\tclass=\"so-widget-sow-editor so-widget-sow-editor-base\"\n\t\t\t\n\t\t>\n<div class=\"siteorigin-widget-tinymce textwidget\">\n\t<p style=\"text-align: left;\">Francesco Sforza Cesarini<\/p>\n<p style=\"text-align: left;\">Francesco Tamburella<\/p>\n<p style=\"text-align: left;\">Helga Weishaupl<\/p>\n<\/div>\n<\/div><\/div><\/div><\/div><div id=\"pg-gb9492-69f1ce843b286-9\"  class=\"panel-grid panel-no-style\" ><div id=\"pgc-gb9492-69f1ce843b286-9-0\"  class=\"panel-grid-cell\" ><div id=\"panel-gb9492-69f1ce843b286-9-0-0\" class=\"so-panel widget widget_sow-editor panel-first-child panel-last-child\" data-index=\"22\" ><div\n\t\t\t\n\t\t\tclass=\"so-widget-sow-editor so-widget-sow-editor-base\"\n\t\t\t\n\t\t>\n<div class=\"siteorigin-widget-tinymce textwidget\">\n\t<h2 style=\"text-align: left;\"><strong>Soci Onorari<br \/>\n<\/strong><\/h2>\n<\/div>\n<\/div><\/div><\/div><\/div><div id=\"pg-gb9492-69f1ce843b286-10\"  class=\"panel-grid panel-no-style\" ><div id=\"pgc-gb9492-69f1ce843b286-10-0\"  class=\"panel-grid-cell\" ><div id=\"panel-gb9492-69f1ce843b286-10-0-0\" class=\"so-panel widget widget_sow-editor panel-first-child panel-last-child\" data-index=\"23\" ><div\n\t\t\t\n\t\t\tclass=\"so-widget-sow-editor so-widget-sow-editor-base\"\n\t\t\t\n\t\t>\n<div class=\"siteorigin-widget-tinymce textwidget\">\n\t<p>Heidi Kuhn<\/p>\n<\/div>\n<\/div><\/div><\/div><div id=\"pgc-gb9492-69f1ce843b286-10-1\"  class=\"panel-grid-cell\" ><div id=\"panel-gb9492-69f1ce843b286-10-1-0\" class=\"so-panel widget widget_sow-editor panel-first-child panel-last-child\" data-index=\"24\" ><div\n\t\t\t\n\t\t\tclass=\"so-widget-sow-editor so-widget-sow-editor-base\"\n\t\t\t\n\t\t>\n<div class=\"siteorigin-widget-tinymce textwidget\">\n\t<p>Nancy Bikson<\/p>\n<\/div>\n<\/div><\/div><\/div><div id=\"pgc-gb9492-69f1ce843b286-10-2\"  class=\"panel-grid-cell\" ><div id=\"panel-gb9492-69f1ce843b286-10-2-0\" class=\"so-panel widget widget_sow-editor panel-first-child panel-last-child\" data-index=\"25\" ><div\n\t\t\t\n\t\t\tclass=\"so-widget-sow-editor so-widget-sow-editor-base\"\n\t\t\t\n\t\t>\n<div class=\"siteorigin-widget-tinymce textwidget\">\n\t<p>Silvia Costa<em><br \/>\n<\/em><\/p>\n<\/div>\n<\/div><\/div><\/div><div id=\"pgc-gb9492-69f1ce843b286-10-3\"  class=\"panel-grid-cell panel-grid-cell-mobile-last\" ><div id=\"panel-gb9492-69f1ce843b286-10-3-0\" class=\"so-panel widget widget_sow-editor panel-first-child panel-last-child\" data-index=\"26\" ><div\n\t\t\t\n\t\t\tclass=\"so-widget-sow-editor so-widget-sow-editor-base\"\n\t\t\t\n\t\t>\n<div class=\"siteorigin-widget-tinymce textwidget\">\n\t<p>Prof. Fausto Zevi<\/p>\n<\/div>\n<\/div><\/div><\/div><div id=\"pgc-gb9492-69f1ce843b286-10-4\"  class=\"panel-grid-cell panel-grid-cell-empty\" ><\/div><\/div><div id=\"pg-gb9492-69f1ce843b286-11\"  class=\"panel-grid panel-no-style\" ><div id=\"pgc-gb9492-69f1ce843b286-11-0\"  class=\"panel-grid-cell\" ><div id=\"panel-gb9492-69f1ce843b286-11-0-0\" class=\"so-panel widget widget_sow-editor panel-first-child panel-last-child\" data-index=\"27\" ><div\n\t\t\t\n\t\t\tclass=\"so-widget-sow-editor so-widget-sow-editor-base\"\n\t\t\t\n\t\t>\n<div class=\"siteorigin-widget-tinymce textwidget\">\n\t<p>Lorenza Mochi Onori, <em>Presidente<\/em><\/p>\n<\/div>\n<\/div><\/div><\/div><div id=\"pgc-gb9492-69f1ce843b286-11-1\"  class=\"panel-grid-cell\" ><div id=\"panel-gb9492-69f1ce843b286-11-1-0\" class=\"so-panel widget widget_sow-editor panel-first-child panel-last-child\" data-index=\"28\" ><div\n\t\t\t\n\t\t\tclass=\"so-widget-sow-editor so-widget-sow-editor-base\"\n\t\t\t\n\t\t>\n<div class=\"siteorigin-widget-tinymce textwidget\">\n\t<p>Rossella Pace<\/p>\n<\/div>\n<\/div><\/div><\/div><div id=\"pgc-gb9492-69f1ce843b286-11-2\"  class=\"panel-grid-cell\" ><div id=\"panel-gb9492-69f1ce843b286-11-2-0\" class=\"so-panel widget widget_sow-editor panel-first-child panel-last-child\" data-index=\"29\" ><div\n\t\t\t\n\t\t\tclass=\"so-widget-sow-editor so-widget-sow-editor-base\"\n\t\t\t\n\t\t>\n<div class=\"siteorigin-widget-tinymce textwidget\">\n\t<p>Carlo Giantomassi<\/p>\n<\/div>\n<\/div><\/div><\/div><div id=\"pgc-gb9492-69f1ce843b286-11-3\"  class=\"panel-grid-cell panel-grid-cell-empty panel-grid-cell-mobile-last\" ><\/div><div id=\"pgc-gb9492-69f1ce843b286-11-4\"  class=\"panel-grid-cell panel-grid-cell-empty\" ><\/div><\/div><div id=\"pg-gb9492-69f1ce843b286-12\"  class=\"panel-grid panel-no-style\" ><div id=\"pgc-gb9492-69f1ce843b286-12-0\"  class=\"panel-grid-cell\" ><div id=\"panel-gb9492-69f1ce843b286-12-0-0\" class=\"so-panel widget widget_sow-editor panel-first-child panel-last-child\" data-index=\"30\" ><div\n\t\t\t\n\t\t\tclass=\"so-widget-sow-editor so-widget-sow-editor-base\"\n\t\t\t\n\t\t>\n<div class=\"siteorigin-widget-tinymce textwidget\">\n\t<h2 style=\"text-align: left;\"><strong>Consulenti<br \/>\n<\/strong><\/h2>\n<\/div>\n<\/div><\/div><\/div><\/div><div id=\"pg-gb9492-69f1ce843b286-13\"  class=\"panel-grid panel-no-style\" ><div id=\"pgc-gb9492-69f1ce843b286-13-0\"  class=\"panel-grid-cell\" ><div id=\"panel-gb9492-69f1ce843b286-13-0-0\" class=\"so-panel widget widget_sow-editor panel-first-child panel-last-child\" data-index=\"31\" ><div\n\t\t\t\n\t\t\tclass=\"so-widget-sow-editor so-widget-sow-editor-base\"\n\t\t\t\n\t\t>\n<div class=\"siteorigin-widget-tinymce textwidget\">\n\t<p>Maxwell Anderson, <em>Consulente<br \/>\n<\/em><\/p>\n<\/div>\n<\/div><\/div><\/div><div id=\"pgc-gb9492-69f1ce843b286-13-1\"  class=\"panel-grid-cell\" ><div id=\"panel-gb9492-69f1ce843b286-13-1-0\" class=\"so-panel widget widget_sow-editor panel-first-child panel-last-child\" data-index=\"32\" ><div\n\t\t\t\n\t\t\tclass=\"so-widget-sow-editor so-widget-sow-editor-base\"\n\t\t\t\n\t\t>\n<div class=\"siteorigin-widget-tinymce textwidget\">\n\t<p>Victoria Ericks, <em>Media Director &amp; Project Curator<\/em><\/p>\n<\/div>\n<\/div><\/div><\/div><div id=\"pgc-gb9492-69f1ce843b286-13-2\"  class=\"panel-grid-cell panel-grid-cell-empty\" ><\/div><div id=\"pgc-gb9492-69f1ce843b286-13-3\"  class=\"panel-grid-cell panel-grid-cell-empty panel-grid-cell-mobile-last\" ><\/div><div id=\"pgc-gb9492-69f1ce843b286-13-4\"  class=\"panel-grid-cell panel-grid-cell-empty\" ><\/div><\/div><\/div>\n\n\n<p><\/p>\n","protected":false},"excerpt":{"rendered":"<p>Consiglio Direttivo<\/p>\n","protected":false},"author":1,"featured_media":10874,"parent":9479,"menu_order":0,"comment_status":"closed","ping_status":"closed","template":"","meta":{"_acf_changed":false,"footnotes":""},"class_list":["post-9492","page","type-page","status-publish","has-post-thumbnail"],"acf":[],"yoast_head":"<!-- This site is optimized with the Yoast SEO plugin v27.3 - https:\/\/yoast.com\/product\/yoast-seo-wordpress\/ -->\n<title>Governance &#187; Love Italy<\/title>\n<meta name=\"robots\" content=\"index, follow, max-snippet:-1, max-image-preview:large, max-video-preview:-1\" \/>\n<link rel=\"canonical\" href=\"https:\/\/loveitaly.org\/it\/chi-siamo\/consiglio-di-amministrazione-e-staff\/\" \/>\n<meta property=\"og:locale\" content=\"it_IT\" \/>\n<meta property=\"og:type\" content=\"article\" \/>\n<meta property=\"og:title\" content=\"Governance &#187; Love Italy\" \/>\n<meta property=\"og:description\" content=\"Consiglio Direttivo\" \/>\n<meta property=\"og:url\" content=\"https:\/\/loveitaly.org\/it\/chi-siamo\/consiglio-di-amministrazione-e-staff\/\" \/>\n<meta property=\"og:site_name\" content=\"Love Italy\" \/>\n<meta property=\"article:modified_time\" content=\"2025-02-18T18:28:38+00:00\" \/>\n<meta property=\"og:image\" content=\"https:\/\/loveitaly.org\/v2\/wp-content\/uploads\/2021\/07\/loveitaly-richard-hodges-e1648711377125.jpg\" \/>\n\t<meta property=\"og:image:width\" content=\"1668\" \/>\n\t<meta property=\"og:image:height\" content=\"1893\" \/>\n\t<meta property=\"og:image:type\" content=\"image\/jpeg\" \/>\n<meta name=\"twitter:card\" content=\"summary_large_image\" \/>\n<meta name=\"twitter:label1\" content=\"Tempo di lettura stimato\" \/>\n\t<meta name=\"twitter:data1\" content=\"12 minuti\" \/>\n<script type=\"application\/ld+json\" class=\"yoast-schema-graph\">{\"@context\":\"https:\\\/\\\/schema.org\",\"@graph\":[{\"@type\":\"WebPage\",\"@id\":\"https:\\\/\\\/loveitaly.org\\\/it\\\/chi-siamo\\\/consiglio-di-amministrazione-e-staff\\\/\",\"url\":\"https:\\\/\\\/loveitaly.org\\\/it\\\/chi-siamo\\\/consiglio-di-amministrazione-e-staff\\\/\",\"name\":\"Governance &#187; Love Italy\",\"isPartOf\":{\"@id\":\"https:\\\/\\\/loveitaly.org\\\/it\\\/#website\"},\"primaryImageOfPage\":{\"@id\":\"https:\\\/\\\/loveitaly.org\\\/it\\\/chi-siamo\\\/consiglio-di-amministrazione-e-staff\\\/#primaryimage\"},\"image\":{\"@id\":\"https:\\\/\\\/loveitaly.org\\\/it\\\/chi-siamo\\\/consiglio-di-amministrazione-e-staff\\\/#primaryimage\"},\"thumbnailUrl\":\"https:\\\/\\\/loveitaly.org\\\/v2\\\/wp-content\\\/uploads\\\/2021\\\/07\\\/loveitaly-richard-hodges-e1648711377125.jpg\",\"datePublished\":\"2021-02-16T14:36:59+00:00\",\"dateModified\":\"2025-02-18T18:28:38+00:00\",\"breadcrumb\":{\"@id\":\"https:\\\/\\\/loveitaly.org\\\/it\\\/chi-siamo\\\/consiglio-di-amministrazione-e-staff\\\/#breadcrumb\"},\"inLanguage\":\"it-IT\",\"potentialAction\":[{\"@type\":\"ReadAction\",\"target\":[\"https:\\\/\\\/loveitaly.org\\\/it\\\/chi-siamo\\\/consiglio-di-amministrazione-e-staff\\\/\"]}]},{\"@type\":\"ImageObject\",\"inLanguage\":\"it-IT\",\"@id\":\"https:\\\/\\\/loveitaly.org\\\/it\\\/chi-siamo\\\/consiglio-di-amministrazione-e-staff\\\/#primaryimage\",\"url\":\"https:\\\/\\\/loveitaly.org\\\/v2\\\/wp-content\\\/uploads\\\/2021\\\/07\\\/loveitaly-richard-hodges-e1648711377125.jpg\",\"contentUrl\":\"https:\\\/\\\/loveitaly.org\\\/v2\\\/wp-content\\\/uploads\\\/2021\\\/07\\\/loveitaly-richard-hodges-e1648711377125.jpg\",\"width\":1668,\"height\":1893},{\"@type\":\"BreadcrumbList\",\"@id\":\"https:\\\/\\\/loveitaly.org\\\/it\\\/chi-siamo\\\/consiglio-di-amministrazione-e-staff\\\/#breadcrumb\",\"itemListElement\":[{\"@type\":\"ListItem\",\"position\":1,\"name\":\"Home\",\"item\":\"https:\\\/\\\/loveitaly.org\\\/it\\\/\"},{\"@type\":\"ListItem\",\"position\":2,\"name\":\"Chi siamo\",\"item\":\"https:\\\/\\\/loveitaly.org\\\/it\\\/chi-siamo\\\/\"},{\"@type\":\"ListItem\",\"position\":3,\"name\":\"Governance\"}]},{\"@type\":\"WebSite\",\"@id\":\"https:\\\/\\\/loveitaly.org\\\/it\\\/#website\",\"url\":\"https:\\\/\\\/loveitaly.org\\\/it\\\/\",\"name\":\"Love Italy\",\"description\":\"Spread the love\",\"publisher\":{\"@id\":\"https:\\\/\\\/loveitaly.org\\\/it\\\/#organization\"},\"potentialAction\":[{\"@type\":\"SearchAction\",\"target\":{\"@type\":\"EntryPoint\",\"urlTemplate\":\"https:\\\/\\\/loveitaly.org\\\/it\\\/?s={search_term_string}\"},\"query-input\":{\"@type\":\"PropertyValueSpecification\",\"valueRequired\":true,\"valueName\":\"search_term_string\"}}],\"inLanguage\":\"it-IT\"},{\"@type\":\"Organization\",\"@id\":\"https:\\\/\\\/loveitaly.org\\\/it\\\/#organization\",\"name\":\"LoveItaly\",\"url\":\"https:\\\/\\\/loveitaly.org\\\/it\\\/\",\"logo\":{\"@type\":\"ImageObject\",\"inLanguage\":\"it-IT\",\"@id\":\"https:\\\/\\\/loveitaly.org\\\/it\\\/#\\\/schema\\\/logo\\\/image\\\/\",\"url\":\"https:\\\/\\\/loveitaly.org\\\/v2\\\/wp-content\\\/uploads\\\/2021\\\/02\\\/loveitaly-logo.png\",\"contentUrl\":\"https:\\\/\\\/loveitaly.org\\\/v2\\\/wp-content\\\/uploads\\\/2021\\\/02\\\/loveitaly-logo.png\",\"width\":300,\"height\":91,\"caption\":\"LoveItaly\"},\"image\":{\"@id\":\"https:\\\/\\\/loveitaly.org\\\/it\\\/#\\\/schema\\\/logo\\\/image\\\/\"}}]}<\/script>\n<!-- \/ Yoast SEO plugin. -->","yoast_head_json":{"title":"Governance &#187; Love Italy","robots":{"index":"index","follow":"follow","max-snippet":"max-snippet:-1","max-image-preview":"max-image-preview:large","max-video-preview":"max-video-preview:-1"},"canonical":"https:\/\/loveitaly.org\/it\/chi-siamo\/consiglio-di-amministrazione-e-staff\/","og_locale":"it_IT","og_type":"article","og_title":"Governance &#187; Love Italy","og_description":"Consiglio Direttivo","og_url":"https:\/\/loveitaly.org\/it\/chi-siamo\/consiglio-di-amministrazione-e-staff\/","og_site_name":"Love Italy","article_modified_time":"2025-02-18T18:28:38+00:00","og_image":[{"width":1668,"height":1893,"url":"https:\/\/loveitaly.org\/v2\/wp-content\/uploads\/2021\/07\/loveitaly-richard-hodges-e1648711377125.jpg","type":"image\/jpeg"}],"twitter_card":"summary_large_image","twitter_misc":{"Tempo di lettura stimato":"12 minuti"},"schema":{"@context":"https:\/\/schema.org","@graph":[{"@type":"WebPage","@id":"https:\/\/loveitaly.org\/it\/chi-siamo\/consiglio-di-amministrazione-e-staff\/","url":"https:\/\/loveitaly.org\/it\/chi-siamo\/consiglio-di-amministrazione-e-staff\/","name":"Governance &#187; Love Italy","isPartOf":{"@id":"https:\/\/loveitaly.org\/it\/#website"},"primaryImageOfPage":{"@id":"https:\/\/loveitaly.org\/it\/chi-siamo\/consiglio-di-amministrazione-e-staff\/#primaryimage"},"image":{"@id":"https:\/\/loveitaly.org\/it\/chi-siamo\/consiglio-di-amministrazione-e-staff\/#primaryimage"},"thumbnailUrl":"https:\/\/loveitaly.org\/v2\/wp-content\/uploads\/2021\/07\/loveitaly-richard-hodges-e1648711377125.jpg","datePublished":"2021-02-16T14:36:59+00:00","dateModified":"2025-02-18T18:28:38+00:00","breadcrumb":{"@id":"https:\/\/loveitaly.org\/it\/chi-siamo\/consiglio-di-amministrazione-e-staff\/#breadcrumb"},"inLanguage":"it-IT","potentialAction":[{"@type":"ReadAction","target":["https:\/\/loveitaly.org\/it\/chi-siamo\/consiglio-di-amministrazione-e-staff\/"]}]},{"@type":"ImageObject","inLanguage":"it-IT","@id":"https:\/\/loveitaly.org\/it\/chi-siamo\/consiglio-di-amministrazione-e-staff\/#primaryimage","url":"https:\/\/loveitaly.org\/v2\/wp-content\/uploads\/2021\/07\/loveitaly-richard-hodges-e1648711377125.jpg","contentUrl":"https:\/\/loveitaly.org\/v2\/wp-content\/uploads\/2021\/07\/loveitaly-richard-hodges-e1648711377125.jpg","width":1668,"height":1893},{"@type":"BreadcrumbList","@id":"https:\/\/loveitaly.org\/it\/chi-siamo\/consiglio-di-amministrazione-e-staff\/#breadcrumb","itemListElement":[{"@type":"ListItem","position":1,"name":"Home","item":"https:\/\/loveitaly.org\/it\/"},{"@type":"ListItem","position":2,"name":"Chi siamo","item":"https:\/\/loveitaly.org\/it\/chi-siamo\/"},{"@type":"ListItem","position":3,"name":"Governance"}]},{"@type":"WebSite","@id":"https:\/\/loveitaly.org\/it\/#website","url":"https:\/\/loveitaly.org\/it\/","name":"Love Italy","description":"Spread the love","publisher":{"@id":"https:\/\/loveitaly.org\/it\/#organization"},"potentialAction":[{"@type":"SearchAction","target":{"@type":"EntryPoint","urlTemplate":"https:\/\/loveitaly.org\/it\/?s={search_term_string}"},"query-input":{"@type":"PropertyValueSpecification","valueRequired":true,"valueName":"search_term_string"}}],"inLanguage":"it-IT"},{"@type":"Organization","@id":"https:\/\/loveitaly.org\/it\/#organization","name":"LoveItaly","url":"https:\/\/loveitaly.org\/it\/","logo":{"@type":"ImageObject","inLanguage":"it-IT","@id":"https:\/\/loveitaly.org\/it\/#\/schema\/logo\/image\/","url":"https:\/\/loveitaly.org\/v2\/wp-content\/uploads\/2021\/02\/loveitaly-logo.png","contentUrl":"https:\/\/loveitaly.org\/v2\/wp-content\/uploads\/2021\/02\/loveitaly-logo.png","width":300,"height":91,"caption":"LoveItaly"},"image":{"@id":"https:\/\/loveitaly.org\/it\/#\/schema\/logo\/image\/"}}]}},"_links":{"self":[{"href":"https:\/\/loveitaly.org\/it\/wp-json\/wp\/v2\/pages\/9492","targetHints":{"allow":["GET"]}}],"collection":[{"href":"https:\/\/loveitaly.org\/it\/wp-json\/wp\/v2\/pages"}],"about":[{"href":"https:\/\/loveitaly.org\/it\/wp-json\/wp\/v2\/types\/page"}],"author":[{"embeddable":true,"href":"https:\/\/loveitaly.org\/it\/wp-json\/wp\/v2\/users\/1"}],"replies":[{"embeddable":true,"href":"https:\/\/loveitaly.org\/it\/wp-json\/wp\/v2\/comments?post=9492"}],"version-history":[{"count":5,"href":"https:\/\/loveitaly.org\/it\/wp-json\/wp\/v2\/pages\/9492\/revisions"}],"predecessor-version":[{"id":15064,"href":"https:\/\/loveitaly.org\/it\/wp-json\/wp\/v2\/pages\/9492\/revisions\/15064"}],"up":[{"embeddable":true,"href":"https:\/\/loveitaly.org\/it\/wp-json\/wp\/v2\/pages\/9479"}],"wp:featuredmedia":[{"embeddable":true,"href":"https:\/\/loveitaly.org\/it\/wp-json\/wp\/v2\/media\/10874"}],"wp:attachment":[{"href":"https:\/\/loveitaly.org\/it\/wp-json\/wp\/v2\/media?parent=9492"}],"curies":[{"name":"wp","href":"https:\/\/api.w.org\/{rel}","templated":true}]}}